{"id":4054001,"date":"2025-06-10T17:37:27","date_gmt":"2025-06-10T15:37:27","guid":{"rendered":"https:\/\/cnm.fr\/?post_type=mini-site&#038;p=4054001"},"modified":"2026-01-22T11:47:05","modified_gmt":"2026-01-22T10:47:05","slug":"innovation","status":"publish","type":"mini-site","link":"https:\/\/cnm.fr\/en\/focus\/innovation\/","title":{"rendered":"Innovation"},"content":{"rendered":"<div class=\"alignfull wp-block-cnm-cnm-intro\">\r\n\r\n    <div class=\"wp-block-columns cnm-intro__hr\">\r\n        <div class=\"wp-block-column\">\r\n            <hr class=\"wp-block-separator has-alpha-channel-opacity is-style-wide\" \/>\r\n        <\/div>\r\n        <div class=\"wp-block-column\">\r\n            <hr class=\"wp-block-separator has-alpha-channel-opacity is-style-wide\" \/>\r\n        <\/div>\r\n    <\/div>\r\n\r\n    <div class=\"is-layout-flex wp-block-columns cnm-intro__columns\">\r\n\r\n        <div class=\"wp-block-column is-layout-flow \">\r\n\r\n            \r\n            <div class=\"cnm-intro__thumb\">\r\n                                                                <\/div>\r\n        <\/div>\r\n        <div class=\"wp-block-column is-layout-flow \">\r\n            <div class=\"cnm-intro__content\">\r\n                \n<h3 class=\"wp-block-heading\">Le Centre national de la musique soutient activement le d\u00e9veloppement de solutions innovantes en accompagnant les projets les plus prometteurs. Le CNM encourage et accompagne l\u2019exp\u00e9rimentation et l\u2019adaptation aux mutations technologiques aupr\u00e8s de tous les acteurs de la fili\u00e8re.&nbsp;<\/h3>\n            <\/div>\r\n        <\/div>\r\n        <div class=\"wp-block-column is-layout-flow \">\r\n                    <\/div>\r\n    <\/div>\r\n<\/div>\n\n\n<div class=\"wp-block-columns is-layout-flex wp-container-core-columns-is-layout-28f84493 wp-block-columns-is-layout-flex\">\n<div class=\"wp-block-column is-layout-flow wp-block-column-is-layout-flow\" style=\"flex-basis:80%\">\n<div style=\"height:1rem\" aria-hidden=\"true\" class=\"wp-block-spacer\"><\/div>\n\n\n\n<hr class=\"wp-block-separator has-css-opacity is-style-wide\"\/>\n\n\n\n<div style=\"height:1rem\" aria-hidden=\"true\" class=\"wp-block-spacer\"><\/div>\n\n\n<div class=\"cnm-sommaire\">\r\n    <div class=\"cnm-sommaire__title\">SOMMAIRE<\/div>\r\n    <div class=\"cnm-sommaire__list\">\r\n        <ul>\r\n                                            <li>\r\n                    <a \r\n                        href=\"#cnm-ancre-veille\"\r\n                        lang=''                    >\r\n                        Veille <i class=\"cnm-icon-ArrowBottom\"><\/i>\r\n                    <\/a>\r\n                <\/li>\r\n\r\n                                            <li>\r\n                    <a \r\n                        href=\"#cnm-ancre-programme-daide-a-linnovation\"\r\n                        lang=''                    >\r\n                        Programme d&#8217;aide \u00e0 l&#8217;innovation <i class=\"cnm-icon-ArrowBottom\"><\/i>\r\n                    <\/a>\r\n                <\/li>\r\n\r\n                                            <li>\r\n                    <a \r\n                        href=\"#cnm-ancre-accompagnement\"\r\n                        lang=''                    >\r\n                        Accompagnement <i class=\"cnm-icon-ArrowBottom\"><\/i>\r\n                    <\/a>\r\n                <\/li>\r\n\r\n                                            <li>\r\n                    <a \r\n                        href=\"#cnm-ancre-prix-de-linnovation\"\r\n                        lang=''                    >\r\n                        Prix de l&#8217;innovation <i class=\"cnm-icon-ArrowBottom\"><\/i>\r\n                    <\/a>\r\n                <\/li>\r\n\r\n                                            <li>\r\n                    <a \r\n                        href=\"#cnm-ancre-les-rencontres-de-linnovation-et-des-transitions-dans-la-musique-ritm\"\r\n                        lang=''                    >\r\n                        Les Rencontres de l\u2019innovation et des transitions dans la musique (RITM) <i class=\"cnm-icon-ArrowBottom\"><\/i>\r\n                    <\/a>\r\n                <\/li>\r\n\r\n                                            <li>\r\n                    <a \r\n                        href=\"#cnm-ancre-ressources-cnm\"\r\n                        lang=''                    >\r\n                        Ressources CNM <i class=\"cnm-icon-ArrowBottom\"><\/i>\r\n                    <\/a>\r\n                <\/li>\r\n\r\n                                            <li>\r\n                    <a \r\n                        href=\"#cnm-ancre-agenda\"\r\n                        lang=''                    >\r\n                        Agenda <i class=\"cnm-icon-ArrowBottom\"><\/i>\r\n                    <\/a>\r\n                <\/li>\r\n\r\n                                            <li>\r\n                    <a \r\n                        href=\"#cnm-ancre-ressources-externes\"\r\n                        lang=''                    >\r\n                        Ressources externes <i class=\"cnm-icon-ArrowBottom\"><\/i>\r\n                    <\/a>\r\n                <\/li>\r\n\r\n                    <\/ul>\r\n    <\/div>\r\n<\/div><\/div>\n\n\n\n<div class=\"wp-block-column is-layout-flow wp-block-column-is-layout-flow\" style=\"flex-basis:5%\">\n<div style=\"height:1rem\" aria-hidden=\"true\" class=\"wp-block-spacer\"><\/div>\n\n\n\n<hr class=\"wp-block-separator has-css-opacity is-style-wide\"\/>\n\n\n\n<div style=\"height:1rem\" aria-hidden=\"true\" class=\"wp-block-spacer\"><\/div>\n<\/div>\n<\/div>\n\n\n\n<div class=\"wp-block-columns alignfull is-layout-flex wp-container-core-columns-is-layout-4717f0d8 wp-block-columns-is-layout-flex\" style=\"padding-right:2%;padding-left:2%\">\n<div class=\"wp-block-column is-vertically-aligned-stretch is-layout-flow wp-container-core-column-is-layout-a2940921 wp-block-column-is-layout-flow\" style=\"padding-right:0;padding-left:0;flex-basis:20%\">\n<div style=\"height:16px\" aria-hidden=\"true\" class=\"wp-block-spacer\"><\/div>\n\n\n\n<hr class=\"wp-block-separator has-css-opacity is-style-wide\"\/>\n\n\n\n<div style=\"height:1rem\" aria-hidden=\"true\" class=\"wp-block-spacer\"><\/div>\n\n\n\n<div class=\"wp-block-cnm-cnm-ancre\"><div id=\"cnm-ancre-veille\" class=\"cnm-ancre\"><\/div><\/div>\n\n\n\n<h2 class=\"wp-block-heading\">Veille<\/h2>\n\n\n\r\n\r\n\r\n\r\n    \r\n    \r\n    \r\n        <div class=\"cnm-list\"\r\n            data-arrow-color=\"\">\r\n\r\n                            \n<div \nclass=\"wp-block-cnm-cnm-card wp-block-cnm-cnm-card--revue-web\" \n>\n    <a rel=\"noopener noreferrer\" \n    href=\"https:\/\/sfa-cgt.fr\/sites\/default\/files\/2026-04-22_-_lettre_ouverte_ppl_presomption_usage_ia.pdf\" \n    title=\"Inscriptions pour la formation Face aux dangers de l\u0092IA g\u00e9n\u00e9rative, les artistes interpr\u00e8tes ont besoin de protections fortes\" \n    class=\"cnm-card__link\" \n    target=\"_blank\"\n    >      \n        <div class=\"cnm-card__thumb\"><img decoding=\"async\" width=\"768\" height=\"512\" src=\"https:\/\/cnm.fr\/wp-content\/uploads\/2025\/06\/guillaume-techer-VgkJXBAm4_8-unsplash-768x512.jpg\" class=\"attachment-medium_large size-medium_large not-transparent wp-post-image\" alt=\"\" srcset=\"https:\/\/cnm.fr\/wp-content\/uploads\/2025\/06\/guillaume-techer-VgkJXBAm4_8-unsplash-768x512.jpg 768w, https:\/\/cnm.fr\/wp-content\/uploads\/2025\/06\/guillaume-techer-VgkJXBAm4_8-unsplash-300x200.jpg 300w, https:\/\/cnm.fr\/wp-content\/uploads\/2025\/06\/guillaume-techer-VgkJXBAm4_8-unsplash-1024x683.jpg 1024w, https:\/\/cnm.fr\/wp-content\/uploads\/2025\/06\/guillaume-techer-VgkJXBAm4_8-unsplash-1536x1024.jpg 1536w, https:\/\/cnm.fr\/wp-content\/uploads\/2025\/06\/guillaume-techer-VgkJXBAm4_8-unsplash.jpg 1920w\" sizes=\"(max-width: 768px) 100vw, 768px\" data-has-transparency=\"false\" data-dominant-color=\"16203a\" style=\"--dominant-color: #16203a;\" \/><\/div>\n        <div class=\"cnm-card__content\">\n\n                        <div class=\"cnm-card__content__tag\">\n                sfa-cgt.fr            <\/div>\n            \n            <div class=\"cnm-card__content__surtitle\">   \n                            <\/div>\n\n            <div class=\"cnm-card__content__title\">\n                Face aux dangers de l\u0092IA g\u00e9n\u00e9rative, les artistes interpr\u00e8tes ont besoin de protections fortes            <\/div>\n            \n                        \n                            <div class=\"cnm-card__content__foot\">\n                    <span>Communiqu\u00e9 \/ Tribune<\/span>                    <span>Acc\u00e8s restreint<\/span><\/span>\n                                    <\/div>\n                    \n        <\/div>\n            <\/a>\n<\/div>                            \n<div \nclass=\"wp-block-cnm-cnm-card wp-block-cnm-cnm-card--revue-web\" \n>\n    <a rel=\"noopener noreferrer\" \n    href=\"https:\/\/www.lesinrocks.com\/musique\/willylancien-sur-skyrock-ai-killed-the-radio-star-694553-24-04-2026\/\" \n    title=\"Inscriptions pour la formation Apr\u00e8s avoir envahi le streaming, les artistes IA d\u00e9barquent \u00e0 la radio\" \n    class=\"cnm-card__link\" \n    target=\"_blank\"\n    >      \n        <div class=\"cnm-card__thumb\"><img decoding=\"async\" width=\"768\" height=\"512\" src=\"https:\/\/cnm.fr\/wp-content\/uploads\/2025\/06\/guillaume-techer-VgkJXBAm4_8-unsplash-768x512.jpg\" class=\"attachment-medium_large size-medium_large not-transparent wp-post-image\" alt=\"\" srcset=\"https:\/\/cnm.fr\/wp-content\/uploads\/2025\/06\/guillaume-techer-VgkJXBAm4_8-unsplash-768x512.jpg 768w, https:\/\/cnm.fr\/wp-content\/uploads\/2025\/06\/guillaume-techer-VgkJXBAm4_8-unsplash-300x200.jpg 300w, https:\/\/cnm.fr\/wp-content\/uploads\/2025\/06\/guillaume-techer-VgkJXBAm4_8-unsplash-1024x683.jpg 1024w, https:\/\/cnm.fr\/wp-content\/uploads\/2025\/06\/guillaume-techer-VgkJXBAm4_8-unsplash-1536x1024.jpg 1536w, https:\/\/cnm.fr\/wp-content\/uploads\/2025\/06\/guillaume-techer-VgkJXBAm4_8-unsplash.jpg 1920w\" sizes=\"(max-width: 768px) 100vw, 768px\" data-has-transparency=\"false\" data-dominant-color=\"16203a\" style=\"--dominant-color: #16203a;\" \/><\/div>\n        <div class=\"cnm-card__content\">\n\n                        <div class=\"cnm-card__content__tag\">\n                Les Inrocks            <\/div>\n            \n            <div class=\"cnm-card__content__surtitle\">   \n                            <\/div>\n\n            <div class=\"cnm-card__content__title\">\n                Apr\u00e8s avoir envahi le streaming, les artistes IA d\u00e9barquent \u00e0 la radio            <\/div>\n            \n                        \n                            <div class=\"cnm-card__content__foot\">\n                    <span>Article \/ Interview<\/span>                    <span>Acc\u00e8s restreint<\/span><\/span>\n                                    <\/div>\n                    \n        <\/div>\n            <\/a>\n<\/div>                            \n<div \nclass=\"wp-block-cnm-cnm-card wp-block-cnm-cnm-card--revue-web\" \n>\n    <a rel=\"noopener noreferrer\" \n    href=\"https:\/\/www.lesechos.fr\/idees-debats\/sciences-prospective\/evy-lintelligence-artificielle-qui-cree-de-la-musique-sans-en-avoir-jamais-ecoute-2227513\" \n    title=\"Inscriptions pour la formation Evy, l'intelligence artificielle qui cr\u00e9e de la musique sans en avoir jamais \u00e9cout\u00e9\" \n    class=\"cnm-card__link\" \n    target=\"_blank\"\n    >      \n        <div class=\"cnm-card__thumb\"><img decoding=\"async\" width=\"768\" height=\"512\" src=\"https:\/\/cnm.fr\/wp-content\/uploads\/2025\/06\/guillaume-techer-VgkJXBAm4_8-unsplash-768x512.jpg\" class=\"attachment-medium_large size-medium_large not-transparent wp-post-image\" alt=\"\" srcset=\"https:\/\/cnm.fr\/wp-content\/uploads\/2025\/06\/guillaume-techer-VgkJXBAm4_8-unsplash-768x512.jpg 768w, https:\/\/cnm.fr\/wp-content\/uploads\/2025\/06\/guillaume-techer-VgkJXBAm4_8-unsplash-300x200.jpg 300w, https:\/\/cnm.fr\/wp-content\/uploads\/2025\/06\/guillaume-techer-VgkJXBAm4_8-unsplash-1024x683.jpg 1024w, https:\/\/cnm.fr\/wp-content\/uploads\/2025\/06\/guillaume-techer-VgkJXBAm4_8-unsplash-1536x1024.jpg 1536w, https:\/\/cnm.fr\/wp-content\/uploads\/2025\/06\/guillaume-techer-VgkJXBAm4_8-unsplash.jpg 1920w\" sizes=\"(max-width: 768px) 100vw, 768px\" data-has-transparency=\"false\" data-dominant-color=\"16203a\" style=\"--dominant-color: #16203a;\" \/><\/div>\n        <div class=\"cnm-card__content\">\n\n                        <div class=\"cnm-card__content__tag\">\n                www.lesechos.fr            <\/div>\n            \n            <div class=\"cnm-card__content__surtitle\">   \n                            <\/div>\n\n            <div class=\"cnm-card__content__title\">\n                Evy, l&#8217;intelligence artificielle qui cr\u00e9e de la musique sans en avoir jamais \u00e9cout\u00e9            <\/div>\n            \n                        \n                            <div class=\"cnm-card__content__foot\">\n                    <span>Article \/ Interview<\/span>                    <span>Acc\u00e8s restreint<\/span><\/span>\n                                    <\/div>\n                    \n        <\/div>\n            <\/a>\n<\/div>                            \n<div \nclass=\"wp-block-cnm-cnm-card wp-block-cnm-cnm-card--revue-web\" \n>\n    <a rel=\"noopener noreferrer\" \n    href=\"https:\/\/la1ere.franceinfo.fr\/nouvellecaledonie\/video-comment-le-monde-de-la-musique-compose-avec-l-intelligence-artificielle-en-nouvelle-caledonie-1692428.html\" \n    title=\"Inscriptions pour la formation Nouvelle-Cal\u00e9donie - Comment le monde de la musique compose avec l'IA\" \n    class=\"cnm-card__link\" \n    target=\"_blank\"\n    >      \n        <div class=\"cnm-card__thumb\"><img decoding=\"async\" width=\"768\" height=\"512\" src=\"https:\/\/cnm.fr\/wp-content\/uploads\/2025\/06\/guillaume-techer-VgkJXBAm4_8-unsplash-768x512.jpg\" class=\"attachment-medium_large size-medium_large not-transparent wp-post-image\" alt=\"\" srcset=\"https:\/\/cnm.fr\/wp-content\/uploads\/2025\/06\/guillaume-techer-VgkJXBAm4_8-unsplash-768x512.jpg 768w, https:\/\/cnm.fr\/wp-content\/uploads\/2025\/06\/guillaume-techer-VgkJXBAm4_8-unsplash-300x200.jpg 300w, https:\/\/cnm.fr\/wp-content\/uploads\/2025\/06\/guillaume-techer-VgkJXBAm4_8-unsplash-1024x683.jpg 1024w, https:\/\/cnm.fr\/wp-content\/uploads\/2025\/06\/guillaume-techer-VgkJXBAm4_8-unsplash-1536x1024.jpg 1536w, https:\/\/cnm.fr\/wp-content\/uploads\/2025\/06\/guillaume-techer-VgkJXBAm4_8-unsplash.jpg 1920w\" sizes=\"(max-width: 768px) 100vw, 768px\" data-has-transparency=\"false\" data-dominant-color=\"16203a\" style=\"--dominant-color: #16203a;\" \/><\/div>\n        <div class=\"cnm-card__content\">\n\n                        <div class=\"cnm-card__content__tag\">\n                Nouvelle-Cal\u00e9donie La 1\u00e8re            <\/div>\n            \n            <div class=\"cnm-card__content__surtitle\">   \n                            <\/div>\n\n            <div class=\"cnm-card__content__title\">\n                Nouvelle-Cal\u00e9donie &#8211; Comment le monde de la musique compose avec l&#8217;IA            <\/div>\n            \n                        \n                            <div class=\"cnm-card__content__foot\">\n                    <span>Article \/ Interview<\/span>                    <span>Acc\u00e8s restreint<\/span><\/span>\n                                    <\/div>\n                    \n        <\/div>\n            <\/a>\n<\/div>                            \n<div \nclass=\"wp-block-cnm-cnm-card wp-block-cnm-cnm-card--revue-web\" \n>\n    <a rel=\"noopener noreferrer\" \n    href=\"https:\/\/venturebeat.com\/business\/how-ai-music-tools-are-changing-audio-production\" \n    title=\"Inscriptions pour la formation Comment les outils musicaux d'IA transforment la production audio\" \n    class=\"cnm-card__link\" \n    target=\"_blank\"\n    >      \n        <div class=\"cnm-card__thumb\"><img decoding=\"async\" width=\"768\" height=\"512\" src=\"https:\/\/cnm.fr\/wp-content\/uploads\/2025\/06\/guillaume-techer-VgkJXBAm4_8-unsplash-768x512.jpg\" class=\"attachment-medium_large size-medium_large not-transparent wp-post-image\" alt=\"\" srcset=\"https:\/\/cnm.fr\/wp-content\/uploads\/2025\/06\/guillaume-techer-VgkJXBAm4_8-unsplash-768x512.jpg 768w, https:\/\/cnm.fr\/wp-content\/uploads\/2025\/06\/guillaume-techer-VgkJXBAm4_8-unsplash-300x200.jpg 300w, https:\/\/cnm.fr\/wp-content\/uploads\/2025\/06\/guillaume-techer-VgkJXBAm4_8-unsplash-1024x683.jpg 1024w, https:\/\/cnm.fr\/wp-content\/uploads\/2025\/06\/guillaume-techer-VgkJXBAm4_8-unsplash-1536x1024.jpg 1536w, https:\/\/cnm.fr\/wp-content\/uploads\/2025\/06\/guillaume-techer-VgkJXBAm4_8-unsplash.jpg 1920w\" sizes=\"(max-width: 768px) 100vw, 768px\" data-has-transparency=\"false\" data-dominant-color=\"16203a\" style=\"--dominant-color: #16203a;\" \/><\/div>\n        <div class=\"cnm-card__content\">\n\n                        <div class=\"cnm-card__content__tag\">\n                venturebeat.com            <\/div>\n            \n            <div class=\"cnm-card__content__surtitle\">   \n                            <\/div>\n\n            <div class=\"cnm-card__content__title\">\n                Comment les outils musicaux d&#8217;IA transforment la production audio            <\/div>\n            \n                        \n                            <div class=\"cnm-card__content__foot\">\n                    <span>Article \/ Interview<\/span>                    <span>Acc\u00e8s restreint<\/span><\/span>\n                    <span>EN<\/span>                <\/div>\n                    \n        <\/div>\n            <\/a>\n<\/div>                            \n<div \nclass=\"wp-block-cnm-cnm-card wp-block-cnm-cnm-card--revue-web\" \n>\n    <a rel=\"noopener noreferrer\" \n    href=\"https:\/\/www.billboard.com\/pro\/spotify-launches-ai-credits-music\/\" \n    title=\"Inscriptions pour la formation Spotify lance les \u00ab AI Credits \u00bb : les artistes peuvent d\u00e9sormais indiquer l'utilisation de l'IA dans leurs morceaux\" \n    class=\"cnm-card__link\" \n    target=\"_blank\"\n    >      \n        <div class=\"cnm-card__thumb\"><img decoding=\"async\" width=\"768\" height=\"512\" src=\"https:\/\/cnm.fr\/wp-content\/uploads\/2025\/06\/guillaume-techer-VgkJXBAm4_8-unsplash-768x512.jpg\" class=\"attachment-medium_large size-medium_large not-transparent wp-post-image\" alt=\"\" srcset=\"https:\/\/cnm.fr\/wp-content\/uploads\/2025\/06\/guillaume-techer-VgkJXBAm4_8-unsplash-768x512.jpg 768w, https:\/\/cnm.fr\/wp-content\/uploads\/2025\/06\/guillaume-techer-VgkJXBAm4_8-unsplash-300x200.jpg 300w, https:\/\/cnm.fr\/wp-content\/uploads\/2025\/06\/guillaume-techer-VgkJXBAm4_8-unsplash-1024x683.jpg 1024w, https:\/\/cnm.fr\/wp-content\/uploads\/2025\/06\/guillaume-techer-VgkJXBAm4_8-unsplash-1536x1024.jpg 1536w, https:\/\/cnm.fr\/wp-content\/uploads\/2025\/06\/guillaume-techer-VgkJXBAm4_8-unsplash.jpg 1920w\" sizes=\"(max-width: 768px) 100vw, 768px\" data-has-transparency=\"false\" data-dominant-color=\"16203a\" style=\"--dominant-color: #16203a;\" \/><\/div>\n        <div class=\"cnm-card__content\">\n\n                        <div class=\"cnm-card__content__tag\">\n                Billboard            <\/div>\n            \n            <div class=\"cnm-card__content__surtitle\">   \n                21 April 2026            <\/div>\n\n            <div class=\"cnm-card__content__title\">\n                Spotify lance les \u00ab AI Credits \u00bb : les artistes peuvent d\u00e9sormais indiquer l&#8217;utilisation de l&#8217;IA dans leurs morceaux            <\/div>\n            \n                        \n                            <div class=\"cnm-card__content__foot\">\n                    <span>Article \/ Interview<\/span>                    <span>Acc\u00e8s restreint<\/span><\/span>\n                    <span>EN<\/span>                <\/div>\n                    \n        <\/div>\n            <\/a>\n<\/div>                            \n<div \nclass=\"wp-block-cnm-cnm-card wp-block-cnm-cnm-card--revue-web\" \n>\n    <a rel=\"noopener noreferrer\" \n    href=\"https:\/\/www.billboard.com\/pro\/apple-music-exec-talks-ai-billboard-on-the-record\/\" \n    title=\"Inscriptions pour la formation Un responsable d'Apple Music s'exprime sur l'IA : \u00ab J'ai vraiment besoin que les fournisseurs de contenu et les maisons de disques prennent leurs responsabilit\u00e9s \u00bb\" \n    class=\"cnm-card__link\" \n    target=\"_blank\"\n    >      \n        <div class=\"cnm-card__thumb\"><img decoding=\"async\" width=\"768\" height=\"512\" src=\"https:\/\/cnm.fr\/wp-content\/uploads\/2025\/06\/guillaume-techer-VgkJXBAm4_8-unsplash-768x512.jpg\" class=\"attachment-medium_large size-medium_large not-transparent wp-post-image\" alt=\"\" srcset=\"https:\/\/cnm.fr\/wp-content\/uploads\/2025\/06\/guillaume-techer-VgkJXBAm4_8-unsplash-768x512.jpg 768w, https:\/\/cnm.fr\/wp-content\/uploads\/2025\/06\/guillaume-techer-VgkJXBAm4_8-unsplash-300x200.jpg 300w, https:\/\/cnm.fr\/wp-content\/uploads\/2025\/06\/guillaume-techer-VgkJXBAm4_8-unsplash-1024x683.jpg 1024w, https:\/\/cnm.fr\/wp-content\/uploads\/2025\/06\/guillaume-techer-VgkJXBAm4_8-unsplash-1536x1024.jpg 1536w, https:\/\/cnm.fr\/wp-content\/uploads\/2025\/06\/guillaume-techer-VgkJXBAm4_8-unsplash.jpg 1920w\" sizes=\"(max-width: 768px) 100vw, 768px\" data-has-transparency=\"false\" data-dominant-color=\"16203a\" style=\"--dominant-color: #16203a;\" \/><\/div>\n        <div class=\"cnm-card__content\">\n\n                        <div class=\"cnm-card__content__tag\">\n                Billboard            <\/div>\n            \n            <div class=\"cnm-card__content__surtitle\">   \n                21 April 2026            <\/div>\n\n            <div class=\"cnm-card__content__title\">\n                Un responsable d&#8217;Apple Music s&#8217;exprime sur l&#8217;IA : \u00ab J&#8217;ai vraiment besoin que les fournisseurs de contenu et les maisons de disques prennent leurs responsabilit\u00e9s \u00bb            <\/div>\n            \n                        \n                            <div class=\"cnm-card__content__foot\">\n                    <span>Article \/ Interview<\/span>                    <span>Acc\u00e8s restreint<\/span><\/span>\n                    <span>EN<\/span>                <\/div>\n                    \n        <\/div>\n            <\/a>\n<\/div>                            \n<div \nclass=\"wp-block-cnm-cnm-card wp-block-cnm-cnm-card--revue-web\" \n>\n    <a rel=\"noopener noreferrer\" \n    href=\"https:\/\/newsroom-deezer.com\/2026\/04\/ai-generated-tracks-represent-44-of-new-uploaded-music\/\" \n    title=\"Inscriptions pour la formation Sur Deezer, 75 000 morceaux g\u00e9n\u00e9r\u00e9s par IA sont mis en ligne chaque jour, soit 44% des livraisons\" \n    class=\"cnm-card__link\" \n    target=\"_blank\"\n    >      \n        <div class=\"cnm-card__thumb\"><img decoding=\"async\" width=\"768\" height=\"512\" src=\"https:\/\/cnm.fr\/wp-content\/uploads\/2025\/06\/guillaume-techer-VgkJXBAm4_8-unsplash-768x512.jpg\" class=\"attachment-medium_large size-medium_large not-transparent wp-post-image\" alt=\"\" srcset=\"https:\/\/cnm.fr\/wp-content\/uploads\/2025\/06\/guillaume-techer-VgkJXBAm4_8-unsplash-768x512.jpg 768w, https:\/\/cnm.fr\/wp-content\/uploads\/2025\/06\/guillaume-techer-VgkJXBAm4_8-unsplash-300x200.jpg 300w, https:\/\/cnm.fr\/wp-content\/uploads\/2025\/06\/guillaume-techer-VgkJXBAm4_8-unsplash-1024x683.jpg 1024w, https:\/\/cnm.fr\/wp-content\/uploads\/2025\/06\/guillaume-techer-VgkJXBAm4_8-unsplash-1536x1024.jpg 1536w, https:\/\/cnm.fr\/wp-content\/uploads\/2025\/06\/guillaume-techer-VgkJXBAm4_8-unsplash.jpg 1920w\" sizes=\"(max-width: 768px) 100vw, 768px\" data-has-transparency=\"false\" data-dominant-color=\"16203a\" style=\"--dominant-color: #16203a;\" \/><\/div>\n        <div class=\"cnm-card__content\">\n\n                        <div class=\"cnm-card__content__tag\">\n                Deezer Newsroom            <\/div>\n            \n            <div class=\"cnm-card__content__surtitle\">   \n                19 April 2026            <\/div>\n\n            <div class=\"cnm-card__content__title\">\n                Sur Deezer, 75 000 morceaux g\u00e9n\u00e9r\u00e9s par IA sont mis en ligne chaque jour, soit 44% des livraisons            <\/div>\n            \n                        \n                            <div class=\"cnm-card__content__foot\">\n                    <span>Article \/ Interview<\/span>                    <span>Acc\u00e8s restreint<\/span><\/span>\n                    <span>EN<\/span>                <\/div>\n                    \n        <\/div>\n            <\/a>\n<\/div>                            \n<div \nclass=\"wp-block-cnm-cnm-card wp-block-cnm-cnm-card--revue-web\" \n>\n    <a rel=\"noopener noreferrer\" \n    href=\"https:\/\/zinstrel.substack.com\/p\/report-81-of-ai-music-isnt-fully\" \n    title=\"Inscriptions pour la formation 81 % de la musique g\u00e9n\u00e9r\u00e9e par l'IA n'est pas enti\u00e8rement produite par l'IA\" \n    class=\"cnm-card__link\" \n    target=\"_blank\"\n    >      \n        <div class=\"cnm-card__thumb\"><img decoding=\"async\" width=\"768\" height=\"512\" src=\"https:\/\/cnm.fr\/wp-content\/uploads\/2025\/06\/guillaume-techer-VgkJXBAm4_8-unsplash-768x512.jpg\" class=\"attachment-medium_large size-medium_large not-transparent wp-post-image\" alt=\"\" srcset=\"https:\/\/cnm.fr\/wp-content\/uploads\/2025\/06\/guillaume-techer-VgkJXBAm4_8-unsplash-768x512.jpg 768w, https:\/\/cnm.fr\/wp-content\/uploads\/2025\/06\/guillaume-techer-VgkJXBAm4_8-unsplash-300x200.jpg 300w, https:\/\/cnm.fr\/wp-content\/uploads\/2025\/06\/guillaume-techer-VgkJXBAm4_8-unsplash-1024x683.jpg 1024w, https:\/\/cnm.fr\/wp-content\/uploads\/2025\/06\/guillaume-techer-VgkJXBAm4_8-unsplash-1536x1024.jpg 1536w, https:\/\/cnm.fr\/wp-content\/uploads\/2025\/06\/guillaume-techer-VgkJXBAm4_8-unsplash.jpg 1920w\" sizes=\"(max-width: 768px) 100vw, 768px\" data-has-transparency=\"false\" data-dominant-color=\"16203a\" style=\"--dominant-color: #16203a;\" \/><\/div>\n        <div class=\"cnm-card__content\">\n\n                        <div class=\"cnm-card__content__tag\">\n                zinstrel.substack.com            <\/div>\n            \n            <div class=\"cnm-card__content__surtitle\">   \n                19 April 2026            <\/div>\n\n            <div class=\"cnm-card__content__title\">\n                81 % de la musique g\u00e9n\u00e9r\u00e9e par l&#8217;IA n&#8217;est pas enti\u00e8rement produite par l&#8217;IA            <\/div>\n            \n                        \n                            <div class=\"cnm-card__content__foot\">\n                    <span>Article \/ Interview<\/span>                    <span>Acc\u00e8s restreint<\/span><\/span>\n                    <span>EN<\/span>                <\/div>\n                    \n        <\/div>\n            <\/a>\n<\/div>                            \n<div \nclass=\"wp-block-cnm-cnm-card wp-block-cnm-cnm-card--revue-web\" \n>\n    <a rel=\"noopener noreferrer\" \n    href=\"https:\/\/usbeketrica.com\/fr\/article\/ia-ce-que-contient-le-projet-de-loi-anti-pillage-qui-vise-a-proteger-les-oeuvres-des-artistes\" \n    title=\"Inscriptions pour la formation IA : ce que contient le projet de loi \u00ab anti-pillage \u00bb qui vise \u00e0 prot\u00e9ger les \u009cuvres des artistes\" \n    class=\"cnm-card__link\" \n    target=\"_blank\"\n    >      \n        <div class=\"cnm-card__thumb\"><img decoding=\"async\" width=\"768\" height=\"512\" src=\"https:\/\/cnm.fr\/wp-content\/uploads\/2025\/06\/guillaume-techer-VgkJXBAm4_8-unsplash-768x512.jpg\" class=\"attachment-medium_large size-medium_large not-transparent wp-post-image\" alt=\"\" srcset=\"https:\/\/cnm.fr\/wp-content\/uploads\/2025\/06\/guillaume-techer-VgkJXBAm4_8-unsplash-768x512.jpg 768w, https:\/\/cnm.fr\/wp-content\/uploads\/2025\/06\/guillaume-techer-VgkJXBAm4_8-unsplash-300x200.jpg 300w, https:\/\/cnm.fr\/wp-content\/uploads\/2025\/06\/guillaume-techer-VgkJXBAm4_8-unsplash-1024x683.jpg 1024w, https:\/\/cnm.fr\/wp-content\/uploads\/2025\/06\/guillaume-techer-VgkJXBAm4_8-unsplash-1536x1024.jpg 1536w, https:\/\/cnm.fr\/wp-content\/uploads\/2025\/06\/guillaume-techer-VgkJXBAm4_8-unsplash.jpg 1920w\" sizes=\"(max-width: 768px) 100vw, 768px\" data-has-transparency=\"false\" data-dominant-color=\"16203a\" style=\"--dominant-color: #16203a;\" \/><\/div>\n        <div class=\"cnm-card__content\">\n\n                        <div class=\"cnm-card__content__tag\">\n                usbeketrica.com            <\/div>\n            \n            <div class=\"cnm-card__content__surtitle\">   \n                            <\/div>\n\n            <div class=\"cnm-card__content__title\">\n                IA : ce que contient le projet de loi \u00ab anti-pillage \u00bb qui vise \u00e0 prot\u00e9ger les \u009cuvres des artistes            <\/div>\n            \n                        \n                            <div class=\"cnm-card__content__foot\">\n                    <span>Article \/ Interview<\/span>                    <span>Acc\u00e8s restreint<\/span><\/span>\n                                    <\/div>\n                    \n        <\/div>\n            <\/a>\n<\/div>            \r\n        <\/div>\r\n\r\n        <div class=\"cnm-pagination\"><span aria-current=\"page\" class=\"page-numbers current\">1<\/span><a class=\"page-numbers\" href=\"\/en\/wp-json\/wp\/v2\/mini-site\/4054001?rwOffset=10\">2<\/a><a class=\"page-numbers\" href=\"\/en\/wp-json\/wp\/v2\/mini-site\/4054001?rwOffset=20\">3<\/a><span class=\"page-numbers dots\">\u2026<\/span><a class=\"page-numbers\" href=\"\/en\/wp-json\/wp\/v2\/mini-site\/4054001?rwOffset=150\">16<\/a><a class=\"next page-numbers\" href=\"\/en\/wp-json\/wp\/v2\/mini-site\/4054001?rwOffset=10\"><i class=\"cnm-icon-ArrowRight\"><\/i><\/a><\/div>\r\n    \r\n    <\/div>\n\n\n\n<div class=\"wp-block-column is-layout-constrained wp-container-core-column-is-layout-4823f015 wp-block-column-is-layout-constrained\" style=\"padding-top:0;padding-right:0rem;padding-bottom:0;padding-left:0;flex-basis:70%\">\n<div style=\"height:16px\" aria-hidden=\"true\" class=\"wp-block-spacer\"><\/div>\n\n\n\n<hr class=\"wp-block-separator has-css-opacity is-style-wide\"\/>\n\n\n\n<div style=\"height:16px\" aria-hidden=\"true\" class=\"wp-block-spacer\"><\/div>\n\n\n\n<div class=\"wp-block-group is-nowrap is-layout-flex wp-container-core-group-is-layout-498be23d wp-block-group-is-layout-flex\">\n<div class=\"wp-block-group is-vertical is-content-justification-left is-nowrap is-layout-flex wp-container-core-group-is-layout-970da055 wp-block-group-is-layout-flex\">\n<div class=\"wp-block-cnm-cnm-ancre\"><div id=\"cnm-ancre-programme-daide-a-linnovation\" class=\"cnm-ancre\"><\/div><\/div>\n\n\n\n<h2 class=\"wp-block-heading\">Programme d&#8217;aide \u00e0 l&#8217;innovation<\/h2>\n\n\n\n<div style=\"margin-top:var(--wp--preset--spacing--20);margin-bottom:var(--wp--preset--spacing--20);height:0px\" aria-hidden=\"true\" class=\"wp-block-spacer wp-container-content-5cee9cb3\"><\/div>\n\n\n\n<p>Le programme d\u2019aide \u00e0 l\u2019innovation vise \u00e0 soutenir tout type d\u2019entreprise dans son d\u00e9veloppement, \u00e0 des fins applicatives, de projets d\u2019innovation technologique ou de service, de nature \u00e0 cr\u00e9er de la valeur au b\u00e9n\u00e9fice des professionnels \u0153uvrant dans le champ des activit\u00e9s soutenues par le Centre national de la musique.&nbsp;<\/p>\n\n\n\n<div style=\"margin-top:var(--wp--preset--spacing--30);margin-bottom:var(--wp--preset--spacing--30);height:0px\" aria-hidden=\"true\" class=\"wp-block-spacer wp-container-content-5cee9cb3\"><\/div>\n\n\n\n<p>Le CNM propose deux types d\u2019aide \u00e0 l\u2019innovation\u202f:&nbsp;<\/p>\n\n\n\n<ul class=\"wp-block-list wp-container-content-9cfa9a5a\">\n<li><a href=\"https:\/\/cnm.fr\/aides-financieres\/aide-a-lamorcage\/\">Aide \u00e0 l&#8217;amor\u00e7age<\/a><\/li>\n\n\n\n<li><a href=\"https:\/\/cnm.fr\/aides-financieres\/aide-a-lacceleration\/\">Aide \u00e0 l&#8217;acc\u00e9l\u00e9ration<\/a><\/li>\n<\/ul>\n<\/div>\n\n\n\n<div class=\"wp-block-group is-vertical is-content-justification-left is-nowrap is-layout-flex wp-container-core-group-is-layout-61ceca0c wp-block-group-is-layout-flex\">\n<div class=\"wp-block-cnm-cnm-ancre\"><div id=\"cnm-ancre-accompagnement\" class=\"cnm-ancre\"><\/div><\/div>\n\n\n\n<h2 class=\"wp-block-heading\">Accompagnement<\/h2>\n\n\n\n<div style=\"height:0px\" aria-hidden=\"true\" class=\"wp-block-spacer wp-container-content-5cee9cb3\"><\/div>\n\n\n\n<p>Les rendez-vous conseil Innovation sont destin\u00e9s aux porteurs de projets innovants dans la musique qui souhaitent b\u00e9n\u00e9ficier d\u2019un accompagnement personnalis\u00e9 dans leur d\u00e9veloppement ainsi que d\u2019informations et de ressources sur l\u2019\u00e9cosyst\u00e8me.&nbsp;<\/p>\n\n\n\n<div style=\"height:0px\" aria-hidden=\"true\" class=\"wp-block-spacer wp-container-content-f9bd05ee\"><\/div>\n\n\n\r\n<div class=\"wp-block-cnm-cnm-card has-background has-light-grey-background-color\">\r\n\r\n    <a \r\n        class=\"cnm-card__link cnm-card__link has-background has-light-grey-background-color\"\r\n        href=\"https:\/\/cnm.fr\/information\/conseil-et-orientation\/\"\r\n        title=\"Prendre rendez-vous\"\r\n        target=\"\"\r\n        rel=\"\"\r\n    >\r\n        \r\n                    <div class=\"cnm-card__thumb\"><img decoding=\"async\" width=\"150\" height=\"150\" src=\"https:\/\/cnm.fr\/wp-content\/uploads\/2023\/09\/trent-erwin-UgA3Xvi3SkA-unsplash-150x150.jpg\" class=\"attachment-thumbnail size-thumbnail\" alt=\"\u00a9 Trent Erwin\" \/><\/div>\r\n        \r\n        <div class=\"cnm-card__content\">\r\n                        <div class=\"cnm-card__content__title\">\r\n                Prendre rendez-vous            <\/div>\r\n            \r\n            \r\n                    <\/div>\r\n\r\n        \r\n            <\/a>\r\n\r\n<\/div><\/div>\n<\/div>\n\n\n\n<div style=\"height:16px\" aria-hidden=\"true\" class=\"wp-block-spacer\"><\/div>\n\n\n\n<hr class=\"wp-block-separator has-css-opacity is-style-wide\"\/>\n\n\n\n<div style=\"height:40px\" aria-hidden=\"true\" class=\"wp-block-spacer\"><\/div>\n\n\n\n<div class=\"wp-block-group is-vertical is-content-justification-stretch is-layout-flex wp-container-core-group-is-layout-353c4f5a wp-block-group-is-layout-flex\">\n<div class=\"wp-block-cnm-cnm-ancre\"><div id=\"cnm-ancre-prix-de-linnovation\" class=\"cnm-ancre\"><\/div><\/div>\n\n\n\n<h2 class=\"wp-block-heading\">Prix de l&#8217;innovation<\/h2>\n\n\n\n<div style=\"height:0px\" aria-hidden=\"true\" class=\"wp-block-spacer wp-container-content-5cee9cb3\"><\/div>\n\n\n\n<p>Chaque ann\u00e9e, le CNM r\u00e9compense trois entreprises qui ont \u00e9t\u00e9 accompagn\u00e9es dans son programme d\u2019aide \u00e0 l\u2019innovation et qui ont fait la demande de participer au prix. Les trois laur\u00e9ats b\u00e9n\u00e9ficient d\u2019une dotation financi\u00e8re et d\u2019un accompagnement par le CNM et les partenaires du prix (mentorat, rencontres, r\u00e9seau, formation, conseil).&nbsp;<\/p>\n<\/div>\n\n\n\n<div style=\"height:11px\" aria-hidden=\"true\" class=\"wp-block-spacer\"><\/div>\n\n\n    <div class=\"wp-block-cnm-cnm-bouton\">\n                    <a \n\t\t\thref=\"https:\/\/cnm.fr\/le-prix-de-linnovation\/\" \n\t\t\ttitle=\"En savoir plus\"\n\t\t\tclass=\"cnm-bouton cnm-bouton--bordered\" target=\"_blank\" rel=\"noopener\"\n\t\t\t>\n                <div class=\"cnm-bouton__content\">\n                                        <div class=\"cnm-bouton__title\">En savoir plus<\/div>                                    <\/div>\n                <div class=\"cnm-bouton__icon\"><i class=\"cnm-icon-LinkExternal\"><\/i><\/div>            <\/a>\n        \n        <hr class=\"wp-block-separator has-alpha-channel-opacity is-style-wide\" \/>\n    <\/div>\n    \n\n\n<div style=\"height:40px\" aria-hidden=\"true\" class=\"wp-block-spacer\"><\/div>\n\n\n\n<div class=\"wp-block-group is-vertical is-content-justification-stretch is-layout-flex wp-container-core-group-is-layout-353c4f5a wp-block-group-is-layout-flex\">\n<div class=\"wp-block-cnm-cnm-ancre\"><div id=\"cnm-ancre-les-rencontres-de-linnovation-et-des-transitions-dans-la-musique-ritm\" class=\"cnm-ancre\"><\/div><\/div>\n\n\n\n<h2 class=\"wp-block-heading\">Les Rencontres de l\u2019innovation et des transitions dans la musique (RITM)<\/h2>\n\n\n\n<div style=\"height:0px\" aria-hidden=\"true\" class=\"wp-block-spacer wp-container-content-5cee9cb3\"><\/div>\n\n\n\n<p>Organis\u00e9es chaque ann\u00e9e dans une ville diff\u00e9rente en France, ces rencontres r\u00e9unissent les professionnels de la fili\u00e8re musicale pendant deux jours. Au programme : ateliers, conf\u00e9rences et temps d\u2019\u00e9change autour des innovations technologiques, soci\u00e9tales et environnementales qui transforment le secteur.&nbsp;<\/p>\n\n\n\n<div style=\"height:0px\" aria-hidden=\"true\" class=\"wp-block-spacer wp-container-content-f9bd05ee\"><\/div>\n\n\n\r\n<div class=\"wp-block-cnm-cnm-card has-background has-light-grey-background-color\">\r\n\r\n    <a \r\n        class=\"cnm-card__link cnm-card__link has-background has-light-grey-background-color\"\r\n        href=\"https:\/\/cnm.fr\/evenement\/rencontres-de-linnovation-et-de-la-transition-dans-la-musique-2025\/\"\r\n        title=\"Retrouvez le programme de l'\u00e9dition 2025\"\r\n        target=\"\"\r\n        rel=\"\"\r\n    >\r\n        \r\n                    <div class=\"cnm-card__thumb\"><img decoding=\"async\" width=\"150\" height=\"150\" src=\"https:\/\/cnm.fr\/wp-content\/uploads\/2025\/04\/RITM-CARRE-02.04-150x150.jpg\" class=\"attachment-thumbnail size-thumbnail not-transparent\" alt=\"\" srcset=\"https:\/\/cnm.fr\/wp-content\/uploads\/2025\/04\/RITM-CARRE-02.04-150x150.jpg 150w, https:\/\/cnm.fr\/wp-content\/uploads\/2025\/04\/RITM-CARRE-02.04-300x300.jpg 300w, https:\/\/cnm.fr\/wp-content\/uploads\/2025\/04\/RITM-CARRE-02.04-1024x1024.jpg 1024w, https:\/\/cnm.fr\/wp-content\/uploads\/2025\/04\/RITM-CARRE-02.04-768x768.jpg 768w, https:\/\/cnm.fr\/wp-content\/uploads\/2025\/04\/RITM-CARRE-02.04-1536x1536.jpg 1536w, https:\/\/cnm.fr\/wp-content\/uploads\/2025\/04\/RITM-CARRE-02.04-400x400.jpg 400w, https:\/\/cnm.fr\/wp-content\/uploads\/2025\/04\/RITM-CARRE-02.04-600x600.jpg 600w, https:\/\/cnm.fr\/wp-content\/uploads\/2025\/04\/RITM-CARRE-02.04.jpg 2000w\" sizes=\"(max-width: 150px) 100vw, 150px\" data-has-transparency=\"false\" data-dominant-color=\"dfd8be\" style=\"--dominant-color: #dfd8be;\" \/><\/div>\r\n        \r\n        <div class=\"cnm-card__content\">\r\n                        <div class=\"cnm-card__content__title\">\r\n                Retrouvez le programme de l&#8217;\u00e9dition 2025            <\/div>\r\n            \r\n            \r\n                    <\/div>\r\n\r\n        \r\n            <\/a>\r\n\r\n<\/div><\/div>\n\n\n\n<div style=\"height:16px\" aria-hidden=\"true\" class=\"wp-block-spacer\"><\/div>\n\n\n\n<hr class=\"wp-block-separator has-css-opacity is-style-wide\"\/>\n\n\n\n<div style=\"height:40px\" aria-hidden=\"true\" class=\"wp-block-spacer\"><\/div>\n\n\n\n<div class=\"wp-block-group is-vertical is-content-justification-stretch is-nowrap is-layout-flex wp-container-core-group-is-layout-73b0033c wp-block-group-is-layout-flex\">\n<div class=\"wp-block-cnm-cnm-ancre\"><div id=\"cnm-ancre-ressources-cnm\" class=\"cnm-ancre\"><\/div><\/div>\n\n\n\n<h2 class=\"wp-block-heading\">Ressources CNM<\/h2>\n\n\n\n<div class=\"wp-block-group is-horizontal is-content-justification-left is-nowrap is-layout-flex wp-container-core-group-is-layout-1c0b0d63 wp-block-group-is-layout-flex\" style=\"margin-top:0;margin-bottom:0;padding-top:0;padding-right:var(--wp--preset--spacing--20);padding-bottom:0;padding-left:var(--wp--preset--spacing--20)\">\n<div class=\"wp-block-group is-vertical is-content-justification-left is-layout-flex wp-container-core-group-is-layout-ee16ea4c wp-block-group-is-layout-flex\">\n<div style=\"height:0px\" aria-hidden=\"true\" class=\"wp-block-spacer wp-container-content-f9bd05ee\"><\/div>\n\n\n\n<h3 class=\"wp-block-heading wp-container-content-c1d130ea\">Etudes<\/h3>\n\n\n\n<div style=\"height:0px\" aria-hidden=\"true\" class=\"wp-block-spacer wp-container-content-b0b89ccb\"><\/div>\n\n\n\r\n<div class=\"wp-block-cnm-cnm-card has-background has-light-grey-background-color\">\r\n\r\n    <a \r\n        class=\"cnm-card__link cnm-card__link has-background has-light-grey-background-color\"\r\n        href=\"\"\r\n        title=\"\u00c9tat des lieux et perspectives du d\u00e9ploiement de l\u2019intelligence artificielle dans la fili\u00e8re musicale\"\r\n        target=\"\"\r\n        rel=\"noopener\"\r\n    >\r\n        \r\n                    <div class=\"cnm-card__thumb\"><img decoding=\"async\" width=\"150\" height=\"150\" src=\"https:\/\/cnm.fr\/wp-content\/uploads\/2025\/06\/3459087-150x150.jpg\" class=\"attachment-thumbnail size-thumbnail not-transparent\" alt=\"\" data-has-transparency=\"false\" data-dominant-color=\"221646\" style=\"--dominant-color: #221646;\" \/><\/div>\r\n        \r\n        <div class=\"cnm-card__content\">\r\n                        <div class=\"cnm-card__content__title\">\r\n                \u00c9tat des lieux et perspectives du d\u00e9ploiement de l\u2019intelligence artificielle dans la fili\u00e8re musicale            <\/div>\r\n            \r\n            \r\n                    <\/div>\r\n\r\n        \r\n            <\/a>\r\n\r\n<\/div>\n\n\n<div style=\"margin-top:0;margin-bottom:0;height:0px\" aria-hidden=\"true\" class=\"wp-block-spacer wp-container-content-16d1eb73\"><\/div>\n\n\n\n<p>Retrouvez toutes les \u00e9tudes du CNM <a href=\"https:\/\/cnm.fr\/les-etudes\/\">ici<\/a><\/p>\n<\/div>\n\n\n\n<div class=\"wp-block-group is-vertical is-layout-flex wp-container-core-group-is-layout-e1300cac wp-block-group-is-layout-flex\">\n<div style=\"height:0px\" aria-hidden=\"true\" class=\"wp-block-spacer wp-container-content-f9bd05ee\"><\/div>\n\n\n\n<h3 class=\"wp-block-heading wp-container-content-c1d130ea\">Lexique de l&#8217;innovation dans la musique<\/h3>\n\n\n\n<div style=\"margin-top:0;margin-bottom:0;height:0px\" aria-hidden=\"true\" class=\"wp-block-spacer wp-container-content-b8e8afd0\"><\/div>\n\n\n    <div class=\"wp-block-cnm-cnm-bouton\">\n                    <a \n\t\t\thref=\"https:\/\/cnm.fr\/fiche-pratique\/lexique-de-linnovation-dans-la-musique\/\" \n\t\t\ttitle=\"D\u00e9couvrir\"\n\t\t\tclass=\"cnm-bouton cnm-bouton--bordered\" target=\"_blank\" rel=\"noopener\"\n\t\t\t>\n                <div class=\"cnm-bouton__content\">\n                                        <div class=\"cnm-bouton__title\">D\u00e9couvrir<\/div>                                    <\/div>\n                <div class=\"cnm-bouton__icon\"><i class=\"cnm-icon-LinkExternal\"><\/i><\/div>            <\/a>\n        \n        <hr class=\"wp-block-separator has-alpha-channel-opacity is-style-wide\" \/>\n    <\/div>\n    \n\n\n<div style=\"margin-top:var(--wp--preset--spacing--30);margin-bottom:var(--wp--preset--spacing--30);height:0px\" aria-hidden=\"true\" class=\"wp-block-spacer wp-container-content-d613cd94\"><\/div>\n<\/div>\n\n\n\n<div class=\"wp-block-group is-vertical is-layout-flex wp-container-core-group-is-layout-e1300cac wp-block-group-is-layout-flex\">\n<div style=\"height:0px\" aria-hidden=\"true\" class=\"wp-block-spacer wp-container-content-f9bd05ee\"><\/div>\n\n\n\n<h3 class=\"wp-block-heading wp-container-content-c1d130ea\">Editions<\/h3>\n\n\n\n<p>Retrouvez tous nos ouvrages <a rel=\"noopener noreferrer\" target=\"_blank\" href=\"https:\/\/cnmlab.fr\/publications\/\">ici<\/a><\/p>\n<\/div>\n<\/div>\n<\/div>\n\n\n\n<div style=\"height:16px;width:0px\" aria-hidden=\"true\" class=\"wp-block-spacer\"><\/div>\n\n\n\n<hr class=\"wp-block-separator has-css-opacity is-style-wide\"\/>\n\n\n\n<div style=\"height:40px;width:0px\" aria-hidden=\"true\" class=\"wp-block-spacer\"><\/div>\n\n\n\n<div class=\"wp-block-group is-vertical is-content-justification-stretch is-nowrap is-layout-flex wp-container-core-group-is-layout-8d9dc39a wp-block-group-is-layout-flex\">\n<div class=\"wp-block-cnm-cnm-ancre\"><div id=\"cnm-ancre-agenda\" class=\"cnm-ancre\"><\/div><\/div>\n\n\n\n<h2 class=\"wp-block-heading\">Agenda<\/h2>\n\n\n\n<div \n    class=\"cnm-block-cnm-agenda\"\n    data-wp-interactive=\"cnm-agenda-block\"\n    data-wp-context='{\"isSlick\":true,\"cards\":[{\"complet\":null,\"classes\":\"wp-block-cnm-cnm-card is-style-large has-background has-light-grey-background-color  is-appel-a-projet is-innovation\",\"dateDebutMonth\":\"2026-11\",\"dateDebut\":\"20261125\",\"dateFin\":\"\",\"evenements\":[\"appel-a-projet\"],\"monthName\":\"November 2026\",\"permalink\":\"https:\\\/\\\/www.bpifrance.fr\\\/nos-appels-a-projets-concours\\\/appel-a-projets-transition-numerique-de-la-culture-et-appropriation-de-lintelligence-artificielle\",\"target\":\"_blank\",\"tag\":\"Appel \\u00e0 projet\",\"tags\":[],\"thematiques\":[\"innovation\"],\"surtitle\":\"25 Nov 2026\",\"title\":\"Transition num\\u00e9rique de la Culture et appropriation de l\\u2019intelligence artificielle\",\"titleFull\":\"Transition num\\u00e9rique de la Culture et appropriation de l\\u2019intelligence artificielle\",\"subtitle\":\"Organis\\u00e9 par BPI France\",\"partenaires\":[],\"partenairesLabel\":\"\",\"lieu\":\"\",\"ville\":\"\",\"noFooter\":true,\"visible\":true,\"isCNM\":false},{\"complet\":null,\"classes\":\"wp-block-cnm-cnm-card is-style-large has-background has-light-grey-background-color  is-appel-a-projet is-innovation\",\"dateDebutMonth\":\"2027-06\",\"dateDebut\":\"20270616\",\"dateFin\":\"\",\"evenements\":[\"appel-a-projet\"],\"monthName\":\"June 2027\",\"permalink\":\"https:\\\/\\\/www.bpifrance.fr\\\/nos-appels-a-projets-concours\\\/appel-a-projets-transition-numerique-de-la-culture-et-appropriation-de-lintelligence-artificielle\",\"target\":\"_blank\",\"tag\":\"Appel \\u00e0 projet\",\"tags\":[],\"thematiques\":[\"innovation\"],\"surtitle\":\"16 Jun 2027\",\"title\":\"Transition num\\u00e9rique de la Culture et appropriation de l\\u2019intelligence artificielle\",\"titleFull\":\"Transition num\\u00e9rique de la Culture et appropriation de l\\u2019intelligence artificielle\",\"subtitle\":\"Organis\\u00e9 par BPI France\",\"partenaires\":[],\"partenairesLabel\":\"\",\"lieu\":\"\",\"ville\":\"\",\"noFooter\":true,\"visible\":true,\"isCNM\":false}]}'>\n    <p class=\"has-text-align-right has-mauve-color has-text-color\">\n        <strong>\n            <a href=\"#\" data-agenda-filter=\"\" data-agenda-filter-thematique=\"innovation\" class=\"cnm-agenda-toggle cnm-link\" data-wp-on--click=\"cnm-agenda::actions.toggle\">\n                Voir plus d\u2019\u00e9venements <i class=\"fas fa-angle-right\"><\/i>\n            <\/a>\n        <\/strong>\n    <\/p>\n    <ul class=\"cnm-list cnm-list--slick\">\n        <template data-wp-each--item=\"context.cards\" >\n            <li \n                data-wp-bind--class=\"context.item.classes\"\n                data-wp-bind--data-month-name=\"context.item.monthName\"\n                data-wp-bind--hidden=\"!context.item.visible\"\n                >\n                <a \n                    data-wp-bind--href=\"context.item.permalink\"\n                    data-wp-bind--title=\"context.item.titleFull\"\n                    data-wp-bind--target=\"context.item.target\"\n                    data-wp-bind--data-date=\"context.item.dateDebut\"\n                    data-wp-bind--data-complet=\"context.item.complet\"\n                    class=\"cnm-card__link is-style-large\" \n                    tabindex=\"0\"\n                >\n                    <div class=\"cnm-card__content\">\n\n                        <div class=\"cnm-card__content__tag\" data-wp-text=\"context.item.tag\"><\/div>\n\n\n                        <div class=\"cnm-card__content__surtitle\" data-wp-text=\"context.item.surtitle\"><\/div>\n                        <div class=\"cnm-card__content__title\" data-wp-text=\"context.item.title\"><\/div>\n                        <div class=\"cnm-card__content__subtitle\" data-wp-text=\"context.item.subtitle\"><\/div>\n\n                        <div class=\"cnm-card__content__partenaires\">\n                            <p data-wp-text=\"context.item.partenairesLabel\"><\/p>\n                            <template data-wp-each--partenaire=\"context.item.partenaires\">\n                                <img data-wp-bind--src=\"context.partenaire.url\" data-wp-bind--alt=\"context.item.name\" \/>\n                            <\/template>\n                        <\/div>\n\n                        <div class=\"cnm-card__content__foot\" data-wp-bind--hidden=\"context.item.noFooter\">\n                            <span data-wp-text=\"context.item.lieu\" data-wp-bind--hidden=\"!context.item.lieu\"><\/span>\n                            <span data-wp-text=\"context.item.ville\" data-wp-bind--hidden=\"!context.item.ville\"><\/span>\n                        <\/div>\n                        <div class=\"cnm-card__content__tags\">\n                            <template data-wp-each--tag=\"context.item.tags\">\n                                <span data-wp-text=\"context.tag\"><\/span>\n                            <\/template>\n                        <\/div>\n                    \n                    <\/div>\t\n\n                    <img decoding=\"async\" data-wp-bind--hidden=\"!context.item.isCNM\" src=\"https:\/\/cnm.fr\/wp-content\/themes\/cnm\/assets\/img\/date-cnm.png\" alt=\"Date CNM\" class=\"cnm-card__date-cnm\" \/>\n\n                <\/a>\n                \n            <\/li>\n        <\/template>\n            <li data-wp-each-child=\"cnm-agenda-block::context.cards\" class=\"wp-block-cnm-cnm-card is-style-large has-background has-light-grey-background-color  is-appel-a-projet is-innovation\" data-month-name=\"November 2026\" \n                data-wp-bind--class=\"context.item.classes\"\n                data-wp-bind--data-month-name=\"context.item.monthName\"\n                data-wp-bind--hidden=\"!context.item.visible\"\n                >\n                <a rel=\"noopener noreferrer\" data-date=\"20261125\" href=\"https:\/\/www.bpifrance.fr\/nos-appels-a-projets-concours\/appel-a-projets-transition-numerique-de-la-culture-et-appropriation-de-lintelligence-artificielle\" target=\"_blank\" title=\"Transition num\u00e9rique de la Culture et appropriation de l\u2019intelligence artificielle\" \n                    data-wp-bind--href=\"context.item.permalink\"\n                    data-wp-bind--title=\"context.item.titleFull\"\n                    data-wp-bind--target=\"context.item.target\"\n                    data-wp-bind--data-date=\"context.item.dateDebut\"\n                    data-wp-bind--data-complet=\"context.item.complet\"\n                    class=\"cnm-card__link is-style-large\" \n                    tabindex=\"0\"\n                >\n                    <div class=\"cnm-card__content\">\n\n                        <div class=\"cnm-card__content__tag\" data-wp-text=\"context.item.tag\">Appel \u00e0 projet<\/div>\n\n\n                        <div class=\"cnm-card__content__surtitle\" data-wp-text=\"context.item.surtitle\">25 Nov 2026<\/div>\n                        <div class=\"cnm-card__content__title\" data-wp-text=\"context.item.title\">Transition num\u00e9rique de la Culture et appropriation de l\u2019intelligence artificielle<\/div>\n                        <div class=\"cnm-card__content__subtitle\" data-wp-text=\"context.item.subtitle\">Organis\u00e9 par BPI France<\/div>\n\n                        <div class=\"cnm-card__content__partenaires\">\n                            <p data-wp-text=\"context.item.partenairesLabel\"><\/p>\n                            <template data-wp-each--partenaire=\"context.item.partenaires\">\n                                <img data-wp-bind--src=\"context.partenaire.url\" data-wp-bind--alt=\"context.item.name\" \/>\n                            <\/template>\n                        <\/div>\n\n                        <div hidden class=\"cnm-card__content__foot\" data-wp-bind--hidden=\"context.item.noFooter\">\n                            <span hidden data-wp-text=\"context.item.lieu\" data-wp-bind--hidden=\"!context.item.lieu\"><\/span>\n                            <span hidden data-wp-text=\"context.item.ville\" data-wp-bind--hidden=\"!context.item.ville\"><\/span>\n                        <\/div>\n                        <div class=\"cnm-card__content__tags\">\n                            <template data-wp-each--tag=\"context.item.tags\">\n                                <span data-wp-text=\"context.tag\"><\/span>\n                            <\/template>\n                        <\/div>\n                    \n                    <\/div>\t\n\n                    <img decoding=\"async\" hidden data-wp-bind--hidden=\"!context.item.isCNM\" src=\"https:\/\/cnm.fr\/wp-content\/themes\/cnm\/assets\/img\/date-cnm.png\" alt=\"Date CNM\" class=\"cnm-card__date-cnm\" \/>\n\n                <\/a>\n                \n            <\/li>\n        \n            <li data-wp-each-child=\"cnm-agenda-block::context.cards\" class=\"wp-block-cnm-cnm-card is-style-large has-background has-light-grey-background-color  is-appel-a-projet is-innovation\" data-month-name=\"June 2027\" \n                data-wp-bind--class=\"context.item.classes\"\n                data-wp-bind--data-month-name=\"context.item.monthName\"\n                data-wp-bind--hidden=\"!context.item.visible\"\n                >\n                <a rel=\"noopener noreferrer\" data-date=\"20270616\" href=\"https:\/\/www.bpifrance.fr\/nos-appels-a-projets-concours\/appel-a-projets-transition-numerique-de-la-culture-et-appropriation-de-lintelligence-artificielle\" target=\"_blank\" title=\"Transition num\u00e9rique de la Culture et appropriation de l\u2019intelligence artificielle\" \n                    data-wp-bind--href=\"context.item.permalink\"\n                    data-wp-bind--title=\"context.item.titleFull\"\n                    data-wp-bind--target=\"context.item.target\"\n                    data-wp-bind--data-date=\"context.item.dateDebut\"\n                    data-wp-bind--data-complet=\"context.item.complet\"\n                    class=\"cnm-card__link is-style-large\" \n                    tabindex=\"0\"\n                >\n                    <div class=\"cnm-card__content\">\n\n                        <div class=\"cnm-card__content__tag\" data-wp-text=\"context.item.tag\">Appel \u00e0 projet<\/div>\n\n\n                        <div class=\"cnm-card__content__surtitle\" data-wp-text=\"context.item.surtitle\">16 Jun 2027<\/div>\n                        <div class=\"cnm-card__content__title\" data-wp-text=\"context.item.title\">Transition num\u00e9rique de la Culture et appropriation de l\u2019intelligence artificielle<\/div>\n                        <div class=\"cnm-card__content__subtitle\" data-wp-text=\"context.item.subtitle\">Organis\u00e9 par BPI France<\/div>\n\n                        <div class=\"cnm-card__content__partenaires\">\n                            <p data-wp-text=\"context.item.partenairesLabel\"><\/p>\n                            <template data-wp-each--partenaire=\"context.item.partenaires\">\n                                <img data-wp-bind--src=\"context.partenaire.url\" data-wp-bind--alt=\"context.item.name\" \/>\n                            <\/template>\n                        <\/div>\n\n                        <div hidden class=\"cnm-card__content__foot\" data-wp-bind--hidden=\"context.item.noFooter\">\n                            <span hidden data-wp-text=\"context.item.lieu\" data-wp-bind--hidden=\"!context.item.lieu\"><\/span>\n                            <span hidden data-wp-text=\"context.item.ville\" data-wp-bind--hidden=\"!context.item.ville\"><\/span>\n                        <\/div>\n                        <div class=\"cnm-card__content__tags\">\n                            <template data-wp-each--tag=\"context.item.tags\">\n                                <span data-wp-text=\"context.tag\"><\/span>\n                            <\/template>\n                        <\/div>\n                    \n                    <\/div>\t\n\n                    <img decoding=\"async\" hidden data-wp-bind--hidden=\"!context.item.isCNM\" src=\"https:\/\/cnm.fr\/wp-content\/themes\/cnm\/assets\/img\/date-cnm.png\" alt=\"Date CNM\" class=\"cnm-card__date-cnm\" \/>\n\n                <\/a>\n                \n            <\/li>\n        \n    <\/ul>\n<\/div>\n\n\n\n<div style=\"height:0px\" aria-hidden=\"true\" class=\"wp-block-spacer wp-container-content-5cee9cb3\"><\/div>\n\n\n\n<div style=\"height:0px\" aria-hidden=\"true\" class=\"wp-block-spacer wp-container-content-f9bd05ee\"><\/div>\n<\/div>\n\n\n\n<div style=\"height:16px;width:0px\" aria-hidden=\"true\" class=\"wp-block-spacer\"><\/div>\n\n\n\n<hr class=\"wp-block-separator has-css-opacity is-style-wide\"\/>\n\n\n\n<div style=\"height:40px;width:0px\" aria-hidden=\"true\" class=\"wp-block-spacer\"><\/div>\n\n\n\n<div class=\"wp-block-group is-vertical is-content-justification-stretch is-layout-flex wp-container-core-group-is-layout-353c4f5a wp-block-group-is-layout-flex\">\n<div class=\"wp-block-cnm-cnm-ancre\"><div id=\"cnm-ancre-ressources-externes\" class=\"cnm-ancre\"><\/div><\/div>\n\n\n\n<h2 class=\"wp-block-heading\">Ressources externes<\/h2>\n\n\n\n<div style=\"height:0px\" aria-hidden=\"true\" class=\"wp-block-spacer wp-container-content-5cee9cb3\"><\/div>\n\n\n\n<div style=\"height:0px\" aria-hidden=\"true\" class=\"wp-block-spacer wp-container-content-f9bd05ee\"><\/div>\n\n\n\n<div class=\"wp-block-group is-content-justification-space-between is-layout-flex wp-container-core-group-is-layout-9c7e67ec wp-block-group-is-layout-flex\" style=\"margin-top:0;margin-bottom:0;padding-top:0;padding-right:0;padding-bottom:0;padding-left:0\">\n<div class=\"wp-block-group is-vertical is-layout-flex wp-container-core-group-is-layout-cead61a9 wp-block-group-is-layout-flex\" style=\"padding-top:0;padding-bottom:var(--wp--preset--spacing--60)\">\n<h3 class=\"wp-block-heading\">Acc\u00e9l\u00e9rateurs et incubateurs<\/h3>\n\n\n\n<ul class=\"wp-block-list\">\n<li><a href=\"https:\/\/plaine-images.fr\/takeoff-music-tech\/\" target=\"_blank\" rel=\"noreferrer noopener\">Plaine images<\/a><\/li>\n\n\n\n<li><a href=\"https:\/\/www.parisandco.com\/expertises\/industries-culturelles-creatives\/\" target=\"_blank\" rel=\"noreferrer noopener\">Paris &amp; Co<\/a><\/li>\n\n\n\n<li><a href=\"https:\/\/www.104factory.fr\/offre-incubation\/\" target=\"_blank\" rel=\"noreferrer noopener\">104 Factory<\/a><\/li>\n\n\n\n<li><a href=\"https:\/\/villettemakerz.com\/\" target=\"_blank\" rel=\"noreferrer noopener\">Villette Makerz<\/a><\/li>\n\n\n\n<li><a href=\"https:\/\/www.ledamier.fr\/lincubateur-de-projets-hub-ic\/\" target=\"_blank\" rel=\"noreferrer noopener\">Hub-ic&nbsp;<\/a><\/li>\n\n\n\n<li><a href=\"https:\/\/www.belledemai.org\/\" target=\"_blank\" rel=\"noreferrer noopener\">Belle de Mai<\/a><\/li>\n\n\n\n<li><a rel=\"noopener noreferrer\" target=\"_blank\" href=\"https:\/\/www.bpifrance.fr\/nos-appels-a-projets-concours\/appel-a-projets-culture-immersive-et-metavers\">B<\/a><a href=\"https:\/\/www.bpifrance.fr\/nos-appels-a-projets-concours\/appel-a-projets-culture-immersive-et-metavers\" target=\"_blank\" rel=\"noreferrer noopener\">P<\/a><a rel=\"noopener noreferrer\" target=\"_blank\" href=\"https:\/\/www.bpifrance.fr\/nos-appels-a-projets-concours\/appel-a-projets-culture-immersive-et-metavers\">I<\/a><\/li>\n\n\n\n<li><a href=\"https:\/\/walliforniamusictech.com\/\" target=\"_blank\" rel=\"noreferrer noopener\">Wallifornia Music Tech&nbsp;<\/a><\/li>\n\n\n\n<li><a href=\"https:\/\/www.abbeyroad.com\/the-incubator\" target=\"_blank\" rel=\"noreferrer noopener\">Abbey Road Redd<\/a><\/li>\n\n\n\n<li><a href=\"https:\/\/www.ycombinator.com\/\" target=\"_blank\" rel=\"noreferrer noopener\">Y Combinator<\/a><\/li>\n<\/ul>\n<\/div>\n\n\n\n<div class=\"wp-block-group is-vertical is-layout-flex wp-container-core-group-is-layout-a943121d wp-block-group-is-layout-flex\" style=\"padding-bottom:var(--wp--preset--spacing--60)\">\n<h3 class=\"wp-block-heading\">Les r\u00e9seaux<\/h3>\n\n\n\n<ul class=\"wp-block-list\">\n<li class=\"has-medium-font-size\" style=\"margin-top:0;margin-right:0%;margin-bottom:0;margin-left:0%\"><a href=\"https:\/\/www.musictechfrance.com\/\" target=\"_blank\" rel=\"noreferrer noopener\">Music Tech France<\/a><\/li>\n\n\n\n<li><a href=\"https:\/\/musictech.eu\/\" target=\"_blank\" rel=\"noreferrer noopener\">Music Tech Europe<\/a><\/li>\n\n\n\n<li><a href=\"https:\/\/www.capdigital.com\/\" target=\"_blank\" rel=\"noreferrer noopener\">CAP Digital<\/a><\/li>\n\n\n\n<li><a href=\"https:\/\/www.reseau-entreprendre.org\/fr\/accueil\/\" target=\"_blank\" rel=\"noreferrer noopener\">R\u00e9seau entreprendre<\/a><\/li>\n<\/ul>\n<\/div>\n\n\n\n<div class=\"wp-block-group is-vertical is-content-justification-left is-layout-flex wp-container-core-group-is-layout-dd225191 wp-block-group-is-layout-flex\">\n<h3 class=\"wp-block-heading\">Dispositifs d&#8217;aide<\/h3>\n\n\n\n<ul class=\"wp-block-list has-medium-font-size\">\n<li><a href=\"https:\/\/www.bpifrance.fr\/catalogue-offres\" target=\"_blank\" rel=\"noreferrer noopener\">BPI \u2013 Aide au d\u00e9veloppement de l\u2019innovation<\/a><\/li>\n\n\n\n<li><a href=\"https:\/\/www.bpifrance.fr\/nos-appels-a-projets-concours\/appel-a-projets-culture-immersive-et-metavers\" target=\"_blank\" rel=\"noreferrer noopener\">BPI \u2013 Appel \u00e0 projets : \u00ab Culture immersive et m\u00e9tavers\u00bb<\/a><\/li>\n\n\n\n<li><a rel=\"noopener noreferrer\" target=\"_blank\" href=\"https:\/\/www.bpifrance.fr\/nos-appels-a-projets-concours\/appel-a-projets-transition-numerique-de-la-culture-et-appropriation-de-lintelligence-artificielle\">BPI &#8211; Appel \u00e0 projets : \u00ab Transition num\u00e9rique de la Culture et appropriation de l\u2019intelligence artificie<\/a><a href=\"https:\/\/www.bpifrance.fr\/nos-appels-a-projets-concours\/appel-a-projets-transition-numerique-de-la-culture-et-appropriation-de-lintelligence-artificielle\" target=\"_blank\" rel=\"noreferrer noopener\">lle \u00bb<\/a><\/li>\n\n\n\n<li><a href=\"https:\/\/www.ifcic.fr\/\" target=\"_blank\" rel=\"noreferrer noopener\">IFCIC<\/a><\/li>\n\n\n\n<li><a href=\"https:\/\/les-aides.fr\/\" target=\"_blank\" rel=\"noreferrer noopener\">Aides r\u00e9gionales<\/a><\/li>\n<\/ul>\n<\/div>\n<\/div>\n<\/div>\n\n\n\n<div style=\"height:16px\" aria-hidden=\"true\" class=\"wp-block-spacer\"><\/div>\n\n\n\n<hr class=\"wp-block-separator has-css-opacity is-style-wide\"\/>\n\n\n\n<div style=\"height:40px\" aria-hidden=\"true\" class=\"wp-block-spacer\"><\/div>\n<\/div>\n\n\n\n<div class=\"wp-block-column is-layout-flow wp-block-column-is-layout-flow\" style=\"flex-basis:10%\"><\/div>\n<\/div>\n","protected":false},"excerpt":{"rendered":"<p>Veille Programme d&#8217;aide \u00e0 l&#8217;innovation Le programme d\u2019aide \u00e0 l\u2019innovation vise \u00e0 soutenir tout type d\u2019entreprise dans son d\u00e9veloppement, \u00e0 des fins applicatives, de projets d\u2019innovation technologique ou de service, de nature \u00e0 cr\u00e9er de la valeur au b\u00e9n\u00e9fice des professionnels \u0153uvrant dans le champ des activit\u00e9s soutenues par le Centre national de la musique.&nbsp; [&hellip;]<\/p>\n","protected":false},"featured_media":4054179,"parent":0,"menu_order":0,"template":"","class_list":["post-4054001","mini-site","type-mini-site","status-publish","has-post-thumbnail","hentry"],"acf":[],"yoast_head":"<!-- This site is optimized with the Yoast SEO plugin v27.0 - https:\/\/yoast.com\/product\/yoast-seo-wordpress\/ -->\n<title>Innovation - Le CNM : Centre national de la musique<\/title>\n<meta name=\"robots\" content=\"index, follow, max-snippet:-1, max-image-preview:large, max-video-preview:-1\" \/>\n<link rel=\"canonical\" href=\"https:\/\/cnm.fr\/focus\/innovation\/\" \/>\n<meta property=\"og:locale\" content=\"en_US\" \/>\n<meta property=\"og:type\" content=\"article\" \/>\n<meta property=\"og:title\" content=\"Innovation - Le CNM : Centre national de la musique\" \/>\n<meta property=\"og:description\" content=\"Veille Programme d&#8217;aide \u00e0 l&#8217;innovation Le programme d\u2019aide \u00e0 l\u2019innovation vise \u00e0 soutenir tout type d\u2019entreprise dans son d\u00e9veloppement, \u00e0 des fins applicatives, de projets d\u2019innovation technologique ou de service, de nature \u00e0 cr\u00e9er de la valeur au b\u00e9n\u00e9fice des professionnels \u0153uvrant dans le champ des activit\u00e9s soutenues par le Centre national de la musique.&nbsp; [&hellip;]\" \/>\n<meta property=\"og:url\" content=\"https:\/\/cnm.fr\/focus\/innovation\/\" \/>\n<meta property=\"og:site_name\" content=\"Le CNM : Centre national de la musique\" \/>\n<meta property=\"article:publisher\" content=\"https:\/\/www.facebook.com\/LeCentrenationaldelamusique\" \/>\n<meta property=\"article:modified_time\" content=\"2026-01-22T10:47:05+00:00\" \/>\n<meta property=\"og:image\" content=\"https:\/\/cnm.fr\/wp-content\/uploads\/2025\/06\/guillaume-techer-VgkJXBAm4_8-unsplash.jpg\" \/>\n\t<meta property=\"og:image:width\" content=\"1920\" \/>\n\t<meta property=\"og:image:height\" content=\"1280\" \/>\n\t<meta property=\"og:image:type\" content=\"image\/jpeg\" \/>\n<meta name=\"twitter:card\" content=\"summary_large_image\" \/>\n<meta name=\"twitter:site\" content=\"@le_CNM\" \/>\n<meta name=\"twitter:label1\" content=\"Est. reading time\" \/>\n\t<meta name=\"twitter:data1\" content=\"3 minutes\" \/>\n<script type=\"application\/ld+json\" class=\"yoast-schema-graph\">{\"@context\":\"https:\/\/schema.org\",\"@graph\":[{\"@type\":\"WebPage\",\"@id\":\"https:\/\/cnm.fr\/focus\/innovation\/\",\"url\":\"https:\/\/cnm.fr\/focus\/innovation\/\",\"name\":\"Innovation - Le CNM : Centre national de la musique\",\"isPartOf\":{\"@id\":\"https:\/\/cnm.fr\/#website\"},\"primaryImageOfPage\":{\"@id\":\"https:\/\/cnm.fr\/focus\/innovation\/#primaryimage\"},\"image\":{\"@id\":\"https:\/\/cnm.fr\/focus\/innovation\/#primaryimage\"},\"thumbnailUrl\":\"https:\/\/cnm.fr\/wp-content\/uploads\/2025\/06\/guillaume-techer-VgkJXBAm4_8-unsplash.jpg\",\"datePublished\":\"2025-06-10T15:37:27+00:00\",\"dateModified\":\"2026-01-22T10:47:05+00:00\",\"breadcrumb\":{\"@id\":\"https:\/\/cnm.fr\/focus\/innovation\/#breadcrumb\"},\"inLanguage\":\"en-US\",\"potentialAction\":[{\"@type\":\"ReadAction\",\"target\":[\"https:\/\/cnm.fr\/focus\/innovation\/\"]}]},{\"@type\":\"ImageObject\",\"inLanguage\":\"en-US\",\"@id\":\"https:\/\/cnm.fr\/focus\/innovation\/#primaryimage\",\"url\":\"https:\/\/cnm.fr\/wp-content\/uploads\/2025\/06\/guillaume-techer-VgkJXBAm4_8-unsplash.jpg\",\"contentUrl\":\"https:\/\/cnm.fr\/wp-content\/uploads\/2025\/06\/guillaume-techer-VgkJXBAm4_8-unsplash.jpg\",\"width\":1920,\"height\":1280,\"caption\":\"Guillaume TECHER\"},{\"@type\":\"BreadcrumbList\",\"@id\":\"https:\/\/cnm.fr\/focus\/innovation\/#breadcrumb\",\"itemListElement\":[{\"@type\":\"ListItem\",\"position\":1,\"name\":\"CNM\",\"item\":\"https:\/\/cnm.fr\/en\/\"},{\"@type\":\"ListItem\",\"position\":2,\"name\":\"Focus\",\"item\":\"https:\/\/cnm.fr\/focus\/\"},{\"@type\":\"ListItem\",\"position\":3,\"name\":\"Innovation\"}]},{\"@type\":\"WebSite\",\"@id\":\"https:\/\/cnm.fr\/#website\",\"url\":\"https:\/\/cnm.fr\/\",\"name\":\"Le CNM : Centre national de la musique\",\"description\":\"\",\"publisher\":{\"@id\":\"https:\/\/cnm.fr\/#organization\"},\"potentialAction\":[{\"@type\":\"SearchAction\",\"target\":{\"@type\":\"EntryPoint\",\"urlTemplate\":\"https:\/\/cnm.fr\/?s={search_term_string}\"},\"query-input\":{\"@type\":\"PropertyValueSpecification\",\"valueRequired\":true,\"valueName\":\"search_term_string\"}}],\"inLanguage\":\"en-US\"},{\"@type\":\"Organization\",\"@id\":\"https:\/\/cnm.fr\/#organization\",\"name\":\"Centre national de la musique\",\"alternateName\":\"CNM\",\"url\":\"https:\/\/cnm.fr\/\",\"logo\":{\"@type\":\"ImageObject\",\"inLanguage\":\"en-US\",\"@id\":\"https:\/\/cnm.fr\/#\/schema\/logo\/image\/\",\"url\":\"https:\/\/cnm.fr\/wp-content\/uploads\/2023\/06\/CNM-logo_rvb-02-1024x470-2.png\",\"contentUrl\":\"https:\/\/cnm.fr\/wp-content\/uploads\/2023\/06\/CNM-logo_rvb-02-1024x470-2.png\",\"width\":784,\"height\":227,\"caption\":\"Centre national de la musique\"},\"image\":{\"@id\":\"https:\/\/cnm.fr\/#\/schema\/logo\/image\/\"},\"sameAs\":[\"https:\/\/www.facebook.com\/LeCentrenationaldelamusique\",\"https:\/\/x.com\/le_CNM\",\"https:\/\/www.linkedin.com\/company\/centrenationaldelamusique\",\"https:\/\/www.instagram.com\/le_cnm\/\"]}]}<\/script>\n<!-- \/ Yoast SEO plugin. -->","yoast_head_json":{"title":"Innovation - Le CNM : Centre national de la musique","robots":{"index":"index","follow":"follow","max-snippet":"max-snippet:-1","max-image-preview":"max-image-preview:large","max-video-preview":"max-video-preview:-1"},"canonical":"https:\/\/cnm.fr\/focus\/innovation\/","og_locale":"en_US","og_type":"article","og_title":"Innovation - Le CNM : Centre national de la musique","og_description":"Veille Programme d&#8217;aide \u00e0 l&#8217;innovation Le programme d\u2019aide \u00e0 l\u2019innovation vise \u00e0 soutenir tout type d\u2019entreprise dans son d\u00e9veloppement, \u00e0 des fins applicatives, de projets d\u2019innovation technologique ou de service, de nature \u00e0 cr\u00e9er de la valeur au b\u00e9n\u00e9fice des professionnels \u0153uvrant dans le champ des activit\u00e9s soutenues par le Centre national de la musique.&nbsp; [&hellip;]","og_url":"https:\/\/cnm.fr\/focus\/innovation\/","og_site_name":"Le CNM : Centre national de la musique","article_publisher":"https:\/\/www.facebook.com\/LeCentrenationaldelamusique","article_modified_time":"2026-01-22T10:47:05+00:00","og_image":[{"width":1920,"height":1280,"url":"https:\/\/cnm.fr\/wp-content\/uploads\/2025\/06\/guillaume-techer-VgkJXBAm4_8-unsplash.jpg","type":"image\/jpeg"}],"twitter_card":"summary_large_image","twitter_site":"@le_CNM","twitter_misc":{"Est. reading time":"3 minutes"},"schema":{"@context":"https:\/\/schema.org","@graph":[{"@type":"WebPage","@id":"https:\/\/cnm.fr\/focus\/innovation\/","url":"https:\/\/cnm.fr\/focus\/innovation\/","name":"Innovation - Le CNM : Centre national de la musique","isPartOf":{"@id":"https:\/\/cnm.fr\/#website"},"primaryImageOfPage":{"@id":"https:\/\/cnm.fr\/focus\/innovation\/#primaryimage"},"image":{"@id":"https:\/\/cnm.fr\/focus\/innovation\/#primaryimage"},"thumbnailUrl":"https:\/\/cnm.fr\/wp-content\/uploads\/2025\/06\/guillaume-techer-VgkJXBAm4_8-unsplash.jpg","datePublished":"2025-06-10T15:37:27+00:00","dateModified":"2026-01-22T10:47:05+00:00","breadcrumb":{"@id":"https:\/\/cnm.fr\/focus\/innovation\/#breadcrumb"},"inLanguage":"en-US","potentialAction":[{"@type":"ReadAction","target":["https:\/\/cnm.fr\/focus\/innovation\/"]}]},{"@type":"ImageObject","inLanguage":"en-US","@id":"https:\/\/cnm.fr\/focus\/innovation\/#primaryimage","url":"https:\/\/cnm.fr\/wp-content\/uploads\/2025\/06\/guillaume-techer-VgkJXBAm4_8-unsplash.jpg","contentUrl":"https:\/\/cnm.fr\/wp-content\/uploads\/2025\/06\/guillaume-techer-VgkJXBAm4_8-unsplash.jpg","width":1920,"height":1280,"caption":"Guillaume TECHER"},{"@type":"BreadcrumbList","@id":"https:\/\/cnm.fr\/focus\/innovation\/#breadcrumb","itemListElement":[{"@type":"ListItem","position":1,"name":"CNM","item":"https:\/\/cnm.fr\/en\/"},{"@type":"ListItem","position":2,"name":"Focus","item":"https:\/\/cnm.fr\/focus\/"},{"@type":"ListItem","position":3,"name":"Innovation"}]},{"@type":"WebSite","@id":"https:\/\/cnm.fr\/#website","url":"https:\/\/cnm.fr\/","name":"Le CNM : Centre national de la musique","description":"","publisher":{"@id":"https:\/\/cnm.fr\/#organization"},"potentialAction":[{"@type":"SearchAction","target":{"@type":"EntryPoint","urlTemplate":"https:\/\/cnm.fr\/?s={search_term_string}"},"query-input":{"@type":"PropertyValueSpecification","valueRequired":true,"valueName":"search_term_string"}}],"inLanguage":"en-US"},{"@type":"Organization","@id":"https:\/\/cnm.fr\/#organization","name":"Centre national de la musique","alternateName":"CNM","url":"https:\/\/cnm.fr\/","logo":{"@type":"ImageObject","inLanguage":"en-US","@id":"https:\/\/cnm.fr\/#\/schema\/logo\/image\/","url":"https:\/\/cnm.fr\/wp-content\/uploads\/2023\/06\/CNM-logo_rvb-02-1024x470-2.png","contentUrl":"https:\/\/cnm.fr\/wp-content\/uploads\/2023\/06\/CNM-logo_rvb-02-1024x470-2.png","width":784,"height":227,"caption":"Centre national de la musique"},"image":{"@id":"https:\/\/cnm.fr\/#\/schema\/logo\/image\/"},"sameAs":["https:\/\/www.facebook.com\/LeCentrenationaldelamusique","https:\/\/x.com\/le_CNM","https:\/\/www.linkedin.com\/company\/centrenationaldelamusique","https:\/\/www.instagram.com\/le_cnm\/"]}]}},"_links":{"self":[{"href":"https:\/\/cnm.fr\/en\/wp-json\/wp\/v2\/mini-site\/4054001","targetHints":{"allow":["GET"]}}],"collection":[{"href":"https:\/\/cnm.fr\/en\/wp-json\/wp\/v2\/mini-site"}],"about":[{"href":"https:\/\/cnm.fr\/en\/wp-json\/wp\/v2\/types\/mini-site"}],"version-history":[{"count":53,"href":"https:\/\/cnm.fr\/en\/wp-json\/wp\/v2\/mini-site\/4054001\/revisions"}],"predecessor-version":[{"id":4294577,"href":"https:\/\/cnm.fr\/en\/wp-json\/wp\/v2\/mini-site\/4054001\/revisions\/4294577"}],"wp:featuredmedia":[{"embeddable":true,"href":"https:\/\/cnm.fr\/en\/wp-json\/wp\/v2\/media\/4054179"}],"wp:attachment":[{"href":"https:\/\/cnm.fr\/en\/wp-json\/wp\/v2\/media?parent=4054001"}],"curies":[{"name":"wp","href":"https:\/\/api.w.org\/{rel}","templated":true}]}}