{"id":953167,"date":"2022-12-07T09:30:44","date_gmt":"2022-12-07T08:30:44","guid":{"rendered":"https:\/\/cnm.fr\/egalite-femmes-hommes\/"},"modified":"2026-04-23T16:21:20","modified_gmt":"2026-04-23T14:21:20","slug":"egalite-et-inclusion","status":"publish","type":"mini-site","link":"https:\/\/cnm.fr\/en\/focus\/egalite-et-inclusion\/","title":{"rendered":"\u00c9galit\u00e9 et inclusion"},"content":{"rendered":"<div class=\"alignfull wp-block-cnm-cnm-intro has-background has-mauve-background-color\">\r\n\r\n    <div class=\"wp-block-columns cnm-intro__hr\">\r\n        <div class=\"wp-block-column\">\r\n            <hr class=\"wp-block-separator has-alpha-channel-opacity is-style-wide\" \/>\r\n        <\/div>\r\n        <div class=\"wp-block-column\">\r\n            <hr class=\"wp-block-separator has-alpha-channel-opacity is-style-wide\" \/>\r\n        <\/div>\r\n    <\/div>\r\n\r\n    <div class=\"is-layout-flex wp-block-columns cnm-intro__columns\">\r\n\r\n        <div class=\"wp-block-column is-layout-flow \">\r\n\r\n                            <div \r\n                    class=\"cnm-intro__icon\" \r\n                >\r\n                    <i class=\"cnm-icon-spe-Inclusion\"><\/i>\r\n                <\/div>\r\n            \r\n            <div class=\"cnm-intro__thumb\">\r\n                            <\/div>\r\n        <\/div>\r\n        <div class=\"wp-block-column is-layout-flow \">\r\n            <div class=\"cnm-intro__content\">\r\n                \n<p>Le Centre national de la musique s\u2019engage pour l\u2019\u00e9galit\u00e9 et l&#8217;inclusion des professionnels et professionnelles de la musique.<\/p>\n            <\/div>\r\n        <\/div>\r\n        <div class=\"wp-block-column is-layout-flow \">\r\n                    <\/div>\r\n    <\/div>\r\n<\/div>\n\n\n<div class=\"wp-block-columns is-not-stacked-on-mobile is-layout-flex wp-container-core-columns-is-layout-28f84493 wp-block-columns-is-layout-flex\">\n<div class=\"wp-block-column is-layout-flow wp-block-column-is-layout-flow\">\n<div style=\"height:1rem\" aria-hidden=\"true\" class=\"wp-block-spacer\"><\/div>\n\n\n\n<div class=\"wp-block-columns are-vertically-aligned-top is-layout-flex wp-container-core-columns-is-layout-a3fb4261 wp-block-columns-is-layout-flex\" style=\"padding-right:2rem;padding-left:2rem\">\n<div class=\"wp-block-column is-vertically-aligned-top is-content-justification-center is-layout-constrained wp-block-column-is-layout-constrained\" style=\"border-style:none;border-width:0px;flex-basis:35rem\">\n<hr class=\"wp-block-separator aligncenter has-css-opacity is-style-rounded\" style=\"border-radius:100%\"\/>\n\n\n\n<figure class=\"wp-block-image aligncenter size-full is-resized has-custom-border is-style-rounded\"><img decoding=\"async\" width=\"590\" height=\"495\" sizes=\"(max-width: min(calc(100% - 2rem), 178px)) 100vw, min(calc(100% - 2rem), 178px)\" src=\"https:\/\/cnm.fr\/wp-content\/uploads\/2023\/02\/c-chloe-ferrand.png\" alt=\"\u00a9 Chlo\u00e9 Le Ferrand - Photographie d'une chanteuse le bras en l'air\" class=\"wp-image-1046538\" style=\"border-radius:100%;object-fit:cover;width:178px;height:178px\" srcset=\"https:\/\/cnm.fr\/wp-content\/uploads\/2023\/02\/c-chloe-ferrand.png 590w, https:\/\/cnm.fr\/wp-content\/uploads\/2023\/02\/c-chloe-ferrand-300x252.png 300w\" \/><figcaption class=\"wp-element-caption\">\u00a9 Chlo\u00e9 Le Ferrand<\/figcaption><\/figure>\n<\/div>\n\n\n\n<div class=\"wp-block-column is-vertically-aligned-top is-layout-flow wp-block-column-is-layout-flow\" style=\"flex-basis:75%\">\n<hr class=\"wp-block-separator has-css-opacity is-style-wide\"\/>\n\n\n\n<div class=\"wp-block-columns is-not-stacked-on-mobile is-layout-flex wp-container-core-columns-is-layout-28f84493 wp-block-columns-is-layout-flex\">\n<div class=\"wp-block-column is-layout-flow wp-block-column-is-layout-flow\" style=\"flex-basis:100%\">\n<div class=\"wp-block-cnm-cnm-ressource has-light-grey-background-color has-background\">\n<p><strong>Ce qu\u2019il faut savoir&nbsp;<\/strong><\/p>\n\n\n\n<ul class=\"wp-block-list\">\n<li><a href=\"https:\/\/cnm.fr\/evenement\/assises-de-legalite-et-de-linclusion-dans-la-musique-2025\/\">Assises de l\u2019\u00e9galit\u00e9 et de l\u2019inclusion&nbsp;dans la musique 2025<\/a><\/li>\n\n\n\n<li><a href=\"https:\/\/cnm.fr\/wp-content\/uploads\/2025\/04\/CNM-20250319_Place-des-femmes-dans-la-filiere-musicale_Publication.pdf\">Etude : La Place des femmes dans la fili\u00e8re musicale \u00e9dition 2025<\/a><\/li>\n\n\n\n<li><a href=\"https:\/\/cnm.fr\/wp-content\/uploads\/2024\/06\/Feuille-de-route-Egalite-Inclusion-CNM-VDEF.pdf\">Feuille de route \u00c9galit\u00e9 et Inclusion<\/a><\/li>\n\n\n\n<li><a href=\"https:\/\/cnm.fr\/aides\/aides-transversales-dinteret-general\/aide-aux-projets-en-faveur-de-legalite-femmes-hommes\/\">Aide aux projets en faveur de l\u2019\u00e9galit\u00e9 et de l&#8217;inclusion<\/a><\/li>\n\n\n\n<li>FAQ :<a href=\"https:\/\/cnm.fr\/wp-content\/uploads\/2024\/12\/FAQ-Lutte-VHSS-25-1.pdf\" target=\"_blank\" rel=\"noreferrer noopener\"> la formation dans le cadre du Protocole de lutte contre le harc\u00e8lement sexiste et les violences sexuelles<\/a><\/li>\n\n\n\n<li><a href=\"https:\/\/cnm.fr\/focus\/egalite-et-inclusion\/liste-des-formations-sur-legalite-et-linclusion\/\">Les formations CNM<\/a><\/li>\n<\/ul>\n<\/div>\n<\/div>\n<\/div>\n<\/div>\n<\/div>\n\n\n\n<div class=\"wp-block-columns is-layout-flex wp-container-core-columns-is-layout-28f84493 wp-block-columns-is-layout-flex\">\n<div class=\"wp-block-column is-layout-flow wp-block-column-is-layout-flow\">\n<figure class=\"wp-block-image aligncenter size-large is-style-default\" style=\"margin-top:0;margin-right:0;margin-bottom:0;margin-left:0\"><a rel=\"noopener noreferrer\" target=\"_blank\" href=\"https:\/\/www.violences-sexuelles-culture.org\/fr\"><img data-dominant-color=\"524687\" data-has-transparency=\"false\" style=\"--dominant-color: #524687;\" decoding=\"async\" width=\"1024\" height=\"372\" sizes=\"(max-width: min(calc(100% - 2rem), 1024px)) 100vw, min(calc(100% - 2rem), 1024px)\" src=\"https:\/\/cnm.fr\/wp-content\/uploads\/2022\/12\/capture-decran-2024-09-22-a-152036-1024x372.png\" alt=\"Le secteur culturel mobilis\u00e9 contre les violences sexistes et sexuelles.\nLa Culture dit stop\nCellule d'\u00e9coute psychologique et juridique du lundi au vendredi de 9h \u00e0 13h et de 14h \u00e0 18h au 0187203090 ou par mail via violences-sexuelles-culture@audiens.org\" class=\"wp-image-3774536 not-transparent\" srcset=\"https:\/\/cnm.fr\/wp-content\/uploads\/2022\/12\/capture-decran-2024-09-22-a-152036-1024x372.png 1024w, https:\/\/cnm.fr\/wp-content\/uploads\/2022\/12\/capture-decran-2024-09-22-a-152036-300x109.png 300w, https:\/\/cnm.fr\/wp-content\/uploads\/2022\/12\/capture-decran-2024-09-22-a-152036-768x279.png 768w, https:\/\/cnm.fr\/wp-content\/uploads\/2022\/12\/capture-decran-2024-09-22-a-152036-1536x559.png 1536w, https:\/\/cnm.fr\/wp-content\/uploads\/2022\/12\/capture-decran-2024-09-22-a-152036-2048x745.png 2048w\" \/><\/a><\/figure>\n<\/div>\n<\/div>\n\n\n\n<div style=\"height:1rem\" aria-hidden=\"true\" class=\"wp-block-spacer\"><\/div>\n<\/div>\n<\/div>\n\n\n<div class=\"cnm-sommaire\">\r\n    <div class=\"cnm-sommaire__title\">SOMMAIRE<\/div>\r\n    <div class=\"cnm-sommaire__list\">\r\n        <ul>\r\n                                            <li>\r\n                    <a \r\n                        href=\"#cnm-ancre-le-cnm-sengage\"\r\n                        lang=''                    >\r\n                        LE CNM S&#8217;ENGAGE <i class=\"cnm-icon-ArrowBottom\"><\/i>\r\n                    <\/a>\r\n                <\/li>\r\n\r\n                                            <li>\r\n                    <a \r\n                        href=\"#cnm-ancre-agir-dans-ma-structure\"\r\n                        lang=''                    >\r\n                        AGIR DANS MA STRUCTURE <i class=\"cnm-icon-ArrowBottom\"><\/i>\r\n                    <\/a>\r\n                <\/li>\r\n\r\n                                            <li>\r\n                    <a \r\n                        href=\"#cnm-ancre-pour-vous-former\"\r\n                        lang=''                    >\r\n                        POUR VOUS FORMER <i class=\"cnm-icon-ArrowBottom\"><\/i>\r\n                    <\/a>\r\n                <\/li>\r\n\r\n                                            <li>\r\n                    <a \r\n                        href=\"#cnm-ancre-pour-aller-plus-loin\"\r\n                        lang=''                    >\r\n                        POUR ALLER PLUS LOIN <i class=\"cnm-icon-ArrowBottom\"><\/i>\r\n                    <\/a>\r\n                <\/li>\r\n\r\n                                            <li>\r\n                    <a \r\n                        href=\"#cnm-ancre-revue-de-web\"\r\n                        lang=''                    >\r\n                        REVUE DE WEB <i class=\"cnm-icon-ArrowBottom\"><\/i>\r\n                    <\/a>\r\n                <\/li>\r\n\r\n                    <\/ul>\r\n    <\/div>\r\n<\/div>\n\n\n<div class=\"wp-block-columns is-layout-flex wp-container-core-columns-is-layout-28f84493 wp-block-columns-is-layout-flex\">\n<div class=\"wp-block-column is-layout-flow wp-block-column-is-layout-flow\">\n<div class=\"wp-block-cnm-cnm-ancre\"><div id=\"cnm-ancre-le-cnm-sengage\" class=\"cnm-ancre\"><\/div><\/div>\n\n\n\n<div style=\"height:16px\" aria-hidden=\"true\" class=\"wp-block-spacer\"><\/div>\n\n\n\n<h2 class=\"wp-block-heading has-large-font-size\">Le CNM s&#8217;engage<\/h2>\n\n\n    <div class=\"wp-block-cnm-cnm-bouton\">\n                    <button type=\"button\"\n                    class=\"cnm-bouton cnm-bouton--bordered\"\n                    title=\"T\u00e9l\u00e9charger Dossier de presse \u2013 mission \u00e9galit\u00e9 , Juin 2024\"\n                    data-url=\"https:\/\/cnm.fr\/wp-content\/uploads\/2023\/11\/Dossier-de-presse-\u2013-mission-egalite-femmes-hommes-Fevrier-2023-1.pdf\">\n                <div class=\"cnm-bouton__content\">\n                                        <div class=\"cnm-bouton__title\">Dossier de presse \u2013 mission \u00e9galit\u00e9 <\/div>                    <div class=\"cnm-bouton__subtitle\">Juin 2024<\/div>                <\/div>\n                <div class=\"cnm-bouton__icon\"><i class=\"cnm-icon-Download\"><\/i><\/div>            <\/button>\n        \n        <hr class=\"wp-block-separator has-alpha-channel-opacity is-style-wide\" \/>\n    <\/div>\n    \n\n    <div class=\"wp-block-cnm-cnm-bouton\">\n                    <a \n\t\t\thref=\"https:\/\/cnm.fr\/evenement\/assises-de-legalite-et-de-linclusion-dans-la-musique-2025\/\" \n\t\t\ttitle=\"Les Assises de l&#039;\u00e9galit\u00e9 et de l&#039;inclusion dans la musique 2025, Mars 2025\"\n\t\t\tclass=\"cnm-bouton cnm-bouton--bordered\" target=\"_blank\" rel=\"noopener\"\n\t\t\t>\n                <div class=\"cnm-bouton__content\">\n                                        <div class=\"cnm-bouton__title\">Les Assises de l&#039;\u00e9galit\u00e9 et de l&#039;inclusion dans la musique 2025<\/div>                    <div class=\"cnm-bouton__subtitle\">Mars 2025<\/div>                <\/div>\n                <div class=\"cnm-bouton__icon\"><i class=\"cnm-icon-LinkExternal\"><\/i><\/div>            <\/a>\n        \n        <hr class=\"wp-block-separator has-alpha-channel-opacity is-style-wide\" \/>\n    <\/div>\n    \n\n    <div class=\"wp-block-cnm-cnm-bouton\">\n                    <a \n\t\t\thref=\"https:\/\/cnm.fr\/wp-content\/uploads\/2025\/04\/CNM-20250319_Place-des-femmes-dans-la-filiere-musicale_Publication.pdf\" \n\t\t\ttitle=\"Etude : La place des femmes dans la fili\u00e8re musicale, Avril 2025\"\n\t\t\tclass=\"cnm-bouton cnm-bouton--bordered\" target=\"_blank\" rel=\"noopener\"\n\t\t\t>\n                <div class=\"cnm-bouton__content\">\n                                        <div class=\"cnm-bouton__title\">Etude : La place des femmes dans la fili\u00e8re musicale<\/div>                    <div class=\"cnm-bouton__subtitle\">Avril 2025<\/div>                <\/div>\n                <div class=\"cnm-bouton__icon\"><i class=\"cnm-icon-LinkExternal\"><\/i><\/div>            <\/a>\n        \n        <hr class=\"wp-block-separator has-alpha-channel-opacity is-style-wide\" \/>\n    <\/div>\n    \n\n    <div class=\"wp-block-cnm-cnm-bouton\">\n                    <a \n\t\t\thref=\"https:\/\/cnm.fr\/letat-des-lieux-sur-la-presence-des-femmes-dans-la-filiere-musicale\/\" \n\t\t\ttitle=\"\u00c9tat des lieux sur la pr\u00e9sence des femmes dans la fili\u00e8re musicale, F\u00e9vrier 2023\"\n\t\t\tclass=\"cnm-bouton cnm-bouton--bordered\" target=\"_blank\" rel=\"noopener\"\n\t\t\t>\n                <div class=\"cnm-bouton__content\">\n                                        <div class=\"cnm-bouton__title\">\u00c9tat des lieux sur la pr\u00e9sence des femmes dans la fili\u00e8re musicale<\/div>                    <div class=\"cnm-bouton__subtitle\">F\u00e9vrier 2023<\/div>                <\/div>\n                <div class=\"cnm-bouton__icon\"><i class=\"cnm-icon-LinkExternal\"><\/i><\/div>            <\/a>\n        \n        <hr class=\"wp-block-separator has-alpha-channel-opacity is-style-wide\" \/>\n    <\/div>\n    <\/div>\n\n\n\n<div class=\"wp-block-column is-layout-flow wp-block-column-is-layout-flow\">\n<div class=\"wp-block-cnm-cnm-ancre\"><div id=\"cnm-ancre-agir-dans-ma-structure\" class=\"cnm-ancre\"><\/div><\/div>\n\n\n\n<div style=\"height:16px\" aria-hidden=\"true\" class=\"wp-block-spacer\"><\/div>\n\n\n\n<h2 class=\"wp-block-heading has-large-font-size\">Agir dans ma structure<\/h2>\n\n\n    <div class=\"wp-block-cnm-cnm-bouton\">\n                    <button type=\"button\"\n                    class=\"cnm-bouton cnm-bouton--bordered\"\n                    title=\"T\u00e9l\u00e9charger Fiches pratiques VHSS, Centre national de la musique\"\n                    data-url=\"https:\/\/cnm.fr\/wp-content\/uploads\/2022\/01\/Fiches-pratiques-prevention-des-VSS-dans-les-metiers-de-la-musique.pdf\">\n                <div class=\"cnm-bouton__content\">\n                                        <div class=\"cnm-bouton__title\">Fiches pratiques VHSS<\/div>                    <div class=\"cnm-bouton__subtitle\">Centre national de la musique<\/div>                <\/div>\n                <div class=\"cnm-bouton__icon\"><i class=\"cnm-icon-Download\"><\/i><\/div>            <\/button>\n        \n        <hr class=\"wp-block-separator has-alpha-channel-opacity is-style-wide\" \/>\n    <\/div>\n    \n\n    <div class=\"wp-block-cnm-cnm-bouton\">\n                    <button type=\"button\"\n                    class=\"cnm-bouton cnm-bouton--bordered\"\n                    title=\"T\u00e9l\u00e9charger Kit de communication pour pr\u00e9venir les VHSS dans ma structure, Centre national de la musique\"\n                    data-url=\"https:\/\/cnm.fr\/wp-content\/uploads\/2022\/12\/Kit-de-communication-pour-prevenir-les-violences-sexistes-et-sexuelles-dans-ma-structure.zip\">\n                <div class=\"cnm-bouton__content\">\n                                        <div class=\"cnm-bouton__title\">Kit de communication pour pr\u00e9venir les VHSS dans ma structure<\/div>                    <div class=\"cnm-bouton__subtitle\">Centre national de la musique<\/div>                <\/div>\n                <div class=\"cnm-bouton__icon\"><i class=\"cnm-icon-Download\"><\/i><\/div>            <\/button>\n        \n        <hr class=\"wp-block-separator has-alpha-channel-opacity is-style-wide\" \/>\n    <\/div>\n    \n\n    <div class=\"wp-block-cnm-cnm-bouton\">\n                    <button type=\"button\"\n                    class=\"cnm-bouton cnm-bouton--bordered\"\n                    title=\"T\u00e9l\u00e9charger Cycle de webinaires &quot;On en parle !&quot; d\u00e9di\u00e9s \u00e0 la pr\u00e9vention des violences sexistes et sexuelles, Centre national de la musique\"\n                    data-url=\"https:\/\/www.youtube.com\/playlist?list=PL92M8pPHw-bIXE92b46vbtcGXLhLK9MDH\">\n                <div class=\"cnm-bouton__content\">\n                                        <div class=\"cnm-bouton__title\">Cycle de webinaires &quot;On en parle !&quot; d\u00e9di\u00e9s \u00e0 la pr\u00e9vention des violences sexistes et sexuelles<\/div>                    <div class=\"cnm-bouton__subtitle\">Centre national de la musique<\/div>                <\/div>\n                <div class=\"cnm-bouton__icon\"><i class=\"cnm-icon-Download\"><\/i><\/div>            <\/button>\n        \n        <hr class=\"wp-block-separator has-alpha-channel-opacity is-style-wide\" \/>\n    <\/div>\n    <\/div>\n\n\n\n<div class=\"wp-block-column is-layout-flow wp-block-column-is-layout-flow\">\n<div class=\"wp-block-cnm-cnm-ancre\"><div id=\"cnm-ancre-pour-vous-former\" class=\"cnm-ancre\"><\/div><\/div>\n\n\n\n<div style=\"height:16px\" aria-hidden=\"true\" class=\"wp-block-spacer\"><\/div>\n\n\n\n<h2 class=\"wp-block-heading has-large-font-size\">Pour vous former<\/h2>\n\n\n\r\n<div class=\"is-style-small wp-block-cnm-cnm-card has-text-color has-mauve-color has-background has-light-grey-background-color has-medium-font-size\">\r\n\r\n    <a \r\n        class=\"cnm-card__link is-style-small has-text-color has-mauve-color has-background has-light-grey-background-color\"\r\n        href=\"https:\/\/cnm.fr\/focus\/egalite-et-inclusion\/liste-des-formations-sur-legalite-et-linclusion\/\"\r\n        title=\"Liste non-exhaustive des formations\"\r\n        target=\"\"\r\n        rel=\"\"\r\n    >\r\n        \r\n                    <div class=\"cnm-card__thumb\"><img decoding=\"async\" width=\"150\" height=\"150\" src=\"https:\/\/cnm.fr\/wp-content\/uploads\/2022\/12\/jason-goodman-Oalh2MojUuk-unsplash-150x150-1.jpg\" class=\"attachment-thumbnail size-thumbnail not-transparent\" alt=\"Cr\u00e9dit Jason Goodman - Photographie repr\u00e9sentant un groupe de travail constitu\u00e9 d&#039;homme et de femme avec des ordinateurs et des post it\" data-has-transparency=\"false\" data-dominant-color=\"bab2ab\" style=\"--dominant-color: #bab2ab;\" \/><\/div>\r\n        \r\n        <div class=\"cnm-card__content\">\r\n                        <div class=\"cnm-card__content__title\">\r\n                Liste non-exhaustive des formations            <\/div>\r\n            \r\n                        <div class=\"cnm-card__content__subtitle\">\r\n                Retrouvez ici une liste non-exhaustive des formations sur l&#8217;\u00e9galit\u00e9 et l&#8217;inclusion            <\/div>\r\n            \r\n                    <\/div>\r\n\r\n        \r\n            <\/a>\r\n\r\n<\/div>\n\n\n<div style=\"height:16px\" aria-hidden=\"true\" class=\"wp-block-spacer\"><\/div>\n\n\n\r\n<div class=\"aligncenter wp-block-cnm-cnm-card has-text-color has-mauve-color has-background has-light-grey-background-color\">\r\n\r\n    <a \r\n        class=\"cnm-card__link cnm-card__link has-text-color has-mauve-color has-background has-light-grey-background-color\"\r\n        href=\"https:\/\/cnm.fr\/wp-content\/uploads\/2023\/11\/Autodiagnostic-prevention-des-violences-sexistes-et-sexuellesVF-1.pdf\"\r\n        title=\"Autodiagnostic                                \"\r\n        target=\"_blank\"\r\n        rel=\"\"\r\n    >\r\n        \r\n                    <div class=\"cnm-card__thumb\"><img decoding=\"async\" width=\"150\" height=\"150\" src=\"https:\/\/cnm.fr\/wp-content\/uploads\/2023\/09\/Claudia-Manas-150x150.jpg\" class=\"attachment-thumbnail size-thumbnail\" alt=\"Cr\u00e9dit : Claudia-Manas Photographie repr\u00e9sentant des cahiers et un casque audio\" \/><\/div>\r\n        \r\n        <div class=\"cnm-card__content\">\r\n                        <div class=\"cnm-card__content__title\">\r\n                Autodiagnostic                                            <\/div>\r\n            \r\n                        <div class=\"cnm-card__content__subtitle\">\r\n                Faites le test !            <\/div>\r\n            \r\n                    <\/div>\r\n\r\n        \r\n            <\/a>\r\n\r\n<\/div><\/div>\n<\/div>\n\n\n\n<div style=\"height:16px\" aria-hidden=\"true\" class=\"wp-block-spacer\"><\/div>\n\n\n\n<div class=\"wp-block-columns are-vertically-aligned-top is-layout-flex wp-container-core-columns-is-layout-a3fb4261 wp-block-columns-is-layout-flex\" style=\"padding-right:2rem;padding-left:2rem\">\n<div class=\"wp-block-column is-vertically-aligned-top is-content-justification-center is-layout-constrained wp-block-column-is-layout-constrained\" style=\"border-style:none;border-width:0px;flex-basis:35rem\">\n<hr class=\"wp-block-separator has-css-opacity is-style-wide\"\/>\n\n\n\n<figure class=\"wp-block-image aligncenter size-large is-resized has-custom-border is-style-rounded\"><img decoding=\"async\" width=\"1024\" height=\"729\" sizes=\"(max-width: min(calc(100% - 2rem), 194px)) 100vw, min(calc(100% - 2rem), 194px)\" src=\"https:\/\/cnm.fr\/wp-content\/uploads\/2023\/08\/carlos-muza-hpjSkU2UYSU-unsplash-1024x729.jpg\" alt=\"\u00a9 Carlos Muza - Photographie d'un ordinateur ouvert avec des graphiques et des chiffres\" class=\"wp-image-953627\" style=\"border-radius:100%;aspect-ratio:1;object-fit:cover;width:194px;height:auto\" srcset=\"https:\/\/cnm.fr\/wp-content\/uploads\/2023\/08\/carlos-muza-hpjSkU2UYSU-unsplash-1024x729.jpg 1024w, https:\/\/cnm.fr\/wp-content\/uploads\/2023\/08\/carlos-muza-hpjSkU2UYSU-unsplash-300x214.jpg 300w, https:\/\/cnm.fr\/wp-content\/uploads\/2023\/08\/carlos-muza-hpjSkU2UYSU-unsplash-768x547.jpg 768w, https:\/\/cnm.fr\/wp-content\/uploads\/2023\/08\/carlos-muza-hpjSkU2UYSU-unsplash-1536x1094.jpg 1536w, https:\/\/cnm.fr\/wp-content\/uploads\/2023\/08\/carlos-muza-hpjSkU2UYSU-unsplash-2048x1459.jpg 2048w\" \/><figcaption class=\"wp-element-caption\"><strong>\u00a9<\/strong> Carlos Muza<\/figcaption><\/figure>\n<\/div>\n\n\n\n<div class=\"wp-block-column is-vertically-aligned-top is-layout-flow wp-block-column-is-layout-flow\" style=\"flex-basis:100%\">\n<hr class=\"wp-block-separator has-css-opacity is-style-wide\"\/>\n\n\n\n<div class=\"wp-block-cnm-cnm-ancre Pour vous former\"><div id=\"cnm-ancre-pour-aller-plus-loin\" class=\"cnm-ancre\"><\/div><\/div>\n\n\n\n<h2 class=\"wp-block-heading has-large-font-size\">Pour aller plus loin<\/h2>\n\n\n\n<div class=\"wp-block-columns is-layout-flex wp-container-core-columns-is-layout-28f84493 wp-block-columns-is-layout-flex\">\n<div class=\"wp-block-column is-layout-flow wp-block-column-is-layout-flow\">\r\n<div class=\"wp-block-cnm-cnm-card has-text-color has-mauve-color has-background has-light-grey-background-color\">\r\n\r\n    <a \r\n        class=\"cnm-card__link cnm-card__link has-text-color has-mauve-color has-background has-light-grey-background-color\"\r\n        href=\"https:\/\/cnm.fr\/focus\/egalite-femmes-hommes\/etudes-et-chiffres-cles\/\"\r\n        title=\"\u00c9tudes et chiffres-cl\u00e9s\"\r\n        target=\"\"\r\n        rel=\"\"\r\n    >\r\n        \r\n                    <div class=\"cnm-card__thumb\"><img decoding=\"async\" width=\"150\" height=\"150\" src=\"https:\/\/cnm.fr\/wp-content\/uploads\/2023\/09\/jonas-jacobsson-0FRJ2SCuY4k-unsplash-150x150.jpg\" class=\"attachment-thumbnail size-thumbnail\" alt=\"\u00a9 Jonas Jacobsson - photographie d&#039;un livre ouvert\" \/><\/div>\r\n        \r\n        <div class=\"cnm-card__content\">\r\n                        <div class=\"cnm-card__content__title\">\r\n                \u00c9tudes et chiffres-cl\u00e9s            <\/div>\r\n            \r\n                        <div class=\"cnm-card__content__subtitle\">\r\n                D\u00e9couvrez ici les \u00e9tudes et rapports sur l&#8217;\u00e9galit\u00e9 et l&#8217;inclusion.            <\/div>\r\n            \r\n                    <\/div>\r\n\r\n        \r\n            <\/a>\r\n\r\n<\/div><\/div>\n\n\n\n<div class=\"wp-block-column is-layout-flow wp-block-column-is-layout-flow\">\r\n<div class=\"wp-block-cnm-cnm-card has-text-color has-mauve-color has-background has-light-grey-background-color\">\r\n\r\n    <a \r\n        class=\"cnm-card__link cnm-card__link has-text-color has-mauve-color has-background has-light-grey-background-color\"\r\n        href=\"https:\/\/cnm.fr\/focus\/egalite-et-inclusion\/egalite-et-inclusion-boite-a-outils\/\"\r\n        title=\"Bo\u00eete \u00e0 outils\"\r\n        target=\"\"\r\n        rel=\"\"\r\n    >\r\n        \r\n                    <div class=\"cnm-card__thumb\"><img decoding=\"async\" width=\"150\" height=\"150\" src=\"https:\/\/cnm.fr\/wp-content\/uploads\/2022\/12\/marissa-grootes-flRm0z3MEoA-unsplash-225x300-1-150x150.webp\" class=\"attachment-thumbnail size-thumbnail not-transparent\" alt=\"Photo repr\u00e9sentant un cahier avec un stylo, un clavier, et une main avec un stylo\" data-has-transparency=\"false\" data-dominant-color=\"d0cac7\" style=\"--dominant-color: #d0cac7;\" \/><\/div>\r\n        \r\n        <div class=\"cnm-card__content\">\r\n                        <div class=\"cnm-card__content__title\">\r\n                Bo\u00eete \u00e0 outils            <\/div>\r\n            \r\n                        <div class=\"cnm-card__content__subtitle\">\r\n                Retrouvez ici un ensemble d&#8217;outils pour agir dans votre structure.            <\/div>\r\n            \r\n                    <\/div>\r\n\r\n        \r\n            <\/a>\r\n\r\n<\/div><\/div>\n\n\n\n<div class=\"wp-block-column is-layout-flow wp-block-column-is-layout-flow\">\r\n<div class=\"wp-block-cnm-cnm-card has-text-color has-mauve-color has-background has-light-grey-background-color\">\r\n\r\n    <a \r\n        class=\"cnm-card__link cnm-card__link has-text-color has-mauve-color has-background has-light-grey-background-color\"\r\n        href=\"https:\/\/cnm.fr\/focus\/egalite-et-inclusion\/ressources-et-initiatives\/\"\r\n        title=\"Ressources et initiatives\"\r\n        target=\"\"\r\n        rel=\"\"\r\n    >\r\n        \r\n                    <div class=\"cnm-card__thumb\"><img decoding=\"async\" width=\"150\" height=\"150\" src=\"https:\/\/cnm.fr\/wp-content\/uploads\/2022\/12\/riccardo-annandale-7e2pe9wjL9M-unsplash-150x150-1.jpg\" class=\"attachment-thumbnail size-thumbnail not-transparent\" alt=\"Photo d&#039;une personne tenant dans ses mains une ampoule allum\u00e9e\" data-has-transparency=\"false\" data-dominant-color=\"484743\" style=\"--dominant-color: #484743;\" \/><\/div>\r\n        \r\n        <div class=\"cnm-card__content\">\r\n                        <div class=\"cnm-card__content__title\">\r\n                Ressources et initiatives            <\/div>\r\n            \r\n                        <div class=\"cnm-card__content__subtitle\">\r\n                Consultez ici d&#8217;autres ressources et initiatives.            <\/div>\r\n            \r\n                    <\/div>\r\n\r\n        \r\n            <\/a>\r\n\r\n<\/div><\/div>\n\n\n\n<div class=\"wp-block-column is-layout-flow wp-block-column-is-layout-flow\">    <div class=\"wp-block-cnm-cnm-bouton\">\n                    <a \n\t\t\thref=\"https:\/\/www.audiens.org\/actu\/cellule-ecoute-psychologique-et-juridique.html\" \n\t\t\ttitle=\"T\u00e9moin ou victime, Vers la cellule d&#039;\u00e9coute psychologique et juridique de lutte contre les VSS pour les professionnels et professionnelles de la culture.\"\n\t\t\tclass=\"cnm-bouton cnm-bouton--bordered\" target=\"_blank\" rel=\"noopener noreferrer\"\n\t\t\t>\n                <div class=\"cnm-bouton__content\">\n                                        <div class=\"cnm-bouton__title\">T\u00e9moin ou victime<\/div>                    <div class=\"cnm-bouton__subtitle\">Vers la cellule d&#039;\u00e9coute psychologique et juridique de lutte contre les VSS pour les professionnels et professionnelles de la culture.<\/div>                <\/div>\n                <div class=\"cnm-bouton__icon\"><i class=\"cnm-icon-LinkExternal\"><\/i><\/div>            <\/a>\n        \n        <hr class=\"wp-block-separator has-alpha-channel-opacity is-style-wide\" \/>\n    <\/div>\n    <\/div>\n<\/div>\n<\/div>\n<\/div>\n\n\n\n<div style=\"height:16px\" aria-hidden=\"true\" class=\"wp-block-spacer\"><\/div>\n\n\n\n<div class=\"wp-block-columns are-vertically-aligned-top is-layout-flex wp-container-core-columns-is-layout-a3fb4261 wp-block-columns-is-layout-flex\" style=\"padding-right:2rem;padding-left:2rem\">\n<div class=\"wp-block-column is-vertically-aligned-top is-content-justification-center is-layout-constrained wp-block-column-is-layout-constrained\" style=\"border-style:none;border-width:0px;flex-basis:35rem\">\n<hr class=\"wp-block-separator aligncenter has-css-opacity is-style-rounded\" style=\"border-radius:100%\"\/>\n\n\n\n<figure class=\"wp-block-image aligncenter size-large is-resized has-custom-border is-style-rounded\"><img decoding=\"async\" width=\"1024\" height=\"684\" sizes=\"(max-width: min(calc(100% - 2rem), 187px)) 100vw, min(calc(100% - 2rem), 187px)\" src=\"https:\/\/cnm.fr\/wp-content\/uploads\/2022\/12\/roman-kraft-_Zua2hyvTBk-unsplash-1024x684.jpg\" alt=\"\u00a9 Roman Kraft - Photographie d'une personne lisant le journal\" class=\"wp-image-2246537\" style=\"border-radius:100%;aspect-ratio:1;width:187px;height:auto\" srcset=\"https:\/\/cnm.fr\/wp-content\/uploads\/2022\/12\/roman-kraft-_Zua2hyvTBk-unsplash-1024x684.jpg 1024w, https:\/\/cnm.fr\/wp-content\/uploads\/2022\/12\/roman-kraft-_Zua2hyvTBk-unsplash-300x200.jpg 300w, https:\/\/cnm.fr\/wp-content\/uploads\/2022\/12\/roman-kraft-_Zua2hyvTBk-unsplash-768x513.jpg 768w, https:\/\/cnm.fr\/wp-content\/uploads\/2022\/12\/roman-kraft-_Zua2hyvTBk-unsplash-1536x1025.jpg 1536w, https:\/\/cnm.fr\/wp-content\/uploads\/2022\/12\/roman-kraft-_Zua2hyvTBk-unsplash-2048x1367.jpg 2048w\" \/><figcaption class=\"wp-element-caption\">\u00a9 Roman Kraft<\/figcaption><\/figure>\n<\/div>\n\n\n\n<div class=\"wp-block-column is-vertically-aligned-top is-layout-flow wp-block-column-is-layout-flow\" style=\"flex-basis:100%\">\n<hr class=\"wp-block-separator has-css-opacity is-style-wide\"\/>\n\n\n\n<div class=\"wp-block-cnm-cnm-ancre Pour vous former\"><div id=\"cnm-ancre-revue-de-web\" class=\"cnm-ancre\"><\/div><\/div>\n\n\n\n<h2 class=\"wp-block-heading has-large-font-size\">Revue de web<\/h2>\n\n\n\r\n\r\n\r\n\r\n    \r\n    \r\n    \r\n        <div class=\"cnm-list\"\r\n            data-arrow-color=\"\">\r\n\r\n                            \n<div \nclass=\"wp-block-cnm-cnm-card wp-block-cnm-cnm-card--revue-web\" \n>\n    <a rel=\"noopener noreferrer\" \n    href=\"https:\/\/www.ouest-france.fr\/societe\/egalite-hommes-femmes\/grrrl-camp-une-experience-musicale-collective-reservee-aux-femmes-et-aux-minorites-de-genre-a-saint-brieuc-160f9d6e-3f33-11f1-ac09-2dd9a94cc119\" \n    title=\"Inscriptions pour la formation Grrrl + Camp, une exp\u00e9rience musicale collective r\u00e9serv\u00e9e aux femmes et aux minorit\u00e9s de genre \u00e0 Saint-Brieuc\" \n    class=\"cnm-card__link\" \n    target=\"_blank\"\n    >      \n        \n        <div class=\"cnm-card__content\">\n\n                        <div class=\"cnm-card__content__tag\">\n                www.ouest-france.fr            <\/div>\n            \n            <div class=\"cnm-card__content__surtitle\">   \n                            <\/div>\n\n            <div class=\"cnm-card__content__title\">\n                Grrrl + Camp, une exp\u00e9rience musicale collective r\u00e9serv\u00e9e aux femmes et aux minorit\u00e9s de genre \u00e0 Saint-Brieuc            <\/div>\n            \n                            <div class=\"cnm-card__content__subtitle\">\n                                                            Le CNM s&#8217;engage Agir dans ma structure Pour vous former Pour aller plus loin Revue de web&#8230;                <\/div>\n                        \n                    \n        <\/div>\n                    <div class=\"cnm-card__content__foot\">\n                <span>Article \/ Interview<\/span>                <span>Acc\u00e8s restreint<\/span><\/span>\n                            <\/div>\n            <\/a>\n<\/div>                            \n<div \nclass=\"wp-block-cnm-cnm-card wp-block-cnm-cnm-card--revue-web\" \n>\n    <a rel=\"noopener noreferrer\" \n    href=\"https:\/\/lalettredumusicien.fr\/article\/violences-ou-en-eston-9020\" \n    title=\"Inscriptions pour la formation Un an apr\u00e8s la commission d\u0092enqu\u00eate parlementaire sur les violences dans la culture, o\u00f9 en est-on ?\" \n    class=\"cnm-card__link\" \n    target=\"_blank\"\n    >      \n        \n        <div class=\"cnm-card__content\">\n\n                        <div class=\"cnm-card__content__tag\">\n                lalettredumusicien.fr            <\/div>\n            \n            <div class=\"cnm-card__content__surtitle\">   \n                            <\/div>\n\n            <div class=\"cnm-card__content__title\">\n                Un an apr\u00e8s la commission d\u0092enqu\u00eate parlementaire sur les violences dans la culture, o\u00f9 en est-on ?            <\/div>\n            \n                            <div class=\"cnm-card__content__subtitle\">\n                                                            Le CNM s&#8217;engage Agir dans ma structure Pour vous former Pour aller plus loin Revue de web&#8230;                <\/div>\n                        \n                    \n        <\/div>\n                    <div class=\"cnm-card__content__foot\">\n                <span>Article \/ Interview<\/span>                <span>Acc\u00e8s restreint<\/span><\/span>\n                            <\/div>\n            <\/a>\n<\/div>                            \n<div \nclass=\"wp-block-cnm-cnm-card wp-block-cnm-cnm-card--revue-web\" \n>\n    <a rel=\"noopener noreferrer\" \n    href=\"https:\/\/lalettredumusicien.fr\/article\/entretien-croise-stephaniemarie-degand-et-caroline-sonrier-9016\" \n    title=\"Inscriptions pour la formation Caroline Sonrier, ex-directrice de l\u0092Op\u00e9ra de Lille, et St\u00e9phanie-Marie Degand, violoniste et enseignante, analysent l\u0092\u00e9volution de la place des femmes dans le milieu musical\" \n    class=\"cnm-card__link\" \n    target=\"_blank\"\n    >      \n        \n        <div class=\"cnm-card__content\">\n\n                        <div class=\"cnm-card__content__tag\">\n                lalettredumusicien.fr            <\/div>\n            \n            <div class=\"cnm-card__content__surtitle\">   \n                            <\/div>\n\n            <div class=\"cnm-card__content__title\">\n                Caroline Sonrier, ex-directrice de l\u0092Op\u00e9ra de Lille, et St\u00e9phanie-Marie Degand, violoniste et enseignante, analysent l\u0092\u00e9volution de la place des femmes dans le milieu musical            <\/div>\n            \n                            <div class=\"cnm-card__content__subtitle\">\n                                                            Le CNM s&#8217;engage Agir dans ma structure Pour vous former Pour aller plus loin Revue de web&#8230;                <\/div>\n                        \n                    \n        <\/div>\n                    <div class=\"cnm-card__content__foot\">\n                <span>Article \/ Interview<\/span>                <span>Acc\u00e8s restreint<\/span><\/span>\n                            <\/div>\n            <\/a>\n<\/div>                            \n<div \nclass=\"wp-block-cnm-cnm-card wp-block-cnm-cnm-card--revue-web\" \n>\n    <a rel=\"noopener noreferrer\" \n    href=\"https:\/\/www.telerama.fr\/debats-reportages\/une-petition-demande-l-annulation-de-la-tournee-de-patrick-bruel-accuse-de-multiples-agressions-sexuelles-7030759.php\" \n    title=\"Inscriptions pour la formation Des artistes demandent l\u0092annulation de la tourn\u00e9e de Patrick Bruel, accus\u00e9 de multiples agressions sexuelles\" \n    class=\"cnm-card__link\" \n    target=\"_blank\"\n    >      \n        \n        <div class=\"cnm-card__content\">\n\n                        <div class=\"cnm-card__content__tag\">\n                T\u00c3\u00a9l\u00c3\u00a9rama            <\/div>\n            \n            <div class=\"cnm-card__content__surtitle\">   \n                22 April 2026            <\/div>\n\n            <div class=\"cnm-card__content__title\">\n                Des artistes demandent l\u0092annulation de la tourn\u00e9e de Patrick Bruel, accus\u00e9 de multiples agressions sexuelles            <\/div>\n            \n                            <div class=\"cnm-card__content__subtitle\">\n                                                            Le CNM s&#8217;engage Agir dans ma structure Pour vous former Pour aller plus loin Revue de web&#8230;                <\/div>\n                        \n                    \n        <\/div>\n                    <div class=\"cnm-card__content__foot\">\n                <span>Article \/ Interview<\/span>                <span>Acc\u00e8s restreint<\/span><\/span>\n                            <\/div>\n            <\/a>\n<\/div>                            \n<div \nclass=\"wp-block-cnm-cnm-card wp-block-cnm-cnm-card--revue-web\" \n>\n    <a rel=\"noopener noreferrer\" \n    href=\"https:\/\/www.telerama.fr\/debats-reportages\/patrick-bruel-peut-il-decemment-se-produire-en-concert-les-associations-feministes-repondent-non-7030727.php\" \n    title=\"Inscriptions pour la formation Patrick Bruel peut-il d\u00e9cemment se produire en concert ? Les associations f\u00e9ministes r\u00e9pondent non\" \n    class=\"cnm-card__link\" \n    target=\"_blank\"\n    >      \n        \n        <div class=\"cnm-card__content\">\n\n                        <div class=\"cnm-card__content__tag\">\n                T\u00c3\u00a9l\u00c3\u00a9rama            <\/div>\n            \n            <div class=\"cnm-card__content__surtitle\">   \n                20 April 2026            <\/div>\n\n            <div class=\"cnm-card__content__title\">\n                Patrick Bruel peut-il d\u00e9cemment se produire en concert ? Les associations f\u00e9ministes r\u00e9pondent non            <\/div>\n            \n                            <div class=\"cnm-card__content__subtitle\">\n                                                            Le CNM s&#8217;engage Agir dans ma structure Pour vous former Pour aller plus loin Revue de web&#8230;                <\/div>\n                        \n                    \n        <\/div>\n                    <div class=\"cnm-card__content__foot\">\n                <span>Article \/ Interview<\/span>                <span>Acc\u00e8s restreint<\/span><\/span>\n                            <\/div>\n            <\/a>\n<\/div>                            \n<div \nclass=\"wp-block-cnm-cnm-card wp-block-cnm-cnm-card--revue-web\" \n>\n    <a rel=\"noopener noreferrer\" \n    href=\"https:\/\/lalettredumusicien.fr\/article\/emploides-femmes-pourquoi-des-trajectoires-en-pointilles-9011\" \n    title=\"Inscriptions pour la formation Emploi?des femmes : pourquoi des trajectoires en pointill\u00e9s??\" \n    class=\"cnm-card__link\" \n    target=\"_blank\"\n    >      \n        \n        <div class=\"cnm-card__content\">\n\n                        <div class=\"cnm-card__content__tag\">\n                lalettredumusicien.fr            <\/div>\n            \n            <div class=\"cnm-card__content__surtitle\">   \n                            <\/div>\n\n            <div class=\"cnm-card__content__title\">\n                Emploi?des femmes : pourquoi des trajectoires en pointill\u00e9s??            <\/div>\n            \n                            <div class=\"cnm-card__content__subtitle\">\n                                                            Le CNM s&#8217;engage Agir dans ma structure Pour vous former Pour aller plus loin Revue de web&#8230;                <\/div>\n                        \n                    \n        <\/div>\n                    <div class=\"cnm-card__content__foot\">\n                <span>Article \/ Interview<\/span>                <span>Acc\u00e8s restreint<\/span><\/span>\n                            <\/div>\n            <\/a>\n<\/div>                            \n<div \nclass=\"wp-block-cnm-cnm-card wp-block-cnm-cnm-card--revue-web\" \n>\n    <a rel=\"noopener noreferrer\" \n    href=\"https:\/\/www.tsugi.fr\/ex-aequa-sengage-pour-une-scene-electronique-plus-inclusive-avec-la-seconde-edition-de-son-programme\/\" \n    title=\"Inscriptions pour la formation Le programme international Ex Aequa s\u0092engage pour une sc\u00e8ne musicale \u00e9lectronique plus inclusive\" \n    class=\"cnm-card__link\" \n    target=\"_blank\"\n    >      \n        \n        <div class=\"cnm-card__content\">\n\n                        <div class=\"cnm-card__content__tag\">\n                TSUGI            <\/div>\n            \n            <div class=\"cnm-card__content__surtitle\">   \n                15 April 2026            <\/div>\n\n            <div class=\"cnm-card__content__title\">\n                Le programme international Ex Aequa s\u0092engage pour une sc\u00e8ne musicale \u00e9lectronique plus inclusive            <\/div>\n            \n                            <div class=\"cnm-card__content__subtitle\">\n                                                            Le CNM s&#8217;engage Agir dans ma structure Pour vous former Pour aller plus loin Revue de web&#8230;                <\/div>\n                        \n                    \n        <\/div>\n                    <div class=\"cnm-card__content__foot\">\n                <span>Article \/ Interview<\/span>                <span>Acc\u00e8s restreint<\/span><\/span>\n                            <\/div>\n            <\/a>\n<\/div>                            \n<div \nclass=\"wp-block-cnm-cnm-card wp-block-cnm-cnm-card--revue-web\" \n>\n    <a rel=\"noopener noreferrer\" \n    href=\"https:\/\/www.lecollectifdesfestivals.org\/collectif\/2026\/04\/fiche-pratique-lutter-contre-les-discriminations-ethno-raciales-dans-les-musiques-actuelles\/\" \n    title=\"Inscriptions pour la formation Lutter contre les discriminations ethno-raciales dans les musiques actuelles\" \n    class=\"cnm-card__link\" \n    target=\"_blank\"\n    >      \n        \n        <div class=\"cnm-card__content\">\n\n                        <div class=\"cnm-card__content__tag\">\n                Le Collectif des festivals            <\/div>\n            \n            <div class=\"cnm-card__content__surtitle\">   \n                14 April 2026            <\/div>\n\n            <div class=\"cnm-card__content__title\">\n                Lutter contre les discriminations ethno-raciales dans les musiques actuelles            <\/div>\n            \n                            <div class=\"cnm-card__content__subtitle\">\n                                                            Le CNM s&#8217;engage Agir dans ma structure Pour vous former Pour aller plus loin Revue de web&#8230;                <\/div>\n                        \n                    \n        <\/div>\n                    <div class=\"cnm-card__content__foot\">\n                <span>Fiche conseil \/ Guide<\/span>                <span>Acc\u00e8s restreint<\/span><\/span>\n                            <\/div>\n            <\/a>\n<\/div>                            \n<div \nclass=\"wp-block-cnm-cnm-card wp-block-cnm-cnm-card--revue-web\" \n>\n    <a rel=\"noopener noreferrer\" \n    href=\"https:\/\/www.tsugi.fr\/avec-plus-de-300-temoignages-recueillis-metoodjs-brise-lomerta-des-vhss-sur-la-scene-electronique\/\" \n    title=\"Inscriptions pour la formation Avec plus de 300 t\u00e9moignages recueillis, #MeTooDJs brise l\u0092omerta des VHSS sur la sc\u00e8ne \u00e9lectronique\" \n    class=\"cnm-card__link\" \n    target=\"_blank\"\n    >      \n        \n        <div class=\"cnm-card__content\">\n\n                        <div class=\"cnm-card__content__tag\">\n                TSUGI            <\/div>\n            \n            <div class=\"cnm-card__content__surtitle\">   \n                12 April 2026            <\/div>\n\n            <div class=\"cnm-card__content__title\">\n                Avec plus de 300 t\u00e9moignages recueillis, #MeTooDJs brise l\u0092omerta des VHSS sur la sc\u00e8ne \u00e9lectronique            <\/div>\n            \n                            <div class=\"cnm-card__content__subtitle\">\n                                                            Le CNM s&#8217;engage Agir dans ma structure Pour vous former Pour aller plus loin Revue de web&#8230;                <\/div>\n                        \n                    \n        <\/div>\n                    <div class=\"cnm-card__content__foot\">\n                <span>Article \/ Interview<\/span>                <span>Acc\u00e8s restreint<\/span><\/span>\n                            <\/div>\n            <\/a>\n<\/div>                            \n<div \nclass=\"wp-block-cnm-cnm-card wp-block-cnm-cnm-card--revue-web\" \n>\n    <a rel=\"noopener noreferrer\" \n    href=\"https:\/\/www.leparisien.fr\/paris-75\/le-probleme-est-toujours-la-les-victimes-de-violences-grandes-oubliees-des-80-ans-de-la-chorale-de-radio-france-10-04-2026-KF57JDSQ6JAYZLIYRJI3DBXAVA.php\" \n    title=\"Inscriptions pour la formation \u00ab Le probl\u00e8me est toujours l\u00e0 \u00bb : les victimes de violences, grandes oubli\u00e9es des 80 ans de la chorale de Radio France\" \n    class=\"cnm-card__link\" \n    target=\"_blank\"\n    >      \n        \n        <div class=\"cnm-card__content\">\n\n                        <div class=\"cnm-card__content__tag\">\n                leparisien.fr            <\/div>\n            \n            <div class=\"cnm-card__content__surtitle\">   \n                9 April 2026            <\/div>\n\n            <div class=\"cnm-card__content__title\">\n                \u00ab Le probl\u00e8me est toujours l\u00e0 \u00bb : les victimes de violences, grandes oubli\u00e9es des 80 ans de la chorale de Radio France            <\/div>\n            \n                            <div class=\"cnm-card__content__subtitle\">\n                                                            Le CNM s&#8217;engage Agir dans ma structure Pour vous former Pour aller plus loin Revue de web&#8230;                <\/div>\n                        \n                    \n        <\/div>\n                    <div class=\"cnm-card__content__foot\">\n                <span>Article \/ Interview<\/span>                <span>Acc\u00e8s restreint<\/span><\/span>\n                            <\/div>\n            <\/a>\n<\/div>            \r\n        <\/div>\r\n\r\n        <div class=\"cnm-pagination\"><span aria-current=\"page\" class=\"page-numbers current\">1<\/span><a class=\"page-numbers\" href=\"\/en\/wp-json\/wp\/v2\/mini-site\/953167?rwOffset=10\">2<\/a><a class=\"page-numbers\" href=\"\/en\/wp-json\/wp\/v2\/mini-site\/953167?rwOffset=20\">3<\/a><span class=\"page-numbers dots\">\u2026<\/span><a class=\"page-numbers\" href=\"\/en\/wp-json\/wp\/v2\/mini-site\/953167?rwOffset=50\">6<\/a><a class=\"next page-numbers\" href=\"\/en\/wp-json\/wp\/v2\/mini-site\/953167?rwOffset=10\"><i class=\"cnm-icon-ArrowRight\"><\/i><\/a><\/div>\r\n    \r\n    <\/div>\n<\/div>\n","protected":false},"excerpt":{"rendered":"<p>Le CNM s&#8217;engage Agir dans ma structure Pour vous former Pour aller plus loin Revue de web<\/p>\n","protected":false},"featured_media":2039862,"parent":0,"menu_order":0,"template":"","class_list":["post-953167","mini-site","type-mini-site","status-publish","has-post-thumbnail","hentry"],"acf":[],"yoast_head":"<!-- This site is optimized with the Yoast SEO plugin v27.0 - https:\/\/yoast.com\/product\/yoast-seo-wordpress\/ -->\n<title>\u00c9galit\u00e9 et inclusion - Le CNM : Centre national de la musique<\/title>\n<meta name=\"robots\" content=\"index, follow, max-snippet:-1, max-image-preview:large, max-video-preview:-1\" \/>\n<link rel=\"canonical\" href=\"https:\/\/cnm.fr\/focus\/egalite-et-inclusion\/\" \/>\n<meta property=\"og:locale\" content=\"en_US\" \/>\n<meta property=\"og:type\" content=\"article\" \/>\n<meta property=\"og:title\" content=\"\u00c9galit\u00e9 et inclusion - Le CNM : Centre national de la musique\" \/>\n<meta property=\"og:description\" content=\"Le CNM s&#8217;engage Agir dans ma structure Pour vous former Pour aller plus loin Revue de web\" \/>\n<meta property=\"og:url\" content=\"https:\/\/cnm.fr\/focus\/egalite-et-inclusion\/\" \/>\n<meta property=\"og:site_name\" content=\"Le CNM : Centre national de la musique\" \/>\n<meta property=\"article:publisher\" content=\"https:\/\/www.facebook.com\/LeCentrenationaldelamusique\" \/>\n<meta property=\"article:modified_time\" content=\"2026-04-23T14:21:20+00:00\" \/>\n<meta property=\"og:image\" content=\"https:\/\/cnm.fr\/wp-content\/uploads\/2022\/12\/DSC01144-scaled.jpg\" \/>\n\t<meta property=\"og:image:width\" content=\"2560\" \/>\n\t<meta property=\"og:image:height\" content=\"1707\" \/>\n\t<meta property=\"og:image:type\" content=\"image\/jpeg\" \/>\n<meta name=\"twitter:card\" content=\"summary_large_image\" \/>\n<meta name=\"twitter:site\" content=\"@le_CNM\" \/>\n<meta name=\"twitter:label1\" content=\"Est. reading time\" \/>\n\t<meta name=\"twitter:data1\" content=\"4 minutes\" \/>\n<script type=\"application\/ld+json\" class=\"yoast-schema-graph\">{\"@context\":\"https:\/\/schema.org\",\"@graph\":[{\"@type\":\"WebPage\",\"@id\":\"https:\/\/cnm.fr\/focus\/egalite-et-inclusion\/\",\"url\":\"https:\/\/cnm.fr\/focus\/egalite-et-inclusion\/\",\"name\":\"\u00c9galit\u00e9 et inclusion - Le CNM : Centre national de la musique\",\"isPartOf\":{\"@id\":\"https:\/\/cnm.fr\/#website\"},\"primaryImageOfPage\":{\"@id\":\"https:\/\/cnm.fr\/focus\/egalite-et-inclusion\/#primaryimage\"},\"image\":{\"@id\":\"https:\/\/cnm.fr\/focus\/egalite-et-inclusion\/#primaryimage\"},\"thumbnailUrl\":\"https:\/\/cnm.fr\/wp-content\/uploads\/2022\/12\/DSC01144-scaled.jpg\",\"datePublished\":\"2022-12-07T08:30:44+00:00\",\"dateModified\":\"2026-04-23T14:21:20+00:00\",\"breadcrumb\":{\"@id\":\"https:\/\/cnm.fr\/focus\/egalite-et-inclusion\/#breadcrumb\"},\"inLanguage\":\"en-US\",\"potentialAction\":[{\"@type\":\"ReadAction\",\"target\":[\"https:\/\/cnm.fr\/focus\/egalite-et-inclusion\/\"]}]},{\"@type\":\"ImageObject\",\"inLanguage\":\"en-US\",\"@id\":\"https:\/\/cnm.fr\/focus\/egalite-et-inclusion\/#primaryimage\",\"url\":\"https:\/\/cnm.fr\/wp-content\/uploads\/2022\/12\/DSC01144-scaled.jpg\",\"contentUrl\":\"https:\/\/cnm.fr\/wp-content\/uploads\/2022\/12\/DSC01144-scaled.jpg\",\"width\":2560,\"height\":1707,\"caption\":\"\u00a9 Chlo\u00e9 Le Ferrand\"},{\"@type\":\"BreadcrumbList\",\"@id\":\"https:\/\/cnm.fr\/focus\/egalite-et-inclusion\/#breadcrumb\",\"itemListElement\":[{\"@type\":\"ListItem\",\"position\":1,\"name\":\"CNM\",\"item\":\"https:\/\/cnm.fr\/en\/\"},{\"@type\":\"ListItem\",\"position\":2,\"name\":\"Focus\",\"item\":\"https:\/\/cnm.fr\/focus\/\"},{\"@type\":\"ListItem\",\"position\":3,\"name\":\"\u00c9galit\u00e9 et inclusion\"}]},{\"@type\":\"WebSite\",\"@id\":\"https:\/\/cnm.fr\/#website\",\"url\":\"https:\/\/cnm.fr\/\",\"name\":\"Le CNM : Centre national de la musique\",\"description\":\"\",\"publisher\":{\"@id\":\"https:\/\/cnm.fr\/#organization\"},\"potentialAction\":[{\"@type\":\"SearchAction\",\"target\":{\"@type\":\"EntryPoint\",\"urlTemplate\":\"https:\/\/cnm.fr\/?s={search_term_string}\"},\"query-input\":{\"@type\":\"PropertyValueSpecification\",\"valueRequired\":true,\"valueName\":\"search_term_string\"}}],\"inLanguage\":\"en-US\"},{\"@type\":\"Organization\",\"@id\":\"https:\/\/cnm.fr\/#organization\",\"name\":\"Centre national de la musique\",\"alternateName\":\"CNM\",\"url\":\"https:\/\/cnm.fr\/\",\"logo\":{\"@type\":\"ImageObject\",\"inLanguage\":\"en-US\",\"@id\":\"https:\/\/cnm.fr\/#\/schema\/logo\/image\/\",\"url\":\"https:\/\/cnm.fr\/wp-content\/uploads\/2023\/06\/CNM-logo_rvb-02-1024x470-2.png\",\"contentUrl\":\"https:\/\/cnm.fr\/wp-content\/uploads\/2023\/06\/CNM-logo_rvb-02-1024x470-2.png\",\"width\":784,\"height\":227,\"caption\":\"Centre national de la musique\"},\"image\":{\"@id\":\"https:\/\/cnm.fr\/#\/schema\/logo\/image\/\"},\"sameAs\":[\"https:\/\/www.facebook.com\/LeCentrenationaldelamusique\",\"https:\/\/x.com\/le_CNM\",\"https:\/\/www.linkedin.com\/company\/centrenationaldelamusique\",\"https:\/\/www.instagram.com\/le_cnm\/\"]}]}<\/script>\n<!-- \/ Yoast SEO plugin. -->","yoast_head_json":{"title":"\u00c9galit\u00e9 et inclusion - Le CNM : Centre national de la musique","robots":{"index":"index","follow":"follow","max-snippet":"max-snippet:-1","max-image-preview":"max-image-preview:large","max-video-preview":"max-video-preview:-1"},"canonical":"https:\/\/cnm.fr\/focus\/egalite-et-inclusion\/","og_locale":"en_US","og_type":"article","og_title":"\u00c9galit\u00e9 et inclusion - Le CNM : Centre national de la musique","og_description":"Le CNM s&#8217;engage Agir dans ma structure Pour vous former Pour aller plus loin Revue de web","og_url":"https:\/\/cnm.fr\/focus\/egalite-et-inclusion\/","og_site_name":"Le CNM : Centre national de la musique","article_publisher":"https:\/\/www.facebook.com\/LeCentrenationaldelamusique","article_modified_time":"2026-04-23T14:21:20+00:00","og_image":[{"width":2560,"height":1707,"url":"https:\/\/cnm.fr\/wp-content\/uploads\/2022\/12\/DSC01144-scaled.jpg","type":"image\/jpeg"}],"twitter_card":"summary_large_image","twitter_site":"@le_CNM","twitter_misc":{"Est. reading time":"4 minutes"},"schema":{"@context":"https:\/\/schema.org","@graph":[{"@type":"WebPage","@id":"https:\/\/cnm.fr\/focus\/egalite-et-inclusion\/","url":"https:\/\/cnm.fr\/focus\/egalite-et-inclusion\/","name":"\u00c9galit\u00e9 et inclusion - Le CNM : Centre national de la musique","isPartOf":{"@id":"https:\/\/cnm.fr\/#website"},"primaryImageOfPage":{"@id":"https:\/\/cnm.fr\/focus\/egalite-et-inclusion\/#primaryimage"},"image":{"@id":"https:\/\/cnm.fr\/focus\/egalite-et-inclusion\/#primaryimage"},"thumbnailUrl":"https:\/\/cnm.fr\/wp-content\/uploads\/2022\/12\/DSC01144-scaled.jpg","datePublished":"2022-12-07T08:30:44+00:00","dateModified":"2026-04-23T14:21:20+00:00","breadcrumb":{"@id":"https:\/\/cnm.fr\/focus\/egalite-et-inclusion\/#breadcrumb"},"inLanguage":"en-US","potentialAction":[{"@type":"ReadAction","target":["https:\/\/cnm.fr\/focus\/egalite-et-inclusion\/"]}]},{"@type":"ImageObject","inLanguage":"en-US","@id":"https:\/\/cnm.fr\/focus\/egalite-et-inclusion\/#primaryimage","url":"https:\/\/cnm.fr\/wp-content\/uploads\/2022\/12\/DSC01144-scaled.jpg","contentUrl":"https:\/\/cnm.fr\/wp-content\/uploads\/2022\/12\/DSC01144-scaled.jpg","width":2560,"height":1707,"caption":"\u00a9 Chlo\u00e9 Le Ferrand"},{"@type":"BreadcrumbList","@id":"https:\/\/cnm.fr\/focus\/egalite-et-inclusion\/#breadcrumb","itemListElement":[{"@type":"ListItem","position":1,"name":"CNM","item":"https:\/\/cnm.fr\/en\/"},{"@type":"ListItem","position":2,"name":"Focus","item":"https:\/\/cnm.fr\/focus\/"},{"@type":"ListItem","position":3,"name":"\u00c9galit\u00e9 et inclusion"}]},{"@type":"WebSite","@id":"https:\/\/cnm.fr\/#website","url":"https:\/\/cnm.fr\/","name":"Le CNM : Centre national de la musique","description":"","publisher":{"@id":"https:\/\/cnm.fr\/#organization"},"potentialAction":[{"@type":"SearchAction","target":{"@type":"EntryPoint","urlTemplate":"https:\/\/cnm.fr\/?s={search_term_string}"},"query-input":{"@type":"PropertyValueSpecification","valueRequired":true,"valueName":"search_term_string"}}],"inLanguage":"en-US"},{"@type":"Organization","@id":"https:\/\/cnm.fr\/#organization","name":"Centre national de la musique","alternateName":"CNM","url":"https:\/\/cnm.fr\/","logo":{"@type":"ImageObject","inLanguage":"en-US","@id":"https:\/\/cnm.fr\/#\/schema\/logo\/image\/","url":"https:\/\/cnm.fr\/wp-content\/uploads\/2023\/06\/CNM-logo_rvb-02-1024x470-2.png","contentUrl":"https:\/\/cnm.fr\/wp-content\/uploads\/2023\/06\/CNM-logo_rvb-02-1024x470-2.png","width":784,"height":227,"caption":"Centre national de la musique"},"image":{"@id":"https:\/\/cnm.fr\/#\/schema\/logo\/image\/"},"sameAs":["https:\/\/www.facebook.com\/LeCentrenationaldelamusique","https:\/\/x.com\/le_CNM","https:\/\/www.linkedin.com\/company\/centrenationaldelamusique","https:\/\/www.instagram.com\/le_cnm\/"]}]}},"_links":{"self":[{"href":"https:\/\/cnm.fr\/en\/wp-json\/wp\/v2\/mini-site\/953167","targetHints":{"allow":["GET"]}}],"collection":[{"href":"https:\/\/cnm.fr\/en\/wp-json\/wp\/v2\/mini-site"}],"about":[{"href":"https:\/\/cnm.fr\/en\/wp-json\/wp\/v2\/types\/mini-site"}],"version-history":[{"count":61,"href":"https:\/\/cnm.fr\/en\/wp-json\/wp\/v2\/mini-site\/953167\/revisions"}],"predecessor-version":[{"id":4297420,"href":"https:\/\/cnm.fr\/en\/wp-json\/wp\/v2\/mini-site\/953167\/revisions\/4297420"}],"wp:featuredmedia":[{"embeddable":true,"href":"https:\/\/cnm.fr\/en\/wp-json\/wp\/v2\/media\/2039862"}],"wp:attachment":[{"href":"https:\/\/cnm.fr\/en\/wp-json\/wp\/v2\/media?parent=953167"}],"curies":[{"name":"wp","href":"https:\/\/api.w.org\/{rel}","templated":true}]}}