{"id":953725,"date":"2023-08-06T20:44:05","date_gmt":"2023-08-06T18:44:05","guid":{"rendered":"https:\/\/cnm.fr\/?post_type=mini-site&#038;p=953725"},"modified":"2026-02-03T10:13:36","modified_gmt":"2026-02-03T09:13:36","slug":"lieux-de-musique-et-de-varietes-salles-et-festivals","status":"publish","type":"mini-site","link":"https:\/\/cnm.fr\/en\/focus\/lieux-de-musique-et-de-varietes-salles-et-festivals\/","title":{"rendered":"Lieux de musique et de vari\u00e9t\u00e9s : salles et festivals"},"content":{"rendered":"<div class=\"alignfull wp-block-cnm-cnm-intro\">\r\n\r\n    <div class=\"wp-block-columns cnm-intro__hr\">\r\n        <div class=\"wp-block-column\">\r\n            <hr class=\"wp-block-separator has-alpha-channel-opacity is-style-wide\" \/>\r\n        <\/div>\r\n        <div class=\"wp-block-column\">\r\n            <hr class=\"wp-block-separator has-alpha-channel-opacity is-style-wide\" \/>\r\n        <\/div>\r\n    <\/div>\r\n\r\n    <div class=\"is-layout-flex wp-block-columns cnm-intro__columns\">\r\n\r\n        <div class=\"wp-block-column is-layout-flow \">\r\n\r\n                            <div \r\n                    class=\"cnm-intro__icon\" \r\n                >\r\n                    <i class=\"cnm-icon-spe-Observation\"><\/i>\r\n                <\/div>\r\n            \r\n            <div class=\"cnm-intro__thumb\">\r\n                            <\/div>\r\n        <\/div>\r\n        <div class=\"wp-block-column is-layout-flow \">\r\n            <div class=\"cnm-intro__content\">\r\n                \n<p>Accompagner la transition des lieux<\/p>\n\n<p class=\"has-medium-font-size\"><em>Portail de ressources autour des enjeux de transition des lieux<br>et des projets d&#8217;investissements en termes de transition \u00e9cologique, s\u00e9curit\u00e9, s\u00fbret\u00e9, gestion sonore, exp\u00e9rience spectateur, qualit\u00e9 d&#8217;accueil, etc.<\/em><\/p>\n            <\/div>\r\n        <\/div>\r\n        <div class=\"wp-block-column is-layout-flow \">\r\n                    <\/div>\r\n    <\/div>\r\n<\/div>\n\n\n<div class=\"wp-block-columns is-layout-flex wp-container-core-columns-is-layout-a3fb4261 wp-block-columns-is-layout-flex\" style=\"padding-right:2rem;padding-left:2rem\">\n<div class=\"wp-block-column is-layout-flow wp-block-column-is-layout-flow\" style=\"flex-basis:35rem\">\n<div style=\"height:1rem\" aria-hidden=\"true\" class=\"wp-block-spacer\"><\/div>\n\n\n\n<hr class=\"wp-block-separator has-css-opacity is-style-wide\"\/>\n\n\n\n<div style=\"height:1rem\" aria-hidden=\"true\" class=\"wp-block-spacer\"><\/div>\n\n\n\n<figure class=\"wp-block-image aligncenter size-thumbnail has-custom-border is-style-rounded\"><img decoding=\"async\" width=\"150\" height=\"150\" sizes=\"(max-width: min(calc(100% - 2rem), 150px)) 100vw, min(calc(100% - 2rem), 150px)\" src=\"https:\/\/cnm.fr\/wp-content\/uploads\/2021\/03\/sean-lee-eOYjTbizxBo-unsplash-1-150x150.jpg\" alt=\"\" class=\"wp-image-953686\" style=\"border-radius:100%\"\/><figcaption class=\"wp-element-caption\">\u00a9 Sean Lee<\/figcaption><\/figure>\n<\/div>\n\n\n\n<div class=\"wp-block-column is-layout-flow wp-block-column-is-layout-flow\" style=\"flex-basis:100%\">\n<div style=\"height:1rem\" aria-hidden=\"true\" class=\"wp-block-spacer\"><\/div>\n\n\n\n<hr class=\"wp-block-separator has-css-opacity is-style-wide\"\/>\n\n\n\n<div style=\"height:1rem\" aria-hidden=\"true\" class=\"wp-block-spacer\"><\/div>\n\n\n\n<h2 class=\"wp-block-heading\">Ressources<\/h2>\n\n\n\n<ul class=\"wp-block-list\">\n<li>\u00c9tudes <\/li>\n\n\n\n<li>R\u00e9glementations<\/li>\n<\/ul>\n\n\n    <div class=\"wp-block-cnm-cnm-bouton\">\n                    <a \n\t\t\thref=\"https:\/\/cnm.fr\/mini-site\/lieux-de-musique-et-de-varietes-salles-et-festivals\/ressources-lieux\/\" \n\t\t\ttitle=\"En savoir plus\"\n\t\t\tclass=\"cnm-bouton cnm-bouton--bordered\" target=\"_blank\" rel=\"noopener\"\n\t\t\t>\n                <div class=\"cnm-bouton__content\">\n                                        <div class=\"cnm-bouton__title\">En savoir plus<\/div>                                    <\/div>\n                <div class=\"cnm-bouton__icon\"><i class=\"cnm-icon-LinkExternal\"><\/i><\/div>            <\/a>\n        \n        <hr class=\"wp-block-separator has-alpha-channel-opacity is-style-wide\" \/>\n    <\/div>\n    \n\n\n<h2 class=\"wp-block-heading\">Aides aux lieux <\/h2>\n\n\n\n<ul class=\"wp-block-list\">\n<li>Guide du soutien \u00e0 l&#8217;investissement au CNM<\/li>\n\n\n\n<li>Autres types ou natures de soutien <\/li>\n<\/ul>\n\n\n    <div class=\"wp-block-cnm-cnm-bouton\">\n                    <a \n\t\t\thref=\"https:\/\/cnm.fr\/mini-site\/lieux-de-musique-et-de-varietes-salles-et-festivals\/aides-aux-lieux\/\" \n\t\t\ttitle=\"En savoir plus\"\n\t\t\tclass=\"cnm-bouton cnm-bouton--bordered\" target=\"_blank\" rel=\"noopener\"\n\t\t\t>\n                <div class=\"cnm-bouton__content\">\n                                        <div class=\"cnm-bouton__title\">En savoir plus<\/div>                                    <\/div>\n                <div class=\"cnm-bouton__icon\"><i class=\"cnm-icon-LinkExternal\"><\/i><\/div>            <\/a>\n        \n        <hr class=\"wp-block-separator has-alpha-channel-opacity is-style-wide\" \/>\n    <\/div>\n    \n\n\n<h2 class=\"wp-block-heading\">Annuaire, r\u00e9f\u00e9rencements <\/h2>\n\n\n\n<ul class=\"wp-block-list\">\n<li>Diagnostics et expertises <\/li>\n\n\n\n<li>Contacts utiles<\/li>\n\n\n\n<li>Appel \u00e0 r\u00e9f\u00e9rencement<\/li>\n<\/ul>\n\n\n    <div class=\"wp-block-cnm-cnm-bouton\">\n                    <a \n\t\t\thref=\"https:\/\/cnm.fr\/mini-site\/lieux-de-musique-et-de-varietes-salles-et-festivals\/annuaire-referencements\/\" \n\t\t\ttitle=\"En savoir plus\"\n\t\t\tclass=\"cnm-bouton cnm-bouton--bordered\" target=\"_blank\" rel=\"noopener\"\n\t\t\t>\n                <div class=\"cnm-bouton__content\">\n                                        <div class=\"cnm-bouton__title\">En savoir plus<\/div>                                    <\/div>\n                <div class=\"cnm-bouton__icon\"><i class=\"cnm-icon-LinkExternal\"><\/i><\/div>            <\/a>\n        \n        <hr class=\"wp-block-separator has-alpha-channel-opacity is-style-wide\" \/>\n    <\/div>\n    \n\n\n<h2 class=\"wp-block-heading has-text-align-center\">Revue web<\/h2>\n\n\n\r\n\r\n\r\n\r\n    \r\n    \r\n    \r\n        <div class=\"cnm-list\"\r\n            data-arrow-color=\"\">\r\n\r\n                            \n<div \nclass=\"wp-block-cnm-cnm-card wp-block-cnm-cnm-card--revue-web\" \n>\n    <a rel=\"noopener noreferrer\" \n    href=\"https:\/\/www.lesechos.fr\/pme-regions\/ile-de-france\/avec-le-bal-chavaux-montreuil-accueille-une-nouvelle-salle-de-concerts-en-plein-centre-commercial-2227045\" \n    title=\"Inscriptions pour la formation Montreuil - Avec le Bal Chavaux, une nouvelle salle de concerts en plein centre commercial\" \n    class=\"cnm-card__link\" \n    target=\"_blank\"\n    >      \n        \n        <div class=\"cnm-card__content\">\n\n                        <div class=\"cnm-card__content__tag\">\n                www.lesechos.fr            <\/div>\n            \n            <div class=\"cnm-card__content__surtitle\">   \n                            <\/div>\n\n            <div class=\"cnm-card__content__title\">\n                Montreuil &#8211; Avec le Bal Chavaux, une nouvelle salle de concerts en plein centre commercial            <\/div>\n            \n                        \n                            <div class=\"cnm-card__content__foot\">\n                    <span>Article \/ Interview<\/span>                    <span>Acc\u00e8s restreint<\/span><\/span>\n                                    <\/div>\n                    \n        <\/div>\n            <\/a>\n<\/div>                            \n<div \nclass=\"wp-block-cnm-cnm-card wp-block-cnm-cnm-card--revue-web\" \n>\n    <a rel=\"noopener noreferrer\" \n    href=\"https:\/\/radio-boa.bzh\/fr\/boa\/11415\/80268\" \n    title=\"Inscriptions pour la formation La sant\u00e9 financi\u00e8re des festivals en 2026\" \n    class=\"cnm-card__link\" \n    target=\"_blank\"\n    >      \n        \n        <div class=\"cnm-card__content\">\n\n                        <div class=\"cnm-card__content__tag\">\n                radio-boa.bzh            <\/div>\n            \n            <div class=\"cnm-card__content__surtitle\">   \n                            <\/div>\n\n            <div class=\"cnm-card__content__title\">\n                La sant\u00e9 financi\u00e8re des festivals en 2026            <\/div>\n            \n                        \n                            <div class=\"cnm-card__content__foot\">\n                    <span>Audio<\/span>                    <span>Acc\u00e8s restreint<\/span><\/span>\n                                    <\/div>\n                    \n        <\/div>\n            <\/a>\n<\/div>                            \n<div \nclass=\"wp-block-cnm-cnm-card wp-block-cnm-cnm-card--revue-web\" \n>\n    <a rel=\"noopener noreferrer\" \n    href=\"https:\/\/culture.newstank.fr\/article\/view\/438370\/paris-laurent-ruquier-nouveau-proprietaire-directeur-comedie-studio-champs.html\" \n    title=\"Inscriptions pour la formation Paris - Laurent Ruquier nouveau propri\u00e9taire et directeur de la Com\u00e9die et du Studio des Champs-\u00c9lys\u00e9es\" \n    class=\"cnm-card__link\" \n    target=\"_blank\"\n    >      \n        \n        <div class=\"cnm-card__content\">\n\n                        <div class=\"cnm-card__content__tag\">\n                News Tank Culture            <\/div>\n            \n            <div class=\"cnm-card__content__surtitle\">   \n                            <\/div>\n\n            <div class=\"cnm-card__content__title\">\n                Paris &#8211; Laurent Ruquier nouveau propri\u00e9taire et directeur de la Com\u00e9die et du Studio des Champs-\u00c9lys\u00e9es            <\/div>\n            \n                        \n                            <div class=\"cnm-card__content__foot\">\n                    <span>Article \/ Interview<\/span>                    <span>Acc\u00e8s restreint<\/span><\/span>\n                                    <\/div>\n                    \n        <\/div>\n            <\/a>\n<\/div>                            \n<div \nclass=\"wp-block-cnm-cnm-card wp-block-cnm-cnm-card--revue-web\" \n>\n    <a rel=\"noopener noreferrer\" \n    href=\"https:\/\/www.estrepublicain.fr\/economie\/2026\/04\/20\/plus-de-200-000-d-aides-publiques-face-aux-critiques-le-jardin-du-michel-devoile-son-budget\" \n    title=\"Inscriptions pour la formation Toul - Face aux critiques, le Jardin du Michel d\u00e9voile son budget\" \n    class=\"cnm-card__link\" \n    target=\"_blank\"\n    >      \n        \n        <div class=\"cnm-card__content\">\n\n                        <div class=\"cnm-card__content__tag\">\n                www.estrepublicain.fr            <\/div>\n            \n            <div class=\"cnm-card__content__surtitle\">   \n                            <\/div>\n\n            <div class=\"cnm-card__content__title\">\n                Toul &#8211; Face aux critiques, le Jardin du Michel d\u00e9voile son budget            <\/div>\n            \n                        \n                            <div class=\"cnm-card__content__foot\">\n                    <span>Article \/ Interview<\/span>                    <span>Acc\u00e8s restreint<\/span><\/span>\n                                    <\/div>\n                    \n        <\/div>\n            <\/a>\n<\/div>                            \n<div \nclass=\"wp-block-cnm-cnm-card wp-block-cnm-cnm-card--revue-web\" \n>\n    <a rel=\"noopener noreferrer\" \n    href=\"https:\/\/www.pressreader.com\/france\/society-france\/20260423\/textview?popupArticleId=282742003388606\" \n    title=\"Inscriptions pour la formation Festivals : se r\u00e9inventer pour durer\" \n    class=\"cnm-card__link\" \n    target=\"_blank\"\n    >      \n        \n        <div class=\"cnm-card__content\">\n\n                        <div class=\"cnm-card__content__tag\">\n                www.pressreader.com            <\/div>\n            \n            <div class=\"cnm-card__content__surtitle\">   \n                            <\/div>\n\n            <div class=\"cnm-card__content__title\">\n                Festivals : se r\u00e9inventer pour durer            <\/div>\n            \n                        \n                            <div class=\"cnm-card__content__foot\">\n                    <span>Article \/ Interview<\/span>                    <span>Acc\u00e8s restreint<\/span><\/span>\n                    <span>EN<\/span>                <\/div>\n                    \n        <\/div>\n            <\/a>\n<\/div>                            \n<div \nclass=\"wp-block-cnm-cnm-card wp-block-cnm-cnm-card--revue-web\" \n>\n    <a rel=\"noopener noreferrer\" \n    href=\"https:\/\/www.ecologie.gouv.fr\/presse\/groupe-travail-reglementation-sonore-festivals-plein-air-engagement-dune-phase-consultations\" \n    title=\"Inscriptions pour la formation Le Gouvernement annonce une phase de consultations sur la r\u00e9glementation sonore des festivals en plein air\" \n    class=\"cnm-card__link\" \n    target=\"_blank\"\n    >      \n        \n        <div class=\"cnm-card__content\">\n\n                        <div class=\"cnm-card__content__tag\">\n                Minist\u00e8res Am\u00e9nagement du territoire Transition \u00e9cologique            <\/div>\n            \n            <div class=\"cnm-card__content__surtitle\">   \n                            <\/div>\n\n            <div class=\"cnm-card__content__title\">\n                Le Gouvernement annonce une phase de consultations sur la r\u00e9glementation sonore des festivals en plein air            <\/div>\n            \n                        \n                            <div class=\"cnm-card__content__foot\">\n                    <span>Communiqu\u00e9 \/ Tribune<\/span>                    <span>Acc\u00e8s restreint<\/span><\/span>\n                                    <\/div>\n                    \n        <\/div>\n            <\/a>\n<\/div>                            \n<div \nclass=\"wp-block-cnm-cnm-card wp-block-cnm-cnm-card--revue-web\" \n>\n    <a rel=\"noopener noreferrer\" \n    href=\"https:\/\/www.courrier-francais.com\/actualite-7427-musique-la-nef-poursuit-sa-mue\" \n    title=\"Inscriptions pour la formation Angoul\u00eame - La Nef poursuit sa mue\" \n    class=\"cnm-card__link\" \n    target=\"_blank\"\n    >      \n        \n        <div class=\"cnm-card__content\">\n\n                        <div class=\"cnm-card__content__tag\">\n                courrier-francais.com            <\/div>\n            \n            <div class=\"cnm-card__content__surtitle\">   \n                21 April 2026            <\/div>\n\n            <div class=\"cnm-card__content__title\">\n                Angoul\u00eame &#8211; La Nef poursuit sa mue            <\/div>\n            \n                        \n                            <div class=\"cnm-card__content__foot\">\n                    <span>Article \/ Interview<\/span>                    <span>Acc\u00e8s restreint<\/span><\/span>\n                                    <\/div>\n                    \n        <\/div>\n            <\/a>\n<\/div>                            \n<div \nclass=\"wp-block-cnm-cnm-card wp-block-cnm-cnm-card--revue-web\" \n>\n    <a rel=\"noopener noreferrer\" \n    href=\"https:\/\/www.lefigaro.fr\/musique\/menace-sunska-le-plus-grand-festival-de-reggae-de-france-trouve-un-plan-b-in-extremis-20260422\" \n    title=\"Inscriptions pour la formation M\u00e9doc - Menac\u00e9, SunSka, le plus grand festival de reggae de France, trouve un plan B in extremis\" \n    class=\"cnm-card__link\" \n    target=\"_blank\"\n    >      \n        \n        <div class=\"cnm-card__content\">\n\n                        <div class=\"cnm-card__content__tag\">\n                Le Figaro            <\/div>\n            \n            <div class=\"cnm-card__content__surtitle\">   \n                21 April 2026            <\/div>\n\n            <div class=\"cnm-card__content__title\">\n                M\u00e9doc &#8211; Menac\u00e9, SunSka, le plus grand festival de reggae de France, trouve un plan B in extremis            <\/div>\n            \n                        \n                            <div class=\"cnm-card__content__foot\">\n                    <span>Article \/ Interview<\/span>                    <span>Acc\u00e8s restreint<\/span><\/span>\n                                    <\/div>\n                    \n        <\/div>\n            <\/a>\n<\/div>                            \n<div \nclass=\"wp-block-cnm-cnm-card wp-block-cnm-cnm-card--revue-web\" \n>\n    <a rel=\"noopener noreferrer\" \n    href=\"https:\/\/www.laprovence.com\/article\/culture-loisirs\/4363051380581514\/le-theatre-de-l-oeuvre-a-marseille-fait-peau-neuve-jusqu-en-2028\" \n    title=\"Inscriptions pour la formation Marseille - Le Th\u00e9\u00e2tre de l\u0092\u008cuvre fait peau neuve jusqu\u0092en 2028\" \n    class=\"cnm-card__link\" \n    target=\"_blank\"\n    >      \n        \n        <div class=\"cnm-card__content\">\n\n                        <div class=\"cnm-card__content__tag\">\n                La Provence            <\/div>\n            \n            <div class=\"cnm-card__content__surtitle\">   \n                20 April 2026            <\/div>\n\n            <div class=\"cnm-card__content__title\">\n                Marseille &#8211; Le Th\u00e9\u00e2tre de l\u0092\u008cuvre fait peau neuve jusqu\u0092en 2028            <\/div>\n            \n                        \n                            <div class=\"cnm-card__content__foot\">\n                    <span>Article \/ Interview<\/span>                    <span>Acc\u00e8s restreint<\/span><\/span>\n                                    <\/div>\n                    \n        <\/div>\n            <\/a>\n<\/div>                            \n<div \nclass=\"wp-block-cnm-cnm-card wp-block-cnm-cnm-card--revue-web\" \n>\n    <a rel=\"noopener noreferrer\" \n    href=\"https:\/\/www.enlargeyourparis.fr\/artdevivre\/ete-2026-le-grand-paris-coupe-le-son\" \n    title=\"Inscriptions pour la formation IDF - Annulation de Lollapalooza, Fnac Live, D\u00e9fense Jazz Festival\u0085 le Grand Paris coupe le son ?\" \n    class=\"cnm-card__link\" \n    target=\"_blank\"\n    >      \n        \n        <div class=\"cnm-card__content\">\n\n                        <div class=\"cnm-card__content__tag\">\n                Enlarge your Paris            <\/div>\n            \n            <div class=\"cnm-card__content__surtitle\">   \n                20 April 2026            <\/div>\n\n            <div class=\"cnm-card__content__title\">\n                IDF &#8211; Annulation de Lollapalooza, Fnac Live, D\u00e9fense Jazz Festival\u0085 le Grand Paris coupe le son ?            <\/div>\n            \n                        \n                            <div class=\"cnm-card__content__foot\">\n                    <span>Article \/ Interview<\/span>                    <span>Acc\u00e8s restreint<\/span><\/span>\n                                    <\/div>\n                    \n        <\/div>\n            <\/a>\n<\/div>            \r\n        <\/div>\r\n\r\n        <div class=\"cnm-pagination\"><span aria-current=\"page\" class=\"page-numbers current\">1<\/span><a class=\"page-numbers\" href=\"\/en\/wp-json\/wp\/v2\/mini-site\/953725?rwOffset=10\">2<\/a><a class=\"page-numbers\" href=\"\/en\/wp-json\/wp\/v2\/mini-site\/953725?rwOffset=20\">3<\/a><span class=\"page-numbers dots\">\u2026<\/span><a class=\"page-numbers\" href=\"\/en\/wp-json\/wp\/v2\/mini-site\/953725?rwOffset=140\">15<\/a><a class=\"next page-numbers\" href=\"\/en\/wp-json\/wp\/v2\/mini-site\/953725?rwOffset=10\"><i class=\"cnm-icon-ArrowRight\"><\/i><\/a><\/div>\r\n    \r\n    <\/div>\n<\/div>\n","protected":false},"excerpt":{"rendered":"<p>Ressources Aides aux lieux Annuaire, r\u00e9f\u00e9rencements Revue web<\/p>\n","protected":false},"featured_media":953686,"parent":0,"menu_order":0,"template":"","class_list":["post-953725","mini-site","type-mini-site","status-publish","has-post-thumbnail","hentry"],"acf":[],"yoast_head":"<!-- This site is optimized with the Yoast SEO plugin v27.0 - https:\/\/yoast.com\/product\/yoast-seo-wordpress\/ -->\n<title>Lieux de musique et de vari\u00e9t\u00e9s : salles et festivals - Le CNM : Centre national de la musique<\/title>\n<meta name=\"robots\" content=\"index, follow, max-snippet:-1, max-image-preview:large, max-video-preview:-1\" \/>\n<link rel=\"canonical\" href=\"https:\/\/cnm.fr\/focus\/lieux-de-musique-et-de-varietes-salles-et-festivals\/\" \/>\n<meta property=\"og:locale\" content=\"en_US\" \/>\n<meta property=\"og:type\" content=\"article\" \/>\n<meta property=\"og:title\" content=\"Lieux de musique et de vari\u00e9t\u00e9s : salles et festivals - Le CNM : Centre national de la musique\" \/>\n<meta property=\"og:description\" content=\"Ressources Aides aux lieux Annuaire, r\u00e9f\u00e9rencements Revue web\" \/>\n<meta property=\"og:url\" content=\"https:\/\/cnm.fr\/focus\/lieux-de-musique-et-de-varietes-salles-et-festivals\/\" \/>\n<meta property=\"og:site_name\" content=\"Le CNM : Centre national de la musique\" \/>\n<meta property=\"article:publisher\" content=\"https:\/\/www.facebook.com\/LeCentrenationaldelamusique\" \/>\n<meta property=\"article:modified_time\" content=\"2026-02-03T09:13:36+00:00\" \/>\n<meta property=\"og:image\" content=\"https:\/\/cnm.fr\/wp-content\/uploads\/2021\/03\/sean-lee-eOYjTbizxBo-unsplash-1-scaled.jpg\" \/>\n\t<meta property=\"og:image:width\" content=\"2560\" \/>\n\t<meta property=\"og:image:height\" content=\"1920\" \/>\n\t<meta property=\"og:image:type\" content=\"image\/jpeg\" \/>\n<meta name=\"twitter:card\" content=\"summary_large_image\" \/>\n<meta name=\"twitter:site\" content=\"@le_CNM\" \/>\n<meta name=\"twitter:label1\" content=\"Est. reading time\" \/>\n\t<meta name=\"twitter:data1\" content=\"1 minute\" \/>\n<script type=\"application\/ld+json\" class=\"yoast-schema-graph\">{\"@context\":\"https:\/\/schema.org\",\"@graph\":[{\"@type\":\"WebPage\",\"@id\":\"https:\/\/cnm.fr\/focus\/lieux-de-musique-et-de-varietes-salles-et-festivals\/\",\"url\":\"https:\/\/cnm.fr\/focus\/lieux-de-musique-et-de-varietes-salles-et-festivals\/\",\"name\":\"Lieux de musique et de vari\u00e9t\u00e9s : salles et festivals - Le CNM : Centre national de la musique\",\"isPartOf\":{\"@id\":\"https:\/\/cnm.fr\/#website\"},\"primaryImageOfPage\":{\"@id\":\"https:\/\/cnm.fr\/focus\/lieux-de-musique-et-de-varietes-salles-et-festivals\/#primaryimage\"},\"image\":{\"@id\":\"https:\/\/cnm.fr\/focus\/lieux-de-musique-et-de-varietes-salles-et-festivals\/#primaryimage\"},\"thumbnailUrl\":\"https:\/\/cnm.fr\/wp-content\/uploads\/2021\/03\/sean-lee-eOYjTbizxBo-unsplash-1-scaled.jpg\",\"datePublished\":\"2023-08-06T18:44:05+00:00\",\"dateModified\":\"2026-02-03T09:13:36+00:00\",\"breadcrumb\":{\"@id\":\"https:\/\/cnm.fr\/focus\/lieux-de-musique-et-de-varietes-salles-et-festivals\/#breadcrumb\"},\"inLanguage\":\"en-US\",\"potentialAction\":[{\"@type\":\"ReadAction\",\"target\":[\"https:\/\/cnm.fr\/focus\/lieux-de-musique-et-de-varietes-salles-et-festivals\/\"]}]},{\"@type\":\"ImageObject\",\"inLanguage\":\"en-US\",\"@id\":\"https:\/\/cnm.fr\/focus\/lieux-de-musique-et-de-varietes-salles-et-festivals\/#primaryimage\",\"url\":\"https:\/\/cnm.fr\/wp-content\/uploads\/2021\/03\/sean-lee-eOYjTbizxBo-unsplash-1-scaled.jpg\",\"contentUrl\":\"https:\/\/cnm.fr\/wp-content\/uploads\/2021\/03\/sean-lee-eOYjTbizxBo-unsplash-1-scaled.jpg\",\"width\":2560,\"height\":1920,\"caption\":\"\u00a9 Sean Lee\"},{\"@type\":\"BreadcrumbList\",\"@id\":\"https:\/\/cnm.fr\/focus\/lieux-de-musique-et-de-varietes-salles-et-festivals\/#breadcrumb\",\"itemListElement\":[{\"@type\":\"ListItem\",\"position\":1,\"name\":\"CNM\",\"item\":\"https:\/\/cnm.fr\/en\/\"},{\"@type\":\"ListItem\",\"position\":2,\"name\":\"Focus\",\"item\":\"https:\/\/cnm.fr\/focus\/\"},{\"@type\":\"ListItem\",\"position\":3,\"name\":\"Lieux de musique et de vari\u00e9t\u00e9s : salles et festivals\"}]},{\"@type\":\"WebSite\",\"@id\":\"https:\/\/cnm.fr\/#website\",\"url\":\"https:\/\/cnm.fr\/\",\"name\":\"Le CNM : Centre national de la musique\",\"description\":\"\",\"publisher\":{\"@id\":\"https:\/\/cnm.fr\/#organization\"},\"potentialAction\":[{\"@type\":\"SearchAction\",\"target\":{\"@type\":\"EntryPoint\",\"urlTemplate\":\"https:\/\/cnm.fr\/?s={search_term_string}\"},\"query-input\":{\"@type\":\"PropertyValueSpecification\",\"valueRequired\":true,\"valueName\":\"search_term_string\"}}],\"inLanguage\":\"en-US\"},{\"@type\":\"Organization\",\"@id\":\"https:\/\/cnm.fr\/#organization\",\"name\":\"Centre national de la musique\",\"alternateName\":\"CNM\",\"url\":\"https:\/\/cnm.fr\/\",\"logo\":{\"@type\":\"ImageObject\",\"inLanguage\":\"en-US\",\"@id\":\"https:\/\/cnm.fr\/#\/schema\/logo\/image\/\",\"url\":\"https:\/\/cnm.fr\/wp-content\/uploads\/2023\/06\/CNM-logo_rvb-02-1024x470-2.png\",\"contentUrl\":\"https:\/\/cnm.fr\/wp-content\/uploads\/2023\/06\/CNM-logo_rvb-02-1024x470-2.png\",\"width\":784,\"height\":227,\"caption\":\"Centre national de la musique\"},\"image\":{\"@id\":\"https:\/\/cnm.fr\/#\/schema\/logo\/image\/\"},\"sameAs\":[\"https:\/\/www.facebook.com\/LeCentrenationaldelamusique\",\"https:\/\/x.com\/le_CNM\",\"https:\/\/www.linkedin.com\/company\/centrenationaldelamusique\",\"https:\/\/www.instagram.com\/le_cnm\/\"]}]}<\/script>\n<!-- \/ Yoast SEO plugin. -->","yoast_head_json":{"title":"Lieux de musique et de vari\u00e9t\u00e9s : salles et festivals - Le CNM : Centre national de la musique","robots":{"index":"index","follow":"follow","max-snippet":"max-snippet:-1","max-image-preview":"max-image-preview:large","max-video-preview":"max-video-preview:-1"},"canonical":"https:\/\/cnm.fr\/focus\/lieux-de-musique-et-de-varietes-salles-et-festivals\/","og_locale":"en_US","og_type":"article","og_title":"Lieux de musique et de vari\u00e9t\u00e9s : salles et festivals - Le CNM : Centre national de la musique","og_description":"Ressources Aides aux lieux Annuaire, r\u00e9f\u00e9rencements Revue web","og_url":"https:\/\/cnm.fr\/focus\/lieux-de-musique-et-de-varietes-salles-et-festivals\/","og_site_name":"Le CNM : Centre national de la musique","article_publisher":"https:\/\/www.facebook.com\/LeCentrenationaldelamusique","article_modified_time":"2026-02-03T09:13:36+00:00","og_image":[{"width":2560,"height":1920,"url":"https:\/\/cnm.fr\/wp-content\/uploads\/2021\/03\/sean-lee-eOYjTbizxBo-unsplash-1-scaled.jpg","type":"image\/jpeg"}],"twitter_card":"summary_large_image","twitter_site":"@le_CNM","twitter_misc":{"Est. reading time":"1 minute"},"schema":{"@context":"https:\/\/schema.org","@graph":[{"@type":"WebPage","@id":"https:\/\/cnm.fr\/focus\/lieux-de-musique-et-de-varietes-salles-et-festivals\/","url":"https:\/\/cnm.fr\/focus\/lieux-de-musique-et-de-varietes-salles-et-festivals\/","name":"Lieux de musique et de vari\u00e9t\u00e9s : salles et festivals - Le CNM : Centre national de la musique","isPartOf":{"@id":"https:\/\/cnm.fr\/#website"},"primaryImageOfPage":{"@id":"https:\/\/cnm.fr\/focus\/lieux-de-musique-et-de-varietes-salles-et-festivals\/#primaryimage"},"image":{"@id":"https:\/\/cnm.fr\/focus\/lieux-de-musique-et-de-varietes-salles-et-festivals\/#primaryimage"},"thumbnailUrl":"https:\/\/cnm.fr\/wp-content\/uploads\/2021\/03\/sean-lee-eOYjTbizxBo-unsplash-1-scaled.jpg","datePublished":"2023-08-06T18:44:05+00:00","dateModified":"2026-02-03T09:13:36+00:00","breadcrumb":{"@id":"https:\/\/cnm.fr\/focus\/lieux-de-musique-et-de-varietes-salles-et-festivals\/#breadcrumb"},"inLanguage":"en-US","potentialAction":[{"@type":"ReadAction","target":["https:\/\/cnm.fr\/focus\/lieux-de-musique-et-de-varietes-salles-et-festivals\/"]}]},{"@type":"ImageObject","inLanguage":"en-US","@id":"https:\/\/cnm.fr\/focus\/lieux-de-musique-et-de-varietes-salles-et-festivals\/#primaryimage","url":"https:\/\/cnm.fr\/wp-content\/uploads\/2021\/03\/sean-lee-eOYjTbizxBo-unsplash-1-scaled.jpg","contentUrl":"https:\/\/cnm.fr\/wp-content\/uploads\/2021\/03\/sean-lee-eOYjTbizxBo-unsplash-1-scaled.jpg","width":2560,"height":1920,"caption":"\u00a9 Sean Lee"},{"@type":"BreadcrumbList","@id":"https:\/\/cnm.fr\/focus\/lieux-de-musique-et-de-varietes-salles-et-festivals\/#breadcrumb","itemListElement":[{"@type":"ListItem","position":1,"name":"CNM","item":"https:\/\/cnm.fr\/en\/"},{"@type":"ListItem","position":2,"name":"Focus","item":"https:\/\/cnm.fr\/focus\/"},{"@type":"ListItem","position":3,"name":"Lieux de musique et de vari\u00e9t\u00e9s : salles et festivals"}]},{"@type":"WebSite","@id":"https:\/\/cnm.fr\/#website","url":"https:\/\/cnm.fr\/","name":"Le CNM : Centre national de la musique","description":"","publisher":{"@id":"https:\/\/cnm.fr\/#organization"},"potentialAction":[{"@type":"SearchAction","target":{"@type":"EntryPoint","urlTemplate":"https:\/\/cnm.fr\/?s={search_term_string}"},"query-input":{"@type":"PropertyValueSpecification","valueRequired":true,"valueName":"search_term_string"}}],"inLanguage":"en-US"},{"@type":"Organization","@id":"https:\/\/cnm.fr\/#organization","name":"Centre national de la musique","alternateName":"CNM","url":"https:\/\/cnm.fr\/","logo":{"@type":"ImageObject","inLanguage":"en-US","@id":"https:\/\/cnm.fr\/#\/schema\/logo\/image\/","url":"https:\/\/cnm.fr\/wp-content\/uploads\/2023\/06\/CNM-logo_rvb-02-1024x470-2.png","contentUrl":"https:\/\/cnm.fr\/wp-content\/uploads\/2023\/06\/CNM-logo_rvb-02-1024x470-2.png","width":784,"height":227,"caption":"Centre national de la musique"},"image":{"@id":"https:\/\/cnm.fr\/#\/schema\/logo\/image\/"},"sameAs":["https:\/\/www.facebook.com\/LeCentrenationaldelamusique","https:\/\/x.com\/le_CNM","https:\/\/www.linkedin.com\/company\/centrenationaldelamusique","https:\/\/www.instagram.com\/le_cnm\/"]}]}},"_links":{"self":[{"href":"https:\/\/cnm.fr\/en\/wp-json\/wp\/v2\/mini-site\/953725","targetHints":{"allow":["GET"]}}],"collection":[{"href":"https:\/\/cnm.fr\/en\/wp-json\/wp\/v2\/mini-site"}],"about":[{"href":"https:\/\/cnm.fr\/en\/wp-json\/wp\/v2\/types\/mini-site"}],"version-history":[{"count":2,"href":"https:\/\/cnm.fr\/en\/wp-json\/wp\/v2\/mini-site\/953725\/revisions"}],"predecessor-version":[{"id":4294889,"href":"https:\/\/cnm.fr\/en\/wp-json\/wp\/v2\/mini-site\/953725\/revisions\/4294889"}],"wp:featuredmedia":[{"embeddable":true,"href":"https:\/\/cnm.fr\/en\/wp-json\/wp\/v2\/media\/953686"}],"wp:attachment":[{"href":"https:\/\/cnm.fr\/en\/wp-json\/wp\/v2\/media?parent=953725"}],"curies":[{"name":"wp","href":"https:\/\/api.w.org\/{rel}","templated":true}]}}