{"id":2008869,"date":"2023-09-27T19:41:24","date_gmt":"2023-09-27T17:41:24","guid":{"rendered":"https:\/\/cnm.fr\/?page_id=2008869"},"modified":"2023-09-28T14:27:37","modified_gmt":"2023-09-28T12:27:37","slug":"jazz-export-days-2023","status":"publish","type":"page","link":"https:\/\/cnm.fr\/en\/jazz-export-days-2023\/","title":{"rendered":"Jazz Export Days 2023"},"content":{"rendered":"<div class=\"alignfull wp-block-cnm-cnm-intro\">\r\n\r\n    <div class=\"wp-block-columns cnm-intro__hr\">\r\n        <div class=\"wp-block-column\">\r\n            <hr class=\"wp-block-separator has-alpha-channel-opacity is-style-wide\" \/>\r\n        <\/div>\r\n        <div class=\"wp-block-column\">\r\n            <hr class=\"wp-block-separator has-alpha-channel-opacity is-style-wide\" \/>\r\n        <\/div>\r\n    <\/div>\r\n\r\n    <div class=\"is-layout-flex wp-block-columns cnm-intro__columns\">\r\n\r\n        <div class=\"wp-block-column is-layout-flow \">\r\n\r\n                            <div \r\n                    class=\"cnm-intro__icon\" \r\n                >\r\n                    <i class=\"cnm-icon-spe-International\"><\/i>\r\n                <\/div>\r\n            \r\n            <div class=\"cnm-intro__thumb\">\r\n                            <\/div>\r\n        <\/div>\r\n        <div class=\"wp-block-column is-layout-flow \">\r\n            <div class=\"cnm-intro__content\">\r\n                \n<p>The Centre national de la musique organises Jazz Export Days \u2013 an international networking event to showcase the diversity of the French jazz scene, in association with French festival&nbsp;<a href=\"https:\/\/www.jazzsouslespommiers.com\/\" target=\"_blank\" rel=\"noreferrer noopener\">Jazz sous les Pommiers<\/a>&nbsp;in Normandy.<\/p>\n            <\/div>\r\n        <\/div>\r\n        <div class=\"wp-block-column is-layout-flow \">\r\n                    <\/div>\r\n    <\/div>\r\n<\/div>\n\n\n<div class=\"wp-block-columns is-layout-flex wp-container-core-columns-is-layout-a3fb4261 wp-block-columns-is-layout-flex\" style=\"padding-right:2rem;padding-left:2rem\">\n<div class=\"wp-block-column is-layout-flow wp-block-column-is-layout-flow\" style=\"flex-basis:100%\">\n<div style=\"height:1rem\" aria-hidden=\"true\" class=\"wp-block-spacer\"><\/div>\n\n\n\n<hr class=\"wp-block-separator has-css-opacity is-style-wide\" \/>\n\n\n\n<div style=\"height:1rem\" aria-hidden=\"true\" class=\"wp-block-spacer\"><\/div>\n\n\n\n<p>The Centre national de la musique (CNM) and Jazz sous les pommiers are pleased to join forces to present Jazz Export Days, a unique professional event aimed at highlighting the vitality and diversity of the French jazz scene to international professionals.<\/p>\n\n\n\n<p>From May 15 to 17, as part of the 42nd edition of the Jazz sous les pommiers festival in Coutances, some thirty international professionals from all continents will experience an exclusive immersion in the current French jazz scene. Through a selection of live music showcases, an evening \u201cbeyond the walls\u201d at Mont Saint-Michel, tailor-made networking sessions, informal meetings and festival shows, they will discover the French jazz scene and its export potential.<\/p>\n\n\n\n<div class=\"wp-block-cnm-cnm-ancre\"><div id=\"cnm-ancre-arnaud-dolmen-quartet\" class=\"cnm-ancre\"><\/div><\/div>\n\n\n\n<div class=\"wp-block-columns is-layout-flex wp-container-core-columns-is-layout-28f84493 wp-block-columns-is-layout-flex\">\n<div class=\"wp-block-column is-layout-flow wp-block-column-is-layout-flow\" style=\"flex-basis:40%\">\n<figure class=\"wp-block-image size-large is-resized\"><img decoding=\"async\" src=\"https:\/\/cnm.fr\/wp-content\/uploads\/2023\/04\/1-1024x1024.png\" alt=\"\" class=\"wp-image-1346776\" style=\"width:256px;height:256px\" width=\"256\" height=\"256\" \/><figcaption class=\"wp-element-caption\">\u00a9 C\u00e9drick Isham<\/figcaption><\/figure>\n\n\n\n<p><strong>Professional team:&nbsp;<\/strong><\/p>\n\n\n\n<ul class=\"wp-block-list\">\n<li><strong>Booking: <\/strong><a href=\"mailto:franck.feret@jmp.fr\" target=\"_blank\" rel=\"noreferrer noopener\">Franck Feret Jazz musiques productions<\/a> <\/li>\n\n\n\n<li><strong>Management :<\/strong> <a href=\"mailto:yasmyn.camier@gmail.fr\" target=\"_blank\" rel=\"noreferrer noopener\">Yasmyn Camier<\/a> Samana Production <\/li>\n\n\n\n<li><strong>Label:<\/strong> Gaya Music Production<\/li>\n\n\n\n<li><strong>Distribution:<\/strong> L&#8217;Autre distribution<\/li>\n\n\n\n<li><strong>PR: <\/strong>Yasmyn Camier<\/li>\n<\/ul>\n<\/div>\n\n\n\n<div class=\"wp-block-column is-layout-flow wp-block-column-is-layout-flow\" style=\"flex-basis:60%\">\n<h3 class=\"wp-block-heading\" id=\"arnaud-dolmen\">Arnaud Dolmen Quartet<\/h3>\n\n\n\n<ul class=\"wp-block-social-links is-layout-flex wp-block-social-links-is-layout-flex\"><li class=\"wp-social-link wp-social-link-facebook  wp-block-social-link\"><a rel=\"noopener noreferrer\" target=\"_blank\" href=\"https:\/\/www.facebook.com\/Arnauddolmen\" class=\"wp-block-social-link-anchor\"><svg width=\"24\" height=\"24\" viewBox=\"0 0 24 24\" version=\"1.1\" xmlns=\"http:\/\/www.w3.org\/2000\/svg\" aria-hidden=\"true\" focusable=\"false\"><path d=\"M12 2C6.5 2 2 6.5 2 12c0 5 3.7 9.1 8.4 9.9v-7H7.9V12h2.5V9.8c0-2.5 1.5-3.9 3.8-3.9 1.1 0 2.2.2 2.2.2v2.5h-1.3c-1.2 0-1.6.8-1.6 1.6V12h2.8l-.4 2.9h-2.3v7C18.3 21.1 22 17 22 12c0-5.5-4.5-10-10-10z\"><\/path><\/svg><span class=\"wp-block-social-link-label screen-reader-text\">Facebook<\/span><\/a><\/li>\n\n<li class=\"wp-social-link wp-social-link-chain  wp-block-social-link\"><a rel=\"noopener noreferrer\" target=\"_blank\" href=\"https:\/\/arnauddolmen.com\/\" class=\"wp-block-social-link-anchor\"><svg width=\"24\" height=\"24\" viewBox=\"0 0 24 24\" version=\"1.1\" xmlns=\"http:\/\/www.w3.org\/2000\/svg\" aria-hidden=\"true\" focusable=\"false\"><path d=\"M15.6,7.2H14v1.5h1.6c2,0,3.7,1.7,3.7,3.7s-1.7,3.7-3.7,3.7H14v1.5h1.6c2.8,0,5.2-2.3,5.2-5.2,0-2.9-2.3-5.2-5.2-5.2zM4.7,12.4c0-2,1.7-3.7,3.7-3.7H10V7.2H8.4c-2.9,0-5.2,2.3-5.2,5.2,0,2.9,2.3,5.2,5.2,5.2H10v-1.5H8.4c-2,0-3.7-1.7-3.7-3.7zm4.6.9h5.3v-1.5H9.3v1.5z\"><\/path><\/svg><span class=\"wp-block-social-link-label screen-reader-text\">Link<\/span><\/a><\/li><\/ul>\n\n\n\n<p><strong>\u201cAdjusting\u201d (Gaya Music Production, 2022)<\/strong> &#8211; 2<sup>nd<\/sup> album<\/p>\n\n\n\n<p>Arnaud Dolmen is one of the most acclaimed artists on the contemporary jazz scene. Born in&nbsp; Guadeloupe, Arnaud is a sensitive and accomplished composer and an impressive drummer with a unique and particularly free playing style. Inspired by his gwoka culture and wide variety of musical influences, his complex compositions showcase a profoundly jazzy aesthetic.<\/p>\n\n\n\n<p>\ud83d\udca1 Victoires du Jazz 2022 award (category \u201cRevelation\u201d) \/ &#8220;The best new jazz artist\u201d (Jazz Magazine) \/ &#8220;One of the 5 best drummers of 2021&#8221; (Jazz News)<\/p>\n\n\n\n<p>&nbsp;<strong>Line-up:&nbsp;<\/strong>Arnaud Dolmen (Drums and composition), Leonardo Montana (Piano), Samuel F&#8217;hima (Double bass), Francesco Geminiani (Saxophone).<\/p>\n<\/div>\n<\/div>\n<\/div>\n<\/div>\n\n\n\n<div class=\"wp-block-columns is-layout-flex wp-container-core-columns-is-layout-28f84493 wp-block-columns-is-layout-flex\">\n<div class=\"wp-block-column is-layout-flow wp-block-column-is-layout-flow\" style=\"flex-basis:40%\">\n<figure class=\"wp-block-image size-large is-resized\"><img decoding=\"async\" src=\"https:\/\/cnm.fr\/wp-content\/uploads\/2023\/04\/2-1024x1024.png\" alt=\"\" class=\"wp-image-1346778\" style=\"width:256px;height:256px\" width=\"256\" height=\"256\" \/><figcaption class=\"wp-element-caption\">\u00a9 Julien Alour<\/figcaption><\/figure>\n\n\n\n<p><strong>Professional team:&nbsp;<\/strong><\/p>\n\n\n\n<ul class=\"wp-block-list\">\n<li><strong>Booking: <\/strong>Acces concert<\/li>\n\n\n\n<li><strong>Management: <\/strong>Acces concert<\/li>\n\n\n\n<li><strong>Label: <\/strong>Vita productions<\/li>\n\n\n\n<li><strong>Distribution: <\/strong>l&#8217;Autre distribution\/ Believe\/ SUNNYSIDE record<\/li>\n\n\n\n<li><strong>Publishing: <\/strong>SONY \/ ACT<\/li>\n<\/ul>\n<\/div>\n\n\n\n<div class=\"wp-block-column is-layout-flow wp-block-column-is-layout-flow\" style=\"flex-basis:60%\">\n<h3 class=\"wp-block-heading\" id=\"Camille-bertault\">Camille Bertault &#8211; <em>Bonjour mon amour<\/em><\/h3>\n\n\n\n<ul class=\"wp-block-social-links is-layout-flex wp-block-social-links-is-layout-flex\"><li class=\"wp-social-link wp-social-link-facebook  wp-block-social-link\"><a rel=\"noopener noreferrer\" target=\"_blank\" href=\"https:\/\/www.facebook.com\/CamBertault\/?locale=fr_FR\" class=\"wp-block-social-link-anchor\"><svg width=\"24\" height=\"24\" viewBox=\"0 0 24 24\" version=\"1.1\" xmlns=\"http:\/\/www.w3.org\/2000\/svg\" aria-hidden=\"true\" focusable=\"false\"><path d=\"M12 2C6.5 2 2 6.5 2 12c0 5 3.7 9.1 8.4 9.9v-7H7.9V12h2.5V9.8c0-2.5 1.5-3.9 3.8-3.9 1.1 0 2.2.2 2.2.2v2.5h-1.3c-1.2 0-1.6.8-1.6 1.6V12h2.8l-.4 2.9h-2.3v7C18.3 21.1 22 17 22 12c0-5.5-4.5-10-10-10z\"><\/path><\/svg><span class=\"wp-block-social-link-label screen-reader-text\">Facebook<\/span><\/a><\/li>\n\n<li class=\"wp-social-link wp-social-link-chain  wp-block-social-link\"><a rel=\"noopener noreferrer\" target=\"_blank\" href=\"https:\/\/www.camillebertault.com\/\" class=\"wp-block-social-link-anchor\"><svg width=\"24\" height=\"24\" viewBox=\"0 0 24 24\" version=\"1.1\" xmlns=\"http:\/\/www.w3.org\/2000\/svg\" aria-hidden=\"true\" focusable=\"false\"><path d=\"M15.6,7.2H14v1.5h1.6c2,0,3.7,1.7,3.7,3.7s-1.7,3.7-3.7,3.7H14v1.5h1.6c2.8,0,5.2-2.3,5.2-5.2,0-2.9-2.3-5.2-5.2-5.2zM4.7,12.4c0-2,1.7-3.7,3.7-3.7H10V7.2H8.4c-2.9,0-5.2,2.3-5.2,5.2,0,2.9,2.3,5.2,5.2,5.2H10v-1.5H8.4c-2,0-3.7-1.7-3.7-3.7zm4.6.9h5.3v-1.5H9.3v1.5z\"><\/path><\/svg><span class=\"wp-block-social-link-label screen-reader-text\">Link<\/span><\/a><\/li><\/ul>\n\n\n\n<p><strong>\u201cBonjour mon amour\u201d (Vita productions, March 2023)<\/strong> &#8211; 5<sup>th<\/sup> album&nbsp;<\/p>\n\n\n\n<p>Percussion is at the root of Camille Bertault&#8217;s new project, where worlds that are not usually associated intertwine: chanson, jazz, improvisation, theatre, poetry, slam, and electronic textures. Blessed with a keen sense of rhythm, unfailing accuracy, sensual and joyful phrasing and a strong grounding in both jazz and classical culture which are drawn together through her skill as a composer, Camille Bertault is one of the most talented artists on the contemporary jazz scene.<\/p>\n\n\n\n<p>\ud83d\udca1 \u00abCamille Bertault is more than merely a sly vocal gymnast; she\u2019s a fine composer and a singer who carefully coaxes the emotional impact out of a melody\u00bb (Downbeat)<\/p>\n\n\n\n<p><strong>Line-up:&nbsp;<\/strong>Camille Bertault, Minino Gray (Percussions), Christophe Minck (Bass, moog), Fady Farah: Piano (rhodes), Julien Alour (trumpet).<\/p>\n<\/div>\n<\/div>\n\n\n\n<div class=\"wp-block-columns is-layout-flex wp-container-core-columns-is-layout-28f84493 wp-block-columns-is-layout-flex\">\n<div class=\"wp-block-column is-layout-flow wp-block-column-is-layout-flow\" style=\"flex-basis:40%\">\n<figure class=\"wp-block-image size-large is-resized\"><img decoding=\"async\" src=\"https:\/\/cnm.fr\/wp-content\/uploads\/2023\/04\/4-1024x1024.png\" alt=\"\" class=\"wp-image-1346781\" style=\"width:256px;height:256px\" width=\"256\" height=\"256\" \/><\/figure>\n\n\n\n<p><strong>Professional team:&nbsp;<\/strong><\/p>\n\n\n\n<ul class=\"wp-block-list\">\n<li><strong>Booking: <\/strong><a href=\"mailto:diffusion.rever@gmx.fr\" target=\"_blank\" rel=\"noreferrer noopener\">Compagnie ReVeR<\/a> &#8211; Charlotte De J\u00e9sus in collaboration with <a href=\"mailto:laurentcarrier@colore.fr\" target=\"_blank\" rel=\"noreferrer noopener\">Laurent CARRIER<\/a> | Colore<\/li>\n\n\n\n<li><strong>Administration<\/strong> : Aur\u00e9lie Arnaud <a href=\"mailto:production.everisser@gmail.com\">production.everisser@gmail.com<\/a><\/li>\n\n\n\n<li><strong>Label<\/strong>: Clean feed <a rel=\"noopener noreferrer\" target=\"_blank\" href=\"https:\/\/cleanfeed-records.com\/product\/eurythmia\/\">EURYTHMIA &#8211; Clean Feed Records (cleanfeed-records.com)<\/a><\/li>\n\n\n\n<li><strong>Distribution<\/strong>: Clean feed<\/li>\n\n\n\n<li><strong>PR: <\/strong><a href=\"mailto:marc.chonier@gmail.com\" target=\"_blank\" rel=\"noreferrer noopener\">Marc Chonier<\/a><\/li>\n<\/ul>\n<\/div>\n\n\n\n<div class=\"wp-block-column is-layout-flow wp-block-column-is-layout-flow\" style=\"flex-basis:60%\">\n<h3 class=\"wp-block-heading\" id=\"eva-risser\">Eve Risser Red Desert Orchestra &#8211; <em>Eurythmia<\/em><\/h3>\n\n\n\n<ul class=\"wp-block-social-links is-layout-flex wp-block-social-links-is-layout-flex\"><li class=\"wp-social-link wp-social-link-facebook  wp-block-social-link\"><a rel=\"noopener noreferrer\" target=\"_blank\" href=\"https:\/\/www.facebook.com\/everisser\" class=\"wp-block-social-link-anchor\"><svg width=\"24\" height=\"24\" viewBox=\"0 0 24 24\" version=\"1.1\" xmlns=\"http:\/\/www.w3.org\/2000\/svg\" aria-hidden=\"true\" focusable=\"false\"><path d=\"M12 2C6.5 2 2 6.5 2 12c0 5 3.7 9.1 8.4 9.9v-7H7.9V12h2.5V9.8c0-2.5 1.5-3.9 3.8-3.9 1.1 0 2.2.2 2.2.2v2.5h-1.3c-1.2 0-1.6.8-1.6 1.6V12h2.8l-.4 2.9h-2.3v7C18.3 21.1 22 17 22 12c0-5.5-4.5-10-10-10z\"><\/path><\/svg><span class=\"wp-block-social-link-label screen-reader-text\">Facebook<\/span><\/a><\/li>\n\n<li class=\"wp-social-link wp-social-link-chain  wp-block-social-link\"><a rel=\"noopener noreferrer\" target=\"_blank\" href=\"https:\/\/www.everisser.com\/red-desert-orchestra\" class=\"wp-block-social-link-anchor\"><svg width=\"24\" height=\"24\" viewBox=\"0 0 24 24\" version=\"1.1\" xmlns=\"http:\/\/www.w3.org\/2000\/svg\" aria-hidden=\"true\" focusable=\"false\"><path d=\"M15.6,7.2H14v1.5h1.6c2,0,3.7,1.7,3.7,3.7s-1.7,3.7-3.7,3.7H14v1.5h1.6c2.8,0,5.2-2.3,5.2-5.2,0-2.9-2.3-5.2-5.2-5.2zM4.7,12.4c0-2,1.7-3.7,3.7-3.7H10V7.2H8.4c-2.9,0-5.2,2.3-5.2,5.2,0,2.9,2.3,5.2,5.2,5.2H10v-1.5H8.4c-2,0-3.7-1.7-3.7-3.7zm4.6.9h5.3v-1.5H9.3v1.5z\"><\/path><\/svg><span class=\"wp-block-social-link-label screen-reader-text\">Link<\/span><\/a><\/li><\/ul>\n\n\n\n<p><strong>Eurythmia &#8211; Red Desert Orchestra (Clean Feed, October 2022)<\/strong><\/p>\n\n\n\n<p>Led by French pianist Eve Risser, the Red Desert Orchestra brings together musicians from Europe and Africa, in the service of a resolutely haunting music, magnifying polyrhythmic interactions to a dizzying degree. Eve Risser has developed her talents as a composer by adding the sounds of balafons, djembes and bara drums to her orchestra. Lines and sounds are interwoven into relentlessly hypnotic loops that lead the audience to a higher spiritual and nomadic plane.<\/p>\n\n\n\n<p>\ud83d\udca1Paul Acket Award 2023 by North Sea Jazz<\/p>\n\n\n\n<p><strong>Line-up:&nbsp;<\/strong>Eve Risser (composition, piano, voice), Antonin-Tri Hoang (alto sax, analog synth), Sakina Abdou (tenor sax), Gr\u00e9goire Tirtiaux (baritone sax, qarqabas), Nils Ostendorf (trumpet, analog synth), Mathias M\u00fcller (trombone), Tatiana Paris (electric guitar, voice), Oph\u00e9lia Hi\u00e9 (balafon, bara, voice), M\u00e9lissa Hi\u00e9 (balafon, djembe, voice), Fanny Lasfargues (electro-acoustic bass), Oumarou Bambara (djembe, bara), Emmanuel Scarpa (drums, voice).<\/p>\n<\/div>\n<\/div>\n\n\n\n<div class=\"wp-block-columns is-layout-flex wp-container-core-columns-is-layout-28f84493 wp-block-columns-is-layout-flex\">\n<div class=\"wp-block-column is-layout-flow wp-block-column-is-layout-flow\" style=\"flex-basis:40%\">\n<figure class=\"wp-block-image size-large is-resized\"><img decoding=\"async\" src=\"https:\/\/cnm.fr\/wp-content\/uploads\/2023\/04\/5-1024x1024.png\" alt=\"\" class=\"wp-image-1346783\" style=\"width:256px;height:256px\" width=\"256\" height=\"256\" \/><figcaption class=\"wp-element-caption\">\u00a9 Agn\u00e8s Dherbeys<\/figcaption><\/figure>\n\n\n\n<p><strong>Professional team:&nbsp;<\/strong><\/p>\n\n\n\n<ul class=\"wp-block-list\">\n<li><strong>Booking: <\/strong>No\u00e9mie Reyero &#8211; DuNose Productions<\/li>\n\n\n\n<li><strong>Label: <\/strong>Franck Descollonges &#8211; Heavenly Sweetness<\/li>\n\n\n\n<li><strong>Distribution: <\/strong>L&#8217;Autre Distribution \/ Idol<\/li>\n\n\n\n<li><strong>PR: <\/strong>Simon Veyssi\u00e8re, Accent presse<\/li>\n<\/ul>\n<\/div>\n\n\n\n<div class=\"wp-block-column is-layout-flow wp-block-column-is-layout-flow\" style=\"flex-basis:60%\">\n<h3 class=\"wp-block-heading\" id=\"laurent-bardainne\">Laurent Bardainne &amp; Tigre d&#8217;Eau Douce  <\/h3>\n\n\n\n<ul class=\"wp-block-social-links is-layout-flex wp-block-social-links-is-layout-flex\"><li class=\"wp-social-link wp-social-link-facebook  wp-block-social-link\"><a rel=\"noopener noreferrer\" target=\"_blank\" href=\"https:\/\/www.facebook.com\/Laurentbardainnetigredeaudouce\/\" class=\"wp-block-social-link-anchor\"><svg width=\"24\" height=\"24\" viewBox=\"0 0 24 24\" version=\"1.1\" xmlns=\"http:\/\/www.w3.org\/2000\/svg\" aria-hidden=\"true\" focusable=\"false\"><path d=\"M12 2C6.5 2 2 6.5 2 12c0 5 3.7 9.1 8.4 9.9v-7H7.9V12h2.5V9.8c0-2.5 1.5-3.9 3.8-3.9 1.1 0 2.2.2 2.2.2v2.5h-1.3c-1.2 0-1.6.8-1.6 1.6V12h2.8l-.4 2.9h-2.3v7C18.3 21.1 22 17 22 12c0-5.5-4.5-10-10-10z\"><\/path><\/svg><span class=\"wp-block-social-link-label screen-reader-text\">Facebook<\/span><\/a><\/li><\/ul>\n\n\n\n<p><strong>\u201cHymne au soleil\u201d (Heavenly Sweetness, 2022)&nbsp;<\/strong><\/p>\n\n\n\n<p>Breton saxophonist and all-rounder Laurent Bardainne takes us into a jungle of brassy sounds and catchy grooves. Accompanied by his remarkable group, his &#8220;tiger&#8221;, he negotiates various musical currents and influences, from Coltrane to 70s soul and ethio-jazz, with ease.<\/p>\n\n\n\n<p><strong>Line-up:<\/strong> Laurent Bardainne (tenor sax), Arnaud Roulin (Hammond organ), Sylvain Daniel (electric bass), Philippe Gleizes (drums), Fabe Beaurel Bambi (percussions).<\/p>\n<\/div>\n<\/div>\n\n\n\n<div class=\"wp-block-columns is-layout-flex wp-container-core-columns-is-layout-28f84493 wp-block-columns-is-layout-flex\">\n<div class=\"wp-block-column is-layout-flow wp-block-column-is-layout-flow\" style=\"flex-basis:40%\">\n<figure class=\"wp-block-image size-large is-resized\"><img decoding=\"async\" src=\"https:\/\/cnm.fr\/wp-content\/uploads\/2023\/04\/6-1024x1024.png\" alt=\"\" class=\"wp-image-1346785\" style=\"width:256px;height:256px\" width=\"256\" height=\"256\" \/><figcaption class=\"wp-element-caption\">\u00a9 Sylvain Gripoix<\/figcaption><\/figure>\n\n\n\n<p><strong>Professional team:&nbsp;<\/strong><\/p>\n\n\n\n<ul class=\"wp-block-list\">\n<li><strong>Management: <\/strong>Delphine Joussein<\/li>\n\n\n\n<li><strong>Label: <\/strong>Gigantonium<\/li>\n\n\n\n<li><strong>Distribution: <\/strong>Musea<\/li>\n<\/ul>\n<\/div>\n\n\n\n<div class=\"wp-block-column is-layout-flow wp-block-column-is-layout-flow\" style=\"flex-basis:60%\">\n<h3 class=\"wp-block-heading\" id=\"NOUT\">NOUT <\/h3>\n\n\n\n<ul class=\"wp-block-social-links is-layout-flex wp-block-social-links-is-layout-flex\"><li class=\"wp-social-link wp-social-link-facebook  wp-block-social-link\"><a rel=\"noopener noreferrer\" target=\"_blank\" href=\"https:\/\/www.facebook.com\/Noutmusic\/\" class=\"wp-block-social-link-anchor\"><svg width=\"24\" height=\"24\" viewBox=\"0 0 24 24\" version=\"1.1\" xmlns=\"http:\/\/www.w3.org\/2000\/svg\" aria-hidden=\"true\" focusable=\"false\"><path d=\"M12 2C6.5 2 2 6.5 2 12c0 5 3.7 9.1 8.4 9.9v-7H7.9V12h2.5V9.8c0-2.5 1.5-3.9 3.8-3.9 1.1 0 2.2.2 2.2.2v2.5h-1.3c-1.2 0-1.6.8-1.6 1.6V12h2.8l-.4 2.9h-2.3v7C18.3 21.1 22 17 22 12c0-5.5-4.5-10-10-10z\"><\/path><\/svg><span class=\"wp-block-social-link-label screen-reader-text\">Facebook<\/span><\/a><\/li>\n\n<li class=\"wp-social-link wp-social-link-chain  wp-block-social-link\"><a rel=\"noopener noreferrer\" target=\"_blank\" href=\"https:\/\/www.gigantonium.com\/nout\" class=\"wp-block-social-link-anchor\"><svg width=\"24\" height=\"24\" viewBox=\"0 0 24 24\" version=\"1.1\" xmlns=\"http:\/\/www.w3.org\/2000\/svg\" aria-hidden=\"true\" focusable=\"false\"><path d=\"M15.6,7.2H14v1.5h1.6c2,0,3.7,1.7,3.7,3.7s-1.7,3.7-3.7,3.7H14v1.5h1.6c2.8,0,5.2-2.3,5.2-5.2,0-2.9-2.3-5.2-5.2-5.2zM4.7,12.4c0-2,1.7-3.7,3.7-3.7H10V7.2H8.4c-2.9,0-5.2,2.3-5.2,5.2,0,2.9,2.3,5.2,5.2,5.2H10v-1.5H8.4c-2,0-3.7-1.7-3.7-3.7zm4.6.9h5.3v-1.5H9.3v1.5z\"><\/path><\/svg><span class=\"wp-block-social-link-label screen-reader-text\">Link<\/span><\/a><\/li><\/ul>\n\n\n\n<p><strong>NOUT (Gigantonium, 2021)<\/strong><\/p>\n\n\n\n<p>The three musicians who form NOUT apply themselves to pushing their instruments to their limits, with the enthusiasm of the mad scientists in their laboratory. Flute, harp, drums is an unusual mixture that the trio fuses into a single voice that can be rebellious, hypnotic, funny, fragile or ecstatic. NOUT won the Zenith Award 2023 for emerging artists, an initiative launched by the Europe Jazz Network (EJN) in collaboration with 12 Points Festival and supported by Creative Europe. They have been performing together since 2020, took part in the seventh Jazz Migration development programme established by Association Jazz\u00e9 Crois\u00e9 (2021-2021) and subsequently toured in France and Europe, garnering enthusiastic reviews and a host of new fans.<\/p>\n\n\n\n<p><strong>Line-up:&nbsp;<\/strong>Delphine Joussein (flute, fx), Rafa\u00eblle Rinaudo (electric harp), Blanche Lafuente (drums).<\/p>\n<\/div>\n<\/div>\n\n\n\n<div class=\"wp-block-columns is-layout-flex wp-container-core-columns-is-layout-28f84493 wp-block-columns-is-layout-flex\">\n<div class=\"wp-block-column is-layout-flow wp-block-column-is-layout-flow\" style=\"flex-basis:40%\">\n<figure class=\"wp-block-image size-large is-resized\"><img decoding=\"async\" src=\"https:\/\/cnm.fr\/wp-content\/uploads\/2023\/04\/8-1024x1024.png\" alt=\"\" class=\"wp-image-1346787\" style=\"width:256px;height:256px\" width=\"256\" height=\"256\" \/><figcaption class=\"wp-element-caption\"> \u00a9 Romain Al&#8217;l<\/figcaption><\/figure>\n\n\n\n<p><strong>Professional team:&nbsp;<\/strong><\/p>\n\n\n\n<ul class=\"wp-block-list\">\n<li><strong>Booking<\/strong>: <a href=\"mailto:booking@ciediscobole.fr\" target=\"_blank\" rel=\"noreferrer noopener\">Discobole<\/a><\/li>\n<\/ul>\n<\/div>\n\n\n\n<div class=\"wp-block-column is-layout-flow wp-block-column-is-layout-flow\" style=\"flex-basis:60%\">\n<h3 class=\"wp-block-heading\" id=\"Th\u00e9o-Girard\">Th\u00e9o Girard trio <\/h3>\n\n\n\n<ul class=\"wp-block-social-links is-layout-flex wp-block-social-links-is-layout-flex\"><li class=\"wp-social-link wp-social-link-facebook  wp-block-social-link\"><a rel=\"noopener noreferrer\" target=\"_blank\" href=\"https:\/\/www.facebook.com\/theogirardpro\" class=\"wp-block-social-link-anchor\"><svg width=\"24\" height=\"24\" viewBox=\"0 0 24 24\" version=\"1.1\" xmlns=\"http:\/\/www.w3.org\/2000\/svg\" aria-hidden=\"true\" focusable=\"false\"><path d=\"M12 2C6.5 2 2 6.5 2 12c0 5 3.7 9.1 8.4 9.9v-7H7.9V12h2.5V9.8c0-2.5 1.5-3.9 3.8-3.9 1.1 0 2.2.2 2.2.2v2.5h-1.3c-1.2 0-1.6.8-1.6 1.6V12h2.8l-.4 2.9h-2.3v7C18.3 21.1 22 17 22 12c0-5.5-4.5-10-10-10z\"><\/path><\/svg><span class=\"wp-block-social-link-label screen-reader-text\">Facebook<\/span><\/a><\/li><\/ul>\n\n\n\n<p><strong>\u201cPens\u00e9es Rotatives\u201d (Discobole, 2021 &#8211; recorded live at Jazz sous les Pommiers)&nbsp;<\/strong><\/p>\n\n\n\n<p>In 2016, French bassist Th\u00e9o Girard created his first band \u2013 a trio without a harmonic instrument &#8211; with trumpeter Antoine Berjeaut (Makaya McCraven, Surnatural Orchestra) and Scottish drummer Seb Rochford (Damon Albarn, Patti Smith, Sons of Kemet). The grooves fit together like homemade mechanical devices, and their musical themes have a spontaneous urgency. Thanks to his rugged compositions, which always maintain a direct contact with the body. Th\u00e9o Girard delivers not just an unusual musical mood, but also a highly stimulating new vision of jazz.<\/p>\n\n\n\n<p>\ud83d\udca1 2022 Creative Grant of the FACE Foundation&#8217;s Jazz and New Music programme<\/p>\n\n\n\n<p><strong>Line-up:<\/strong> Th\u00e9o Girard (bass), Antoine Berjeaut (trumpet), Antonin Leymarie (drummer).<\/p>\n<\/div>\n<\/div>\n\n\n\n<div class=\"wp-block-columns is-layout-flex wp-container-core-columns-is-layout-28f84493 wp-block-columns-is-layout-flex\">\n<div class=\"wp-block-column is-layout-flow wp-block-column-is-layout-flow\" style=\"flex-basis:40%\">\n<figure class=\"wp-block-image size-large is-resized\"><img decoding=\"async\" src=\"https:\/\/cnm.fr\/wp-content\/uploads\/2023\/04\/3-1024x1024.png\" alt=\"\" class=\"wp-image-1346790\" style=\"width:256px;height:256px\" width=\"256\" height=\"256\" \/><figcaption class=\"wp-element-caption\"> <\/figcaption><\/figure>\n\n\n\n<p><strong>Professional team:&nbsp;<\/strong><\/p>\n\n\n\n<ul class=\"wp-block-list\">\n<li> <strong>Booking: <\/strong><a href=\"mailto:pascal@g-steps.com\" target=\"_blank\" rel=\"noreferrer noopener\">GiantSteps<\/a><\/li>\n\n\n\n<li><strong>Label: <\/strong>Kyudo<\/li>\n\n\n\n<li><strong>Distribution: <\/strong>L&#8217;autre distribution<\/li>\n\n\n\n<li><strong>PR: <\/strong>Simon Veyssi\u00e8re<\/li>\n<\/ul>\n<\/div>\n\n\n\n<div class=\"wp-block-column is-layout-flow wp-block-column-is-layout-flow\" style=\"flex-basis:60%\">\n<h3 class=\"wp-block-heading\" id=\"Ishkero\">Ishkero <\/h3>\n\n\n\n<ul class=\"wp-block-social-links is-layout-flex wp-block-social-links-is-layout-flex\"><li class=\"wp-social-link wp-social-link-facebook  wp-block-social-link\"><a rel=\"noopener noreferrer\" target=\"_blank\" href=\"https:\/\/www.facebook.com\/Ishkero\" class=\"wp-block-social-link-anchor\"><svg width=\"24\" height=\"24\" viewBox=\"0 0 24 24\" version=\"1.1\" xmlns=\"http:\/\/www.w3.org\/2000\/svg\" aria-hidden=\"true\" focusable=\"false\"><path d=\"M12 2C6.5 2 2 6.5 2 12c0 5 3.7 9.1 8.4 9.9v-7H7.9V12h2.5V9.8c0-2.5 1.5-3.9 3.8-3.9 1.1 0 2.2.2 2.2.2v2.5h-1.3c-1.2 0-1.6.8-1.6 1.6V12h2.8l-.4 2.9h-2.3v7C18.3 21.1 22 17 22 12c0-5.5-4.5-10-10-10z\"><\/path><\/svg><span class=\"wp-block-social-link-label screen-reader-text\">Facebook<\/span><\/a><\/li><\/ul>\n\n\n\n<p><strong>\u201cShama\u201d (Kyudo Records, February 2023)&nbsp;<\/strong><\/p>\n\n\n\n<p>By refining their progressive jazz sound, Ishkero have become an essential fixture of the French scene in the space of a few years (winning the ReZZo prize for new talent at the Jazz \u00e0 Vienne festival in 2021, and being named Jazz Migration laureates in 2022). With a communicative energy, Ishkero like to hit hard and devise solos with long epic crescendos. Their rock-inspired energy and lyrical power promise to deliver a memorable festival moment.<\/p>\n\n\n\n<p><strong>Line-up:<\/strong> Adrien Duterte (flute), Victor Gasq (guitar), Arnaud Forestier (keyboards), Antoine Vidal (bass), Tao Ehrlich (drums).<\/p>\n<\/div>\n<\/div>\n\n\n\n<div class=\"wp-block-columns is-layout-flex wp-container-core-columns-is-layout-28f84493 wp-block-columns-is-layout-flex\">\n<div class=\"wp-block-column is-layout-flow wp-block-column-is-layout-flow\" style=\"flex-basis:40%\">\n<figure class=\"wp-block-image size-large is-resized\"><img decoding=\"async\" src=\"https:\/\/cnm.fr\/wp-content\/uploads\/2023\/04\/7-1024x1024.png\" alt=\"\" class=\"wp-image-1346792\" style=\"width:256px;height:256px\" width=\"256\" height=\"256\" \/><figcaption class=\"wp-element-caption\">\u00a9 Sylvain Gripoix<\/figcaption><\/figure>\n\n\n\n<p><strong>Professional team:&nbsp;<\/strong><\/p>\n\n\n\n<ul class=\"wp-block-list\">\n<li><strong>Booking: <\/strong>Anteprima Productions<\/li>\n\n\n\n<li><strong>Label: <\/strong>Laborie Jazz (1<sup>st<\/sup> album)<\/li>\n\n\n\n<li><strong>Distribution: <\/strong>Laborie Jazz (1<sup>st<\/sup> album)<\/li>\n\n\n\n<li><strong>Publishing: <\/strong>Cristal Publishing<\/li>\n<\/ul>\n<\/div>\n\n\n\n<div class=\"wp-block-column is-layout-flow wp-block-column-is-layout-flow\" style=\"flex-basis:60%\">\n<h3 class=\"wp-block-heading\" id=\"Rouge\">Rouge <\/h3>\n\n\n\n<ul class=\"wp-block-social-links is-layout-flex wp-block-social-links-is-layout-flex\"><li class=\"wp-social-link wp-social-link-chain  wp-block-social-link\"><a rel=\"noopener noreferrer\" target=\"_blank\" href=\"https:\/\/www.madeleinecazenave.com\/projets\/rouge\/\" class=\"wp-block-social-link-anchor\"><svg width=\"24\" height=\"24\" viewBox=\"0 0 24 24\" version=\"1.1\" xmlns=\"http:\/\/www.w3.org\/2000\/svg\" aria-hidden=\"true\" focusable=\"false\"><path d=\"M15.6,7.2H14v1.5h1.6c2,0,3.7,1.7,3.7,3.7s-1.7,3.7-3.7,3.7H14v1.5h1.6c2.8,0,5.2-2.3,5.2-5.2,0-2.9-2.3-5.2-5.2-5.2zM4.7,12.4c0-2,1.7-3.7,3.7-3.7H10V7.2H8.4c-2.9,0-5.2,2.3-5.2,5.2,0,2.9,2.3,5.2,5.2,5.2H10v-1.5H8.4c-2,0-3.7-1.7-3.7-3.7zm4.6.9h5.3v-1.5H9.3v1.5z\"><\/path><\/svg><span class=\"wp-block-social-link-label screen-reader-text\">Link<\/span><\/a><\/li><\/ul>\n\n\n\n<p><strong>Derri\u00e8re les paupi\u00e8res (Laborie Jazz, 2021)<\/strong><\/p>\n\n\n\n<p>In the Rouge trio there is a subtle complicity between the strings, supported by a drummer who knows how to elevate the contributions of his bandmates, who play as if they were a single entity. Straddling classical influences and repetitive music, their melodic and colourful compositions blend traditional jazz with highly contemporary atmospheres, while remaining legible and accessible to music lovers of all stripes!<\/p>\n\n\n\n<p><strong>Line-up:&nbsp;<\/strong>Madeleine Cazenave (piano), Sylvain Didou (bass), Boris Louvet (drums).<\/p>\n<\/div>\n<\/div>\n\n\n\n<p><\/p>\n","protected":false},"excerpt":{"rendered":"<p>The Centre national de la musique (CNM) and Jazz sous les pommiers are pleased to join forces to present Jazz Export Days, a unique professional event aimed at highlighting the vitality and diversity of the French jazz scene to international professionals. From May 15 to 17, as part of the 42nd edition of the Jazz [&hellip;]<\/p>\n","protected":false},"author":4,"featured_media":0,"parent":0,"menu_order":0,"comment_status":"closed","ping_status":"closed","template":"english","meta":{"_acf_changed":false,"footnotes":""},"class_list":["post-2008869","page","type-page","status-publish","hentry"],"acf":{"id_programme":"","dates_commissions":null},"yoast_head":"<!-- This site is optimized with the Yoast SEO plugin v27.0 - https:\/\/yoast.com\/product\/yoast-seo-wordpress\/ -->\n<title>Jazz Export Days 2023 - Le CNM : Centre national de la musique<\/title>\n<meta name=\"robots\" content=\"index, follow, max-snippet:-1, max-image-preview:large, max-video-preview:-1\" \/>\n<link rel=\"canonical\" href=\"https:\/\/cnm.fr\/en\/jazz-export-days-2023\/\" \/>\n<meta property=\"og:locale\" content=\"en_US\" \/>\n<meta property=\"og:type\" content=\"article\" \/>\n<meta property=\"og:title\" content=\"Jazz Export Days 2023 - Le CNM : Centre national de la musique\" \/>\n<meta property=\"og:description\" content=\"The Centre national de la musique (CNM) and Jazz sous les pommiers are pleased to join forces to present Jazz Export Days, a unique professional event aimed at highlighting the vitality and diversity of the French jazz scene to international professionals. From May 15 to 17, as part of the 42nd edition of the Jazz [&hellip;]\" \/>\n<meta property=\"og:url\" content=\"https:\/\/cnm.fr\/en\/jazz-export-days-2023\/\" \/>\n<meta property=\"og:site_name\" content=\"Le CNM : Centre national de la musique\" \/>\n<meta property=\"article:publisher\" content=\"https:\/\/www.facebook.com\/LeCentrenationaldelamusique\" \/>\n<meta property=\"article:modified_time\" content=\"2023-09-28T12:27:37+00:00\" \/>\n<meta property=\"og:image\" content=\"https:\/\/cnm.fr\/wp-content\/uploads\/2023\/04\/1-1024x1024.png\" \/>\n<meta name=\"twitter:card\" content=\"summary_large_image\" \/>\n<meta name=\"twitter:site\" content=\"@le_CNM\" \/>\n<meta name=\"twitter:label1\" content=\"Est. reading time\" \/>\n\t<meta name=\"twitter:data1\" content=\"8 minutes\" \/>\n<script type=\"application\/ld+json\" class=\"yoast-schema-graph\">{\"@context\":\"https:\/\/schema.org\",\"@graph\":[{\"@type\":\"WebPage\",\"@id\":\"https:\/\/cnm.fr\/en\/jazz-export-days-2023\/\",\"url\":\"https:\/\/cnm.fr\/en\/jazz-export-days-2023\/\",\"name\":\"Jazz Export Days 2023 - Le CNM : Centre national de la musique\",\"isPartOf\":{\"@id\":\"https:\/\/cnm.fr\/#website\"},\"primaryImageOfPage\":{\"@id\":\"https:\/\/cnm.fr\/en\/jazz-export-days-2023\/#primaryimage\"},\"image\":{\"@id\":\"https:\/\/cnm.fr\/en\/jazz-export-days-2023\/#primaryimage\"},\"thumbnailUrl\":\"https:\/\/cnm.fr\/wp-content\/uploads\/2023\/04\/1-1024x1024.png\",\"datePublished\":\"2023-09-27T17:41:24+00:00\",\"dateModified\":\"2023-09-28T12:27:37+00:00\",\"breadcrumb\":{\"@id\":\"https:\/\/cnm.fr\/en\/jazz-export-days-2023\/#breadcrumb\"},\"inLanguage\":\"en-US\",\"potentialAction\":[{\"@type\":\"ReadAction\",\"target\":[\"https:\/\/cnm.fr\/en\/jazz-export-days-2023\/\"]}]},{\"@type\":\"ImageObject\",\"inLanguage\":\"en-US\",\"@id\":\"https:\/\/cnm.fr\/en\/jazz-export-days-2023\/#primaryimage\",\"url\":\"https:\/\/cnm.fr\/wp-content\/uploads\/2023\/04\/1-1024x1024.png\",\"contentUrl\":\"https:\/\/cnm.fr\/wp-content\/uploads\/2023\/04\/1-1024x1024.png\"},{\"@type\":\"BreadcrumbList\",\"@id\":\"https:\/\/cnm.fr\/en\/jazz-export-days-2023\/#breadcrumb\",\"itemListElement\":[{\"@type\":\"ListItem\",\"position\":1,\"name\":\"CNM\",\"item\":\"https:\/\/cnm.fr\/en\/\"},{\"@type\":\"ListItem\",\"position\":2,\"name\":\"Jazz Export Days 2023\"}]},{\"@type\":\"WebSite\",\"@id\":\"https:\/\/cnm.fr\/#website\",\"url\":\"https:\/\/cnm.fr\/\",\"name\":\"Le CNM : Centre national de la musique\",\"description\":\"\",\"publisher\":{\"@id\":\"https:\/\/cnm.fr\/#organization\"},\"potentialAction\":[{\"@type\":\"SearchAction\",\"target\":{\"@type\":\"EntryPoint\",\"urlTemplate\":\"https:\/\/cnm.fr\/?s={search_term_string}\"},\"query-input\":{\"@type\":\"PropertyValueSpecification\",\"valueRequired\":true,\"valueName\":\"search_term_string\"}}],\"inLanguage\":\"en-US\"},{\"@type\":\"Organization\",\"@id\":\"https:\/\/cnm.fr\/#organization\",\"name\":\"Centre national de la musique\",\"alternateName\":\"CNM\",\"url\":\"https:\/\/cnm.fr\/\",\"logo\":{\"@type\":\"ImageObject\",\"inLanguage\":\"en-US\",\"@id\":\"https:\/\/cnm.fr\/#\/schema\/logo\/image\/\",\"url\":\"https:\/\/cnm.fr\/wp-content\/uploads\/2023\/06\/CNM-logo_rvb-02-1024x470-2.png\",\"contentUrl\":\"https:\/\/cnm.fr\/wp-content\/uploads\/2023\/06\/CNM-logo_rvb-02-1024x470-2.png\",\"width\":784,\"height\":227,\"caption\":\"Centre national de la musique\"},\"image\":{\"@id\":\"https:\/\/cnm.fr\/#\/schema\/logo\/image\/\"},\"sameAs\":[\"https:\/\/www.facebook.com\/LeCentrenationaldelamusique\",\"https:\/\/x.com\/le_CNM\",\"https:\/\/www.linkedin.com\/company\/centrenationaldelamusique\",\"https:\/\/www.instagram.com\/le_cnm\/\"]}]}<\/script>\n<!-- \/ Yoast SEO plugin. -->","yoast_head_json":{"title":"Jazz Export Days 2023 - Le CNM : Centre national de la musique","robots":{"index":"index","follow":"follow","max-snippet":"max-snippet:-1","max-image-preview":"max-image-preview:large","max-video-preview":"max-video-preview:-1"},"canonical":"https:\/\/cnm.fr\/en\/jazz-export-days-2023\/","og_locale":"en_US","og_type":"article","og_title":"Jazz Export Days 2023 - Le CNM : Centre national de la musique","og_description":"The Centre national de la musique (CNM) and Jazz sous les pommiers are pleased to join forces to present Jazz Export Days, a unique professional event aimed at highlighting the vitality and diversity of the French jazz scene to international professionals. From May 15 to 17, as part of the 42nd edition of the Jazz [&hellip;]","og_url":"https:\/\/cnm.fr\/en\/jazz-export-days-2023\/","og_site_name":"Le CNM : Centre national de la musique","article_publisher":"https:\/\/www.facebook.com\/LeCentrenationaldelamusique","article_modified_time":"2023-09-28T12:27:37+00:00","og_image":[{"url":"https:\/\/cnm.fr\/wp-content\/uploads\/2023\/04\/1-1024x1024.png","type":"","width":"","height":""}],"twitter_card":"summary_large_image","twitter_site":"@le_CNM","twitter_misc":{"Est. reading time":"8 minutes"},"schema":{"@context":"https:\/\/schema.org","@graph":[{"@type":"WebPage","@id":"https:\/\/cnm.fr\/en\/jazz-export-days-2023\/","url":"https:\/\/cnm.fr\/en\/jazz-export-days-2023\/","name":"Jazz Export Days 2023 - Le CNM : Centre national de la musique","isPartOf":{"@id":"https:\/\/cnm.fr\/#website"},"primaryImageOfPage":{"@id":"https:\/\/cnm.fr\/en\/jazz-export-days-2023\/#primaryimage"},"image":{"@id":"https:\/\/cnm.fr\/en\/jazz-export-days-2023\/#primaryimage"},"thumbnailUrl":"https:\/\/cnm.fr\/wp-content\/uploads\/2023\/04\/1-1024x1024.png","datePublished":"2023-09-27T17:41:24+00:00","dateModified":"2023-09-28T12:27:37+00:00","breadcrumb":{"@id":"https:\/\/cnm.fr\/en\/jazz-export-days-2023\/#breadcrumb"},"inLanguage":"en-US","potentialAction":[{"@type":"ReadAction","target":["https:\/\/cnm.fr\/en\/jazz-export-days-2023\/"]}]},{"@type":"ImageObject","inLanguage":"en-US","@id":"https:\/\/cnm.fr\/en\/jazz-export-days-2023\/#primaryimage","url":"https:\/\/cnm.fr\/wp-content\/uploads\/2023\/04\/1-1024x1024.png","contentUrl":"https:\/\/cnm.fr\/wp-content\/uploads\/2023\/04\/1-1024x1024.png"},{"@type":"BreadcrumbList","@id":"https:\/\/cnm.fr\/en\/jazz-export-days-2023\/#breadcrumb","itemListElement":[{"@type":"ListItem","position":1,"name":"CNM","item":"https:\/\/cnm.fr\/en\/"},{"@type":"ListItem","position":2,"name":"Jazz Export Days 2023"}]},{"@type":"WebSite","@id":"https:\/\/cnm.fr\/#website","url":"https:\/\/cnm.fr\/","name":"Le CNM : Centre national de la musique","description":"","publisher":{"@id":"https:\/\/cnm.fr\/#organization"},"potentialAction":[{"@type":"SearchAction","target":{"@type":"EntryPoint","urlTemplate":"https:\/\/cnm.fr\/?s={search_term_string}"},"query-input":{"@type":"PropertyValueSpecification","valueRequired":true,"valueName":"search_term_string"}}],"inLanguage":"en-US"},{"@type":"Organization","@id":"https:\/\/cnm.fr\/#organization","name":"Centre national de la musique","alternateName":"CNM","url":"https:\/\/cnm.fr\/","logo":{"@type":"ImageObject","inLanguage":"en-US","@id":"https:\/\/cnm.fr\/#\/schema\/logo\/image\/","url":"https:\/\/cnm.fr\/wp-content\/uploads\/2023\/06\/CNM-logo_rvb-02-1024x470-2.png","contentUrl":"https:\/\/cnm.fr\/wp-content\/uploads\/2023\/06\/CNM-logo_rvb-02-1024x470-2.png","width":784,"height":227,"caption":"Centre national de la musique"},"image":{"@id":"https:\/\/cnm.fr\/#\/schema\/logo\/image\/"},"sameAs":["https:\/\/www.facebook.com\/LeCentrenationaldelamusique","https:\/\/x.com\/le_CNM","https:\/\/www.linkedin.com\/company\/centrenationaldelamusique","https:\/\/www.instagram.com\/le_cnm\/"]}]}},"_links":{"self":[{"href":"https:\/\/cnm.fr\/en\/wp-json\/wp\/v2\/pages\/2008869","targetHints":{"allow":["GET"]}}],"collection":[{"href":"https:\/\/cnm.fr\/en\/wp-json\/wp\/v2\/pages"}],"about":[{"href":"https:\/\/cnm.fr\/en\/wp-json\/wp\/v2\/types\/page"}],"author":[{"embeddable":true,"href":"https:\/\/cnm.fr\/en\/wp-json\/wp\/v2\/users\/4"}],"replies":[{"embeddable":true,"href":"https:\/\/cnm.fr\/en\/wp-json\/wp\/v2\/comments?post=2008869"}],"version-history":[{"count":0,"href":"https:\/\/cnm.fr\/en\/wp-json\/wp\/v2\/pages\/2008869\/revisions"}],"wp:attachment":[{"href":"https:\/\/cnm.fr\/en\/wp-json\/wp\/v2\/media?parent=2008869"}],"curies":[{"name":"wp","href":"https:\/\/api.w.org\/{rel}","templated":true}]}}